{"id":22644,"date":"2019-12-03T14:35:59","date_gmt":"2019-12-03T13:35:59","guid":{"rendered":"https:\/\/europeansnowsport.com\/verbier-ski-school-anpassad-sida-for-oversattning\/"},"modified":"2026-01-05T13:15:38","modified_gmt":"2026-01-05T12:15:38","slug":"verbier-skidskola","status":"publish","type":"page","link":"https:\/\/europeansnowsport.com\/sv\/verbier-skidskola\/","title":{"rendered":"Verbier Skidskola"},"content":{"rendered":"\n<div class=\"wp-block-cover alignfull is-light page-title-area wp-duotone-unset-1\" style=\"min-height:695px;aspect-ratio:unset;\"><img loading=\"lazy\" decoding=\"async\" width=\"2048\" height=\"1254\" class=\"wp-block-cover__image-background wp-image-26997\" alt=\"\" src=\"https:\/\/europeansnowsport.com\/wp-content\/uploads\/New-snow-pic-of-village-10.1.23-scaled.jpg\" style=\"object-position:48% 32%\" data-object-fit=\"cover\" data-object-position=\"48% 32%\" srcset=\"https:\/\/europeansnowsport.com\/wp-content\/uploads\/New-snow-pic-of-village-10.1.23-scaled.jpg 2048w, https:\/\/europeansnowsport.com\/wp-content\/uploads\/New-snow-pic-of-village-10.1.23-300x184.jpg 300w, https:\/\/europeansnowsport.com\/wp-content\/uploads\/New-snow-pic-of-village-10.1.23-1024x627.jpg 1024w, https:\/\/europeansnowsport.com\/wp-content\/uploads\/New-snow-pic-of-village-10.1.23-768x470.jpg 768w, https:\/\/europeansnowsport.com\/wp-content\/uploads\/New-snow-pic-of-village-10.1.23-1536x941.jpg 1536w, https:\/\/europeansnowsport.com\/wp-content\/uploads\/New-snow-pic-of-village-10.1.23-500x306.jpg 500w, https:\/\/europeansnowsport.com\/wp-content\/uploads\/New-snow-pic-of-village-10.1.23-800x490.jpg 800w, https:\/\/europeansnowsport.com\/wp-content\/uploads\/New-snow-pic-of-village-10.1.23-1280x784.jpg 1280w, https:\/\/europeansnowsport.com\/wp-content\/uploads\/New-snow-pic-of-village-10.1.23-1920x1176.jpg 1920w\" sizes=\"auto, (max-width: 2048px) 100vw, 2048px\" \/><span aria-hidden=\"true\" class=\"wp-block-cover__background has-background-dim-20 has-background-dim\"><\/span><div class=\"wp-block-cover__inner-container is-layout-flow wp-block-cover-is-layout-flow\">\n<h1 class=\"wp-block-heading has-text-align-left has-large-font-size\" id=\"h-verbier-skidskola\">Verbier Skidskola<\/h1>\n\n\n\n<div class=\"wp-block-buttons is-layout-flex wp-block-buttons-is-layout-flex\">\n<div class=\"wp-block-button\"><a class=\"wp-block-button__link wp-element-button\" href=\"https:\/\/europeansnowsport.com\/sv\/kontakta-european-snowsport\/\">Priser och bokning<\/a><\/div>\n\n\n\n<div class=\"wp-block-button ghost-button-light\"><a class=\"wp-block-button__link wp-element-button\" href=\"https:\/\/europeansnowsport.com\/sv\/kontakta-european-snowsport\/\">Kontakta oss<\/a><\/div>\n<\/div>\n\n\n\n<p><\/p>\n<\/div><\/div>\n\n\n\n<div class=\"wp-block-group es-panel intro-panel\"><div class=\"wp-block-group__inner-container is-layout-constrained wp-block-group-is-layout-constrained\">\n<div class=\"wp-block-group two-thirds first\"><div class=\"wp-block-group__inner-container is-layout-constrained wp-block-group-is-layout-constrained\">\n<h2 class=\"wp-block-heading\" id=\"h-privata-skidlektioner-och-lektioner-for-barn-fran-den-ledande-internationella-skidskolan\">Privata skidlektioner och lektioner f\u00f6r barn fr\u00e5n den ledande internationella skidskolan.<\/h2>\n\n\n\n<p>European Snowsport Verbier Skidskola \u00e4r Verbiers ledande, f\u00f6rstklassiga, internationella skidskola. Vi kompromissar inte med n\u00e5got f\u00f6r att ge dig de b\u00e4sta skid- eller snowboardlektionerna med trevliga, talangfulla och extremt kunniga instrukt\u00f6rer. V\u00e5r m\u00e5ls\u00e4ttning \u00e4r att ge dig privatlektioner p\u00e5 ditt eget spr\u00e5k.<\/p>\n\n\n\n<p>Scrolla ner f\u00f6r att l\u00e4sa om v\u00e5ra skid- och snowboardlektioner eller ring oss p\u00e5&nbsp;<a href=\"tel:+41277716222\">+41 27 565 3233<\/a>&nbsp;f\u00f6r att diskutera dina \u00f6nskem\u00e5l.<\/p>\n<\/div><\/div>\n\n\n\n<figure class=\"wp-block-image size-full one-third\"><img loading=\"lazy\" decoding=\"async\" width=\"1000\" height=\"1000\" src=\"https:\/\/europeansnowsport.com\/wp-content\/uploads\/televerbier-le-chable-gondola-1000x1000-1.jpg\" alt=\"\" class=\"wp-image-27018\" srcset=\"https:\/\/europeansnowsport.com\/wp-content\/uploads\/televerbier-le-chable-gondola-1000x1000-1.jpg 1000w, https:\/\/europeansnowsport.com\/wp-content\/uploads\/televerbier-le-chable-gondola-1000x1000-1-300x300.jpg 300w, https:\/\/europeansnowsport.com\/wp-content\/uploads\/televerbier-le-chable-gondola-1000x1000-1-150x150.jpg 150w, https:\/\/europeansnowsport.com\/wp-content\/uploads\/televerbier-le-chable-gondola-1000x1000-1-768x768.jpg 768w, https:\/\/europeansnowsport.com\/wp-content\/uploads\/televerbier-le-chable-gondola-1000x1000-1-500x500.jpg 500w, https:\/\/europeansnowsport.com\/wp-content\/uploads\/televerbier-le-chable-gondola-1000x1000-1-800x800.jpg 800w, https:\/\/europeansnowsport.com\/wp-content\/uploads\/televerbier-le-chable-gondola-1000x1000-1-75x75.jpg 75w, https:\/\/europeansnowsport.com\/wp-content\/uploads\/televerbier-le-chable-gondola-1000x1000-1-600x600.jpg 600w\" sizes=\"auto, (max-width: 1000px) 100vw, 1000px\" \/><\/figure>\n<\/div><\/div>\n\n\n\n<div class=\"wp-block-group\"><div class=\"wp-block-group__inner-container is-layout-constrained wp-block-group-is-layout-constrained\">\n<h2 class=\"wp-block-heading\">Privata skid- och snowboardlektioner<\/h2>\n\n\n\n<div class=\"wp-block-columns es-panel-container is-layout-flex wp-container-core-columns-is-layout-9d6595d7 wp-block-columns-is-layout-flex\">\n<div class=\"wp-block-column es-panel is-layout-flow wp-block-column-is-layout-flow\" style=\"flex-basis:33.34%\">\n<figure class=\"wp-block-image size-full\"><img loading=\"lazy\" decoding=\"async\" width=\"700\" height=\"363\" src=\"https:\/\/europeansnowsport.com\/wp-content\/uploads\/Mattia-smiling-700x363-1.jpg\" alt=\"\" class=\"wp-image-28542\" srcset=\"https:\/\/europeansnowsport.com\/wp-content\/uploads\/Mattia-smiling-700x363-1.jpg 700w, https:\/\/europeansnowsport.com\/wp-content\/uploads\/Mattia-smiling-700x363-1-300x156.jpg 300w, https:\/\/europeansnowsport.com\/wp-content\/uploads\/Mattia-smiling-700x363-1-500x259.jpg 500w\" sizes=\"auto, (max-width: 700px) 100vw, 700px\" \/><\/figure>\n\n\n\n<h3 class=\"wp-block-heading\" id=\"h-prive-skilessen\">Privata skidlektioner<\/h3>\n\n\n\n<p>Personlig, skr\u00e4ddarsydd undervisning p\u00e5 dina villkor, antingen ensam eller tillsammans med dina v\u00e4nner. B\u00f6rja n\u00e4r och d\u00e4r du vill, och p\u00e5 valfri niv\u00e5, v\u00e5ra v\u00e4nliga och kvalificerade instrukt\u00f6rer med bred lokalk\u00e4nnedom s\u00e4kerst\u00e4ller att du f\u00e5r en h\u00e4rlig tid. Oavsett om du vill ha en tekniklektion eller bara en rundtur s\u00e5 tr\u00e4ffas vi g\u00e4rna kv\u00e4llen innan f\u00f6r en genomg\u00e5ng.<\/p>\n<\/div>\n\n\n\n<div class=\"wp-block-column es-panel is-layout-flow wp-block-column-is-layout-flow\" style=\"flex-basis:33.34%\">\n<figure class=\"wp-block-image size-full\"><img loading=\"lazy\" decoding=\"async\" width=\"1000\" height=\"518\" src=\"https:\/\/europeansnowsport.com\/wp-content\/uploads\/Private-Snowboard-Lessons-Janet.jpg\" alt=\"\" class=\"wp-image-27186\" srcset=\"https:\/\/europeansnowsport.com\/wp-content\/uploads\/Private-Snowboard-Lessons-Janet.jpg 1000w, https:\/\/europeansnowsport.com\/wp-content\/uploads\/Private-Snowboard-Lessons-Janet-300x155.jpg 300w, https:\/\/europeansnowsport.com\/wp-content\/uploads\/Private-Snowboard-Lessons-Janet-768x398.jpg 768w, https:\/\/europeansnowsport.com\/wp-content\/uploads\/Private-Snowboard-Lessons-Janet-500x259.jpg 500w, https:\/\/europeansnowsport.com\/wp-content\/uploads\/Private-Snowboard-Lessons-Janet-800x414.jpg 800w\" sizes=\"auto, (max-width: 1000px) 100vw, 1000px\" \/><\/figure>\n\n\n\n<h3 class=\"wp-block-heading\" id=\"h-prive-snowboardlessen\">Privata snowboard-lektioner<\/h3>\n\n\n\n<p>Oavsett om du \u00e4r nyb\u00f6rjare p\u00e5 snowboard och vill klara dina f\u00f6rsta sv\u00e4ngar eller en avancerad \u00e5kare, redo att kliva in i sn\u00f6parken eller uppleva den legendariska vildmarken, s\u00e5 ser du genom att ta en lektion med en av v\u00e5ra duktiga och erfarna snowboardinstrukt\u00f6rer till att h\u00f6ja din snowboardf\u00f6rm\u00e5ga och maximera din upplevelse.<\/p>\n\n\n\n<p><\/p>\n<\/div>\n\n\n\n<div class=\"wp-block-column es-panel is-layout-flow wp-block-column-is-layout-flow\" style=\"flex-basis:33.33%\">\n<figure class=\"wp-block-image size-full\"><img loading=\"lazy\" decoding=\"async\" width=\"1000\" height=\"518\" src=\"https:\/\/europeansnowsport.com\/wp-content\/uploads\/New-snow-1000x518-1.jpg\" alt=\"\" class=\"wp-image-28684\" srcset=\"https:\/\/europeansnowsport.com\/wp-content\/uploads\/New-snow-1000x518-1.jpg 1000w, https:\/\/europeansnowsport.com\/wp-content\/uploads\/New-snow-1000x518-1-300x155.jpg 300w, https:\/\/europeansnowsport.com\/wp-content\/uploads\/New-snow-1000x518-1-768x398.jpg 768w, https:\/\/europeansnowsport.com\/wp-content\/uploads\/New-snow-1000x518-1-500x259.jpg 500w, https:\/\/europeansnowsport.com\/wp-content\/uploads\/New-snow-1000x518-1-800x414.jpg 800w\" sizes=\"auto, (max-width: 1000px) 100vw, 1000px\" \/><\/figure>\n\n\n\n<h3 class=\"wp-block-heading\" id=\"h-offpiste-skilessen\">Offpist-lektioner<\/h3>\n\n\n\n<p>Om du vill hitta den finaste sn\u00f6n och de b\u00e4sta f\u00f6rh\u00e5llandena, prova p\u00e5 att \u00e5ka med en av v\u00e5ra offpist-kvalificerade instrukt\u00f6rer. De \u00e4r specialiserade p\u00e5 att hj\u00e4lpa dig hitta den b\u00e4sta terr\u00e4ngen och de b\u00e4sta sn\u00f6f\u00f6rh\u00e5llandena. Dessa skidortsexperter kan \u00e4ven l\u00e4ra dig att anv\u00e4nda den utrustning du beh\u00f6ver f\u00f6r att \u00e5ka offpist s\u00e4kert och med sj\u00e4lvf\u00f6rtroende. Du kan f\u00f6rb\u00e4ttra din teknik i varierande terr\u00e4ng och sn\u00f6f\u00f6rh\u00e5llanden samtidigt som du utforskar nya omr\u00e5den p\u00e5 skidorten.<\/p>\n<\/div>\n<\/div>\n<\/div><\/div>\n\n\n\n<div class=\"wp-block-group\"><div class=\"wp-block-group__inner-container is-layout-constrained wp-block-group-is-layout-constrained\">\n<div class=\"wp-block-buttons big-buttons is-layout-flex wp-block-buttons-is-layout-flex\">\n<div class=\"wp-block-button\"><a class=\"wp-block-button__link wp-element-button\" href=\"https:\/\/europeansnowsport.com\/sv\/kontakta-european-snowsport\/\">Kontakta oss<\/a><\/div>\n<\/div>\n<\/div><\/div>\n\n\n\n<div class=\"wp-block-group alignfull something-different-container\"><div class=\"wp-block-group__inner-container is-layout-constrained wp-block-group-is-layout-constrained\">\n<h2 class=\"wp-block-heading\">Varf\u00f6r European Snowsport<\/h2>\n\n\n\n<div class=\"wp-block-columns something-different first-row is-layout-flex wp-container-core-columns-is-layout-9d6595d7 wp-block-columns-is-layout-flex\">\n<div class=\"wp-block-column es-panel is-layout-flow wp-block-column-is-layout-flow\" style=\"flex-basis:50%\">\n<div class=\"wp-block-columns is-layout-flex wp-container-core-columns-is-layout-9d6595d7 wp-block-columns-is-layout-flex\">\n<div class=\"wp-block-column is-layout-flow wp-block-column-is-layout-flow\" style=\"flex-basis:28%\">\n<figure class=\"wp-block-image size-full\"><img loading=\"lazy\" decoding=\"async\" width=\"500\" height=\"500\" src=\"https:\/\/europeansnowsport.com\/wp-content\/uploads\/Chloe-ski-instructor-carving-500w.jpg\" alt=\"Safe, experienced, qualified ski instructors with European Snowsport\" class=\"wp-image-27520\" srcset=\"https:\/\/europeansnowsport.com\/wp-content\/uploads\/Chloe-ski-instructor-carving-500w.jpg 500w, https:\/\/europeansnowsport.com\/wp-content\/uploads\/Chloe-ski-instructor-carving-500w-300x300.jpg 300w, https:\/\/europeansnowsport.com\/wp-content\/uploads\/Chloe-ski-instructor-carving-500w-150x150.jpg 150w, https:\/\/europeansnowsport.com\/wp-content\/uploads\/Chloe-ski-instructor-carving-500w-75x75.jpg 75w\" sizes=\"auto, (max-width: 500px) 100vw, 500px\" \/><\/figure>\n<\/div>\n\n\n\n<div class=\"wp-block-column button-padding is-layout-flow wp-block-column-is-layout-flow\" style=\"flex-basis:72%\">\n<h3 class=\"wp-block-heading\">Instrukt\u00f6rer som kommer till dig<\/h3>\n\n\n\n<p>Det \u00e4r v\u00e5ra intrukt\u00f6rers uppgift att se till att du verkligen njuter av din semester, b\u00e5de i och utanf\u00f6r backarna, och att du f\u00e5r ut det mesta av er tid tillsammans. De m\u00f6ter g\u00e4rna upp i din stuga eller p\u00e5 ditt hotell innan lektionerna b\u00f6rjar f\u00f6r att diskutera exakt vad det \u00e4r du vill ha och f\u00f6rv\u00e4ntar dig och f\u00f6r att dela med sig av den stora kunskap de har om skidorten.<\/p>\n<\/div>\n<\/div>\n<\/div>\n\n\n\n<div class=\"wp-block-column es-panel is-layout-flow wp-block-column-is-layout-flow\" style=\"flex-basis:50%\">\n<div class=\"wp-block-columns is-layout-flex wp-container-core-columns-is-layout-9d6595d7 wp-block-columns-is-layout-flex\">\n<div class=\"wp-block-column is-layout-flow wp-block-column-is-layout-flow\" style=\"flex-basis:28%\">\n<figure class=\"wp-block-image size-full\"><img loading=\"lazy\" decoding=\"async\" width=\"500\" height=\"500\" src=\"https:\/\/europeansnowsport.com\/wp-content\/uploads\/Two-ski-instructors-500w.jpg\" alt=\"Empowering, supportive, fun ski instructors with European Snowsport\" class=\"wp-image-27544\" srcset=\"https:\/\/europeansnowsport.com\/wp-content\/uploads\/Two-ski-instructors-500w.jpg 500w, https:\/\/europeansnowsport.com\/wp-content\/uploads\/Two-ski-instructors-500w-300x300.jpg 300w, https:\/\/europeansnowsport.com\/wp-content\/uploads\/Two-ski-instructors-500w-150x150.jpg 150w, https:\/\/europeansnowsport.com\/wp-content\/uploads\/Two-ski-instructors-500w-75x75.jpg 75w\" sizes=\"auto, (max-width: 500px) 100vw, 500px\" \/><\/figure>\n<\/div>\n\n\n\n<div class=\"wp-block-column button-padding is-layout-flow wp-block-column-is-layout-flow\" style=\"flex-basis:72%\">\n<h3 class=\"wp-block-heading\">Roliga och trevliga instrukt\u00f6rer<\/h3>\n\n\n\n<p>V\u00e5ra flerspr\u00e5kiga instrukt\u00f6rer v\u00e4ljs noggrant ut inte bara f\u00f6r sina utm\u00e4rkta kvalifikationer, utan ocks\u00e5 f\u00f6r sin v\u00e4nlighet och anpassningsf\u00f6rm\u00e5ga. De \u00e4r \u201ddin\u201d instrukt\u00f6r under din vistelse h\u00e4r p\u00e5 skidorten. Vi utbildar dem intensivt enligt v\u00e5ra egna standarder s\u00e5 att din semester blir b\u00e5de rolig och v\u00e4rdefull, och de efterfr\u00e5gas av \u00e5terv\u00e4ndande g\u00e4ster \u00e5r efter \u00e5r.<\/p>\n<\/div>\n<\/div>\n<\/div>\n<\/div>\n\n\n\n<div class=\"wp-block-columns something-different second-row is-layout-flex wp-container-core-columns-is-layout-9d6595d7 wp-block-columns-is-layout-flex\">\n<div class=\"wp-block-column es-panel is-layout-flow wp-block-column-is-layout-flow\" style=\"flex-basis:50%\">\n<div class=\"wp-block-columns is-layout-flex wp-container-core-columns-is-layout-9d6595d7 wp-block-columns-is-layout-flex\">\n<div class=\"wp-block-column is-layout-flow wp-block-column-is-layout-flow\" style=\"flex-basis:28%\">\n<figure class=\"wp-block-image size-full\"><img loading=\"lazy\" decoding=\"async\" width=\"500\" height=\"500\" src=\"https:\/\/europeansnowsport.com\/wp-content\/uploads\/televerbier-le-chable-gondola-cropped-500w.jpg\" alt=\"Smooth, stress-free, flexible ski lessons with European Snowsport\" class=\"wp-image-27528\" srcset=\"https:\/\/europeansnowsport.com\/wp-content\/uploads\/televerbier-le-chable-gondola-cropped-500w.jpg 500w, https:\/\/europeansnowsport.com\/wp-content\/uploads\/televerbier-le-chable-gondola-cropped-500w-300x300.jpg 300w, https:\/\/europeansnowsport.com\/wp-content\/uploads\/televerbier-le-chable-gondola-cropped-500w-150x150.jpg 150w, https:\/\/europeansnowsport.com\/wp-content\/uploads\/televerbier-le-chable-gondola-cropped-500w-75x75.jpg 75w\" sizes=\"auto, (max-width: 500px) 100vw, 500px\" \/><\/figure>\n<\/div>\n\n\n\n<div class=\"wp-block-column button-padding is-layout-flow wp-block-column-is-layout-flow\" style=\"flex-basis:72%\">\n<h3 class=\"wp-block-heading\">Lokal-k\u00e4nnedom<\/h3>\n\n\n\n<p><strong>European Snowsports<\/strong> instrukt\u00f6rer k\u00e4nner bergen utan och innan vilket hj\u00e4lper dig att uppleva de b\u00e4sta \u00e5ken och f\u00f6rh\u00e5llanden dag efter dag. De har \u00e4ven v\u00e4rdefull lokalk\u00e4nnedom och kan tipsa om de allra b\u00e4sta barerna, restaurangerna eller n\u00f6jena n\u00e4r v\u00e4l skid- och snowboardutrustningen f\u00e5r vila.<\/p>\n<\/div>\n<\/div>\n<\/div>\n\n\n\n<div class=\"wp-block-column is-layout-flow wp-block-column-is-layout-flow\" style=\"flex-basis:50%\">\n<div class=\"wp-block-columns is-layout-flex wp-container-core-columns-is-layout-9d6595d7 wp-block-columns-is-layout-flex\">\n<div class=\"wp-block-column is-layout-flow wp-block-column-is-layout-flow\" style=\"flex-basis:28%\"><\/div>\n\n\n\n<div class=\"wp-block-column button-padding is-layout-flow wp-block-column-is-layout-flow\" style=\"flex-basis:72%\"><\/div>\n<\/div>\n<\/div>\n<\/div>\n<\/div><\/div>\n\n\n\n<h2 class=\"wp-block-heading\" id=\"h-traffa-vara-skidinstruktorer-i-verbier\">Tr\u00e4ffa v\u00e5ra skidinstrukt\u00f6rer i Verbier<\/h2>\n\n\n\n<div class=\"wp-block-group alignfull\"><div class=\"wp-block-group__inner-container is-layout-constrained wp-block-group-is-layout-constrained\">\n<p>Vi \u00e4r stolta att kunna erbjuda privata skidlektioner och barnklasser med de mest professionella, trevliga och kunniga instrukt\u00f6rerna i branschen. Vi g\u00f6r vad som kr\u00e4vs f\u00f6r att hitta, utbilda och utveckla personer som \u00e4lskar att l\u00e4ra ut och som vill dela sina kunskaper med dig. F\u00f6r att diskutera dina \u00f6nskem\u00e5l, h\u00f6r av dig eller ring +41 27 771 6222.<\/p>\n<\/div><\/div>\n\n\n\n<div class=\"wp-block-group alignfull instructors-list instructors-short-list\"><div class=\"wp-block-group__inner-container is-layout-constrained wp-block-group-is-layout-constrained\"><div class=\"lps-block-preview\"><section class=\"latest-post-selection four-columns as-column has-shadow hover-zoom content-center light ver2\" id=\"lps-8660ec07c24060c0a1804aa66d18e762\" style=\" --default-tile-height: 15rem; --tablet-tile-height: 15rem; --mobile-tile-height: 15rem; --article-size-title: 16px;\" role=\"list\"><article class=\"post-37439 ski_instructor type-ski_instructor status-publish has-post-thumbnail ski_resorts-verbier entry has-link\" data-lps-id=\"37439\" role=\"listitem\"><figure class=\"article__image\"><img decoding=\"async\" src=\"https:\/\/europeansnowsport.com\/wp-content\/uploads\/agnes-b-225x300.jpeg\" class=\"lps-tile-main-image lps-custom-medium\" loading=\"lazy\" alt=\"Agnes B\u00e4ckstr\u00f6m\" width=\"225\" height=\"300\" srcset=\"https:\/\/europeansnowsport.com\/wp-content\/uploads\/agnes-b-225x300.jpeg 225w, https:\/\/europeansnowsport.com\/wp-content\/uploads\/agnes-b-768x1024.jpeg 768w, https:\/\/europeansnowsport.com\/wp-content\/uploads\/agnes-b-1152x1536.jpeg 1152w, https:\/\/europeansnowsport.com\/wp-content\/uploads\/agnes-b-500x667.jpeg 500w, https:\/\/europeansnowsport.com\/wp-content\/uploads\/agnes-b-800x1067.jpeg 800w, https:\/\/europeansnowsport.com\/wp-content\/uploads\/agnes-b.jpeg 1200w\"><\/figure><div class=\"article__info\"><h3 class=\"article__title item-title-tag\"><a href=\"https:\/\/europeansnowsport.com\/sv\/ski_instructor\/agnes-backstrom\/\" title=\"Agnes B\u00e4ckstr\u00f6m\" class=\"article__link main-link\">Agnes B\u00e4ckstr\u00f6m<\/a><\/h3><\/div><\/article><article class=\"post-37591 ski_instructor type-ski_instructor status-publish has-post-thumbnail ski_resorts-verbier entry has-link\" data-lps-id=\"37591\" role=\"listitem\"><figure class=\"article__image\"><img decoding=\"async\" src=\"https:\/\/europeansnowsport.com\/wp-content\/uploads\/Annika-R-225x300.jpeg\" class=\"lps-tile-main-image lps-custom-medium\" loading=\"lazy\" alt=\"Annika Runstr\u00f6m\" width=\"225\" height=\"300\" srcset=\"https:\/\/europeansnowsport.com\/wp-content\/uploads\/Annika-R-225x300.jpeg 225w, https:\/\/europeansnowsport.com\/wp-content\/uploads\/Annika-R-768x1024.jpeg 768w, https:\/\/europeansnowsport.com\/wp-content\/uploads\/Annika-R-1152x1536.jpeg 1152w, https:\/\/europeansnowsport.com\/wp-content\/uploads\/Annika-R-500x667.jpeg 500w, https:\/\/europeansnowsport.com\/wp-content\/uploads\/Annika-R-800x1067.jpeg 800w, https:\/\/europeansnowsport.com\/wp-content\/uploads\/Annika-R.jpeg 1200w\"><\/figure><div class=\"article__info\"><h3 class=\"article__title item-title-tag\"><a href=\"https:\/\/europeansnowsport.com\/sv\/ski_instructor\/annika-runstrom\/\" title=\"Annika Runstr\u00f6m\" class=\"article__link main-link\">Annika Runstr\u00f6m<\/a><\/h3><\/div><\/article><article class=\"post-13543 ski_instructor type-ski_instructor status-publish has-post-thumbnail ski_resorts-verbier entry has-link\" data-lps-id=\"13543\" role=\"listitem\"><figure class=\"article__image\"><img decoding=\"async\" src=\"https:\/\/europeansnowsport.com\/wp-content\/uploads\/\/full-size-29-1-200x300.jpg\" class=\"lps-tile-main-image lps-custom-medium\" loading=\"lazy\" alt=\"Anthony Voute\" width=\"200\" height=\"300\" srcset=\"https:\/\/europeansnowsport.com\/wp-content\/uploads\/\/full-size-29-1-200x300.jpg 200w, https:\/\/europeansnowsport.com\/wp-content\/uploads\/\/full-size-29-1-683x1024.jpg 683w, https:\/\/europeansnowsport.com\/wp-content\/uploads\/\/full-size-29-1-768x1152.jpg 768w, https:\/\/europeansnowsport.com\/wp-content\/uploads\/\/full-size-29-1-1024x1536.jpg 1024w, https:\/\/europeansnowsport.com\/wp-content\/uploads\/\/full-size-29-1.jpg 1365w, https:\/\/europeansnowsport.com\/wp-content\/uploads\/\/full-size-29-1-1100x1650.jpg 1100w\"><\/figure><div class=\"article__info\"><h3 class=\"article__title item-title-tag\"><a href=\"https:\/\/europeansnowsport.com\/sv\/ski_instructor\/anthony-voute\/\" title=\"Anthony Voute\" class=\"article__link main-link\">Anthony Voute<\/a><\/h3><\/div><\/article><article class=\"post-25418 ski_instructor type-ski_instructor status-publish has-post-thumbnail ski_resorts-verbier entry has-link\" data-lps-id=\"25418\" role=\"listitem\"><figure class=\"article__image\"><img decoding=\"async\" src=\"https:\/\/europeansnowsport.com\/wp-content\/uploads\/Team-Headshots-07-scaled-e1710340866932-300x209.jpg\" class=\"lps-tile-main-image lps-custom-medium\" loading=\"lazy\" alt=\"Arthur Potokar\" width=\"300\" height=\"209\" srcset=\"https:\/\/europeansnowsport.com\/wp-content\/uploads\/Team-Headshots-07-scaled-e1710340866932-300x209.jpg 300w, https:\/\/europeansnowsport.com\/wp-content\/uploads\/Team-Headshots-07-scaled-e1710340866932-1024x713.jpg 1024w, https:\/\/europeansnowsport.com\/wp-content\/uploads\/Team-Headshots-07-scaled-e1710340866932-768x535.jpg 768w, https:\/\/europeansnowsport.com\/wp-content\/uploads\/Team-Headshots-07-scaled-e1710340866932-1536x1070.jpg 1536w, https:\/\/europeansnowsport.com\/wp-content\/uploads\/Team-Headshots-07-scaled-e1710340866932-500x348.jpg 500w, https:\/\/europeansnowsport.com\/wp-content\/uploads\/Team-Headshots-07-scaled-e1710340866932-800x557.jpg 800w, https:\/\/europeansnowsport.com\/wp-content\/uploads\/Team-Headshots-07-scaled-e1710340866932-1280x892.jpg 1280w, https:\/\/europeansnowsport.com\/wp-content\/uploads\/Team-Headshots-07-scaled-e1710340866932.jpg 1832w\"><\/figure><div class=\"article__info\"><h3 class=\"article__title item-title-tag\"><a href=\"https:\/\/europeansnowsport.com\/sv\/ski_instructor\/arthur-potokar\/\" title=\"Arthur Potokar\" class=\"article__link main-link\">Arthur Potokar<\/a><\/h3><\/div><\/article><article class=\"post-33570 ski_instructor type-ski_instructor status-publish has-post-thumbnail ski_resorts-verbier entry has-link\" data-lps-id=\"33570\" role=\"listitem\"><figure class=\"article__image\"><img decoding=\"async\" src=\"https:\/\/europeansnowsport.com\/wp-content\/uploads\/Asa-clavbo--200x300.jpg\" class=\"lps-tile-main-image lps-custom-medium\" loading=\"lazy\" alt=\"Asa Clavbo Pettersson\" width=\"200\" height=\"300\" srcset=\"https:\/\/europeansnowsport.com\/wp-content\/uploads\/Asa-clavbo--200x300.jpg 200w, https:\/\/europeansnowsport.com\/wp-content\/uploads\/Asa-clavbo--683x1024.jpg 683w, https:\/\/europeansnowsport.com\/wp-content\/uploads\/Asa-clavbo--768x1152.jpg 768w, https:\/\/europeansnowsport.com\/wp-content\/uploads\/Asa-clavbo--1024x1536.jpg 1024w, https:\/\/europeansnowsport.com\/wp-content\/uploads\/Asa-clavbo--scaled.jpg 1365w, https:\/\/europeansnowsport.com\/wp-content\/uploads\/Asa-clavbo--500x750.jpg 500w, https:\/\/europeansnowsport.com\/wp-content\/uploads\/Asa-clavbo--800x1200.jpg 800w, https:\/\/europeansnowsport.com\/wp-content\/uploads\/Asa-clavbo--1280x1920.jpg 1280w, https:\/\/europeansnowsport.com\/wp-content\/uploads\/Asa-clavbo--1920x2880.jpg 1920w\"><\/figure><div class=\"article__info\"><h3 class=\"article__title item-title-tag\"><a href=\"https:\/\/europeansnowsport.com\/sv\/ski_instructor\/asa-clavbo-pettersson\/\" title=\"Asa Clavbo Pettersson\" class=\"article__link main-link\">Asa Clavbo Pettersson<\/a><\/h3><\/div><\/article><article class=\"post-33549 ski_instructor type-ski_instructor status-publish has-post-thumbnail ski_resorts-verbier entry has-link\" data-lps-id=\"33549\" role=\"listitem\"><figure class=\"article__image\"><img decoding=\"async\" src=\"https:\/\/europeansnowsport.com\/wp-content\/uploads\/Audrey-Depuydt-scaled-e1734603597330-256x300.jpg\" class=\"lps-tile-main-image lps-custom-medium\" loading=\"lazy\" alt=\"Audrey Depuydt\" width=\"256\" height=\"300\" srcset=\"https:\/\/europeansnowsport.com\/wp-content\/uploads\/Audrey-Depuydt-scaled-e1734603597330-256x300.jpg 256w, https:\/\/europeansnowsport.com\/wp-content\/uploads\/Audrey-Depuydt-scaled-e1734603597330-875x1024.jpg 875w, https:\/\/europeansnowsport.com\/wp-content\/uploads\/Audrey-Depuydt-scaled-e1734603597330-768x899.jpg 768w, https:\/\/europeansnowsport.com\/wp-content\/uploads\/Audrey-Depuydt-scaled-e1734603597330-1313x1536.jpg 1313w, https:\/\/europeansnowsport.com\/wp-content\/uploads\/Audrey-Depuydt-scaled-e1734603597330-500x585.jpg 500w, https:\/\/europeansnowsport.com\/wp-content\/uploads\/Audrey-Depuydt-scaled-e1734603597330-800x936.jpg 800w, https:\/\/europeansnowsport.com\/wp-content\/uploads\/Audrey-Depuydt-scaled-e1734603597330-1280x1498.jpg 1280w, https:\/\/europeansnowsport.com\/wp-content\/uploads\/Audrey-Depuydt-scaled-e1734603597330.jpg 1365w\"><\/figure><div class=\"article__info\"><h3 class=\"article__title item-title-tag\"><a href=\"https:\/\/europeansnowsport.com\/sv\/ski_instructor\/audrey-depuydt\/\" title=\"Audrey Depuydt\" class=\"article__link main-link\">Audrey Depuydt<\/a><\/h3><\/div><\/article><article class=\"post-32755 ski_instructor type-ski_instructor status-publish has-post-thumbnail ski_resorts-verbier entry has-link\" data-lps-id=\"32755\" role=\"listitem\"><figure class=\"article__image\"><img decoding=\"async\" src=\"https:\/\/europeansnowsport.com\/wp-content\/uploads\/August-Back-300x200.jpg\" class=\"lps-tile-main-image lps-custom-medium\" loading=\"lazy\" alt=\"August Blanco Back\" width=\"300\" height=\"200\" srcset=\"https:\/\/europeansnowsport.com\/wp-content\/uploads\/August-Back-300x200.jpg 300w, https:\/\/europeansnowsport.com\/wp-content\/uploads\/August-Back-1024x684.jpg 1024w, https:\/\/europeansnowsport.com\/wp-content\/uploads\/August-Back-768x513.jpg 768w, https:\/\/europeansnowsport.com\/wp-content\/uploads\/August-Back-1536x1026.jpg 1536w, https:\/\/europeansnowsport.com\/wp-content\/uploads\/August-Back-scaled.jpg 2048w, https:\/\/europeansnowsport.com\/wp-content\/uploads\/August-Back-500x334.jpg 500w, https:\/\/europeansnowsport.com\/wp-content\/uploads\/August-Back-800x534.jpg 800w, https:\/\/europeansnowsport.com\/wp-content\/uploads\/August-Back-1280x855.jpg 1280w, https:\/\/europeansnowsport.com\/wp-content\/uploads\/August-Back-1920x1282.jpg 1920w, https:\/\/europeansnowsport.com\/wp-content\/uploads\/August-Back-600x400.jpg 600w\"><\/figure><div class=\"article__info\"><h3 class=\"article__title item-title-tag\"><a href=\"https:\/\/europeansnowsport.com\/sv\/ski_instructor\/august-blanco-back\/\" title=\"August Blanco Back\" class=\"article__link main-link\">August Blanco Back<\/a><\/h3><\/div><\/article><article class=\"post-33344 ski_instructor type-ski_instructor status-publish has-post-thumbnail ski_resorts-verbier entry has-link\" data-lps-id=\"33344\" role=\"listitem\"><figure class=\"article__image\"><img decoding=\"async\" src=\"https:\/\/europeansnowsport.com\/wp-content\/uploads\/Aurelie-garcin--scaled-e1734602369915-229x300.jpg\" class=\"lps-tile-main-image lps-custom-medium\" loading=\"lazy\" alt=\"Aur\u00e9lie Garcin\" width=\"229\" height=\"300\" srcset=\"https:\/\/europeansnowsport.com\/wp-content\/uploads\/Aurelie-garcin--scaled-e1734602369915-229x300.jpg 229w, https:\/\/europeansnowsport.com\/wp-content\/uploads\/Aurelie-garcin--scaled-e1734602369915-783x1024.jpg 783w, https:\/\/europeansnowsport.com\/wp-content\/uploads\/Aurelie-garcin--scaled-e1734602369915-768x1004.jpg 768w, https:\/\/europeansnowsport.com\/wp-content\/uploads\/Aurelie-garcin--scaled-e1734602369915-1175x1536.jpg 1175w, https:\/\/europeansnowsport.com\/wp-content\/uploads\/Aurelie-garcin--scaled-e1734602369915-500x654.jpg 500w, https:\/\/europeansnowsport.com\/wp-content\/uploads\/Aurelie-garcin--scaled-e1734602369915-800x1046.jpg 800w, https:\/\/europeansnowsport.com\/wp-content\/uploads\/Aurelie-garcin--scaled-e1734602369915-1280x1674.jpg 1280w, https:\/\/europeansnowsport.com\/wp-content\/uploads\/Aurelie-garcin--scaled-e1734602369915.jpg 1365w\"><\/figure><div class=\"article__info\"><h3 class=\"article__title item-title-tag\"><a href=\"https:\/\/europeansnowsport.com\/sv\/ski_instructor\/aurelie-garcin\/\" title=\"Aur\u00e9lie Garcin\" class=\"article__link main-link\">Aur\u00e9lie Garcin<\/a><\/h3><\/div><\/article><article class=\"post-33382 ski_instructor type-ski_instructor status-publish has-post-thumbnail ski_resorts-verbier entry has-link\" data-lps-id=\"33382\" role=\"listitem\"><figure class=\"article__image\"><img decoding=\"async\" src=\"https:\/\/europeansnowsport.com\/wp-content\/uploads\/Ben-Levert--200x300.jpg\" class=\"lps-tile-main-image lps-custom-medium\" loading=\"lazy\" alt=\"Ben Levert\" width=\"200\" height=\"300\" srcset=\"https:\/\/europeansnowsport.com\/wp-content\/uploads\/Ben-Levert--200x300.jpg 200w, https:\/\/europeansnowsport.com\/wp-content\/uploads\/Ben-Levert--683x1024.jpg 683w, https:\/\/europeansnowsport.com\/wp-content\/uploads\/Ben-Levert--768x1152.jpg 768w, https:\/\/europeansnowsport.com\/wp-content\/uploads\/Ben-Levert--1024x1536.jpg 1024w, https:\/\/europeansnowsport.com\/wp-content\/uploads\/Ben-Levert--scaled.jpg 1365w, https:\/\/europeansnowsport.com\/wp-content\/uploads\/Ben-Levert--500x750.jpg 500w, https:\/\/europeansnowsport.com\/wp-content\/uploads\/Ben-Levert--800x1200.jpg 800w, https:\/\/europeansnowsport.com\/wp-content\/uploads\/Ben-Levert--1280x1920.jpg 1280w, https:\/\/europeansnowsport.com\/wp-content\/uploads\/Ben-Levert--1920x2880.jpg 1920w\"><\/figure><div class=\"article__info\"><h3 class=\"article__title item-title-tag\"><a href=\"https:\/\/europeansnowsport.com\/sv\/ski_instructor\/ben-levert\/\" title=\"Ben Levert\" class=\"article__link main-link\">Ben Levert<\/a><\/h3><\/div><\/article><article class=\"post-34051 ski_instructor type-ski_instructor status-publish has-post-thumbnail ski_resorts-verbier entry has-link\" data-lps-id=\"34051\" role=\"listitem\"><figure class=\"article__image\"><img decoding=\"async\" src=\"https:\/\/europeansnowsport.com\/wp-content\/uploads\/benjamin-hess-300x169.jpg\" class=\"lps-tile-main-image lps-custom-medium\" loading=\"lazy\" alt=\"Benjamin Hess\" width=\"300\" height=\"169\" srcset=\"https:\/\/europeansnowsport.com\/wp-content\/uploads\/benjamin-hess-300x169.jpg 300w, https:\/\/europeansnowsport.com\/wp-content\/uploads\/benjamin-hess-1024x576.jpg 1024w, https:\/\/europeansnowsport.com\/wp-content\/uploads\/benjamin-hess-768x432.jpg 768w, https:\/\/europeansnowsport.com\/wp-content\/uploads\/benjamin-hess-1536x864.jpg 1536w, https:\/\/europeansnowsport.com\/wp-content\/uploads\/benjamin-hess-500x281.jpg 500w, https:\/\/europeansnowsport.com\/wp-content\/uploads\/benjamin-hess-800x450.jpg 800w, https:\/\/europeansnowsport.com\/wp-content\/uploads\/benjamin-hess-1280x720.jpg 1280w, https:\/\/europeansnowsport.com\/wp-content\/uploads\/benjamin-hess.jpg 1920w\"><\/figure><div class=\"article__info\"><h3 class=\"article__title item-title-tag\"><a href=\"https:\/\/europeansnowsport.com\/sv\/ski_instructor\/benjamin-hess\/\" title=\"Benjamin Hess\" class=\"article__link main-link\">Benjamin Hess<\/a><\/h3><\/div><\/article><article class=\"post-5693 ski_instructor type-ski_instructor status-publish has-post-thumbnail ski_resorts-verbier entry has-link\" data-lps-id=\"5693\" role=\"listitem\"><figure class=\"article__image\"><img decoding=\"async\" src=\"https:\/\/europeansnowsport.com\/wp-content\/uploads\/Benson-300x289.jpg\" class=\"lps-tile-main-image lps-custom-medium\" loading=\"lazy\" alt=\"Benson, Paul Munro\" width=\"300\" height=\"289\" srcset=\"https:\/\/europeansnowsport.com\/wp-content\/uploads\/Benson-300x289.jpg 300w, https:\/\/europeansnowsport.com\/wp-content\/uploads\/Benson.jpg 398w\"><\/figure><div class=\"article__info\"><h3 class=\"article__title item-title-tag\"><a href=\"https:\/\/europeansnowsport.com\/sv\/ski_instructor\/benson-paul-munro\/\" title=\"Benson, Paul Munro\" class=\"article__link main-link\">Benson, Paul Munro<\/a><\/h3><\/div><\/article><article class=\"post-33324 ski_instructor type-ski_instructor status-publish has-post-thumbnail ski_resorts-verbier entry has-link\" data-lps-id=\"33324\" role=\"listitem\"><figure class=\"article__image\"><img decoding=\"async\" src=\"https:\/\/europeansnowsport.com\/wp-content\/uploads\/Beth-Phelan--200x300.jpg\" class=\"lps-tile-main-image lps-custom-medium\" loading=\"lazy\" alt=\"Beth Phelan\" width=\"200\" height=\"300\" srcset=\"https:\/\/europeansnowsport.com\/wp-content\/uploads\/Beth-Phelan--200x300.jpg 200w, https:\/\/europeansnowsport.com\/wp-content\/uploads\/Beth-Phelan--683x1024.jpg 683w, https:\/\/europeansnowsport.com\/wp-content\/uploads\/Beth-Phelan--768x1152.jpg 768w, https:\/\/europeansnowsport.com\/wp-content\/uploads\/Beth-Phelan--1024x1536.jpg 1024w, https:\/\/europeansnowsport.com\/wp-content\/uploads\/Beth-Phelan--scaled.jpg 1365w, https:\/\/europeansnowsport.com\/wp-content\/uploads\/Beth-Phelan--500x750.jpg 500w, https:\/\/europeansnowsport.com\/wp-content\/uploads\/Beth-Phelan--800x1200.jpg 800w, https:\/\/europeansnowsport.com\/wp-content\/uploads\/Beth-Phelan--1280x1920.jpg 1280w, https:\/\/europeansnowsport.com\/wp-content\/uploads\/Beth-Phelan--1920x2880.jpg 1920w\"><\/figure><div class=\"article__info\"><h3 class=\"article__title item-title-tag\"><a href=\"https:\/\/europeansnowsport.com\/sv\/ski_instructor\/beth-phelan\/\" title=\"Beth Phelan\" class=\"article__link main-link\">Beth Phelan<\/a><\/h3><\/div><\/article><article class=\"post-37587 ski_instructor type-ski_instructor status-publish has-post-thumbnail ski_resorts-verbier entry has-link\" data-lps-id=\"37587\" role=\"listitem\"><figure class=\"article__image\"><img decoding=\"async\" src=\"https:\/\/europeansnowsport.com\/wp-content\/uploads\/Camille-Mars-225x300.jpeg\" class=\"lps-tile-main-image lps-custom-medium\" loading=\"lazy\" alt=\"Camille Mars\" width=\"225\" height=\"300\" srcset=\"https:\/\/europeansnowsport.com\/wp-content\/uploads\/Camille-Mars-225x300.jpeg 225w, https:\/\/europeansnowsport.com\/wp-content\/uploads\/Camille-Mars-768x1024.jpeg 768w, https:\/\/europeansnowsport.com\/wp-content\/uploads\/Camille-Mars-1152x1536.jpeg 1152w, https:\/\/europeansnowsport.com\/wp-content\/uploads\/Camille-Mars-500x667.jpeg 500w, https:\/\/europeansnowsport.com\/wp-content\/uploads\/Camille-Mars-800x1067.jpeg 800w, https:\/\/europeansnowsport.com\/wp-content\/uploads\/Camille-Mars.jpeg 1200w\"><\/figure><div class=\"article__info\"><h3 class=\"article__title item-title-tag\"><a href=\"https:\/\/europeansnowsport.com\/sv\/ski_instructor\/camille-mars\/\" title=\"Camille Mars\" class=\"article__link main-link\">Camille Mars<\/a><\/h3><\/div><\/article><article class=\"post-33545 ski_instructor type-ski_instructor status-publish has-post-thumbnail ski_resorts-verbier entry has-link\" data-lps-id=\"33545\" role=\"listitem\"><figure class=\"article__image\"><img decoding=\"async\" src=\"https:\/\/europeansnowsport.com\/wp-content\/uploads\/Catalin-Grosu--scaled-e1734602721530-240x300.jpg\" class=\"lps-tile-main-image lps-custom-medium\" loading=\"lazy\" alt=\"Catalin Grosu\" width=\"240\" height=\"300\" srcset=\"https:\/\/europeansnowsport.com\/wp-content\/uploads\/Catalin-Grosu--scaled-e1734602721530-240x300.jpg 240w, https:\/\/europeansnowsport.com\/wp-content\/uploads\/Catalin-Grosu--scaled-e1734602721530-821x1024.jpg 821w, https:\/\/europeansnowsport.com\/wp-content\/uploads\/Catalin-Grosu--scaled-e1734602721530-768x958.jpg 768w, https:\/\/europeansnowsport.com\/wp-content\/uploads\/Catalin-Grosu--scaled-e1734602721530-1231x1536.jpg 1231w, https:\/\/europeansnowsport.com\/wp-content\/uploads\/Catalin-Grosu--scaled-e1734602721530-500x624.jpg 500w, https:\/\/europeansnowsport.com\/wp-content\/uploads\/Catalin-Grosu--scaled-e1734602721530-800x998.jpg 800w, https:\/\/europeansnowsport.com\/wp-content\/uploads\/Catalin-Grosu--scaled-e1734602721530-1280x1597.jpg 1280w, https:\/\/europeansnowsport.com\/wp-content\/uploads\/Catalin-Grosu--scaled-e1734602721530.jpg 1365w\"><\/figure><div class=\"article__info\"><h3 class=\"article__title item-title-tag\"><a href=\"https:\/\/europeansnowsport.com\/sv\/ski_instructor\/catalin-grosu\/\" title=\"Catalin Grosu\" class=\"article__link main-link\">Catalin Grosu<\/a><\/h3><\/div><\/article><article class=\"post-7643 ski_instructor type-ski_instructor status-publish has-post-thumbnail ski_resorts-verbier entry has-link\" data-lps-id=\"7643\" role=\"listitem\"><figure class=\"article__image\"><img decoding=\"async\" src=\"https:\/\/europeansnowsport.com\/wp-content\/uploads\/Charlie-E-300x225.jpg\" class=\"lps-tile-main-image lps-custom-medium\" loading=\"lazy\" alt=\"Charlie Elmore\" width=\"300\" height=\"225\" srcset=\"https:\/\/europeansnowsport.com\/wp-content\/uploads\/Charlie-E-300x225.jpg 300w, https:\/\/europeansnowsport.com\/wp-content\/uploads\/Charlie-E-768x576.jpg 768w, https:\/\/europeansnowsport.com\/wp-content\/uploads\/Charlie-E.jpg 960w\"><\/figure><div class=\"article__info\"><h3 class=\"article__title item-title-tag\"><a href=\"https:\/\/europeansnowsport.com\/sv\/ski_instructor\/charlie-elmore\/\" title=\"Charlie Elmore\" class=\"article__link main-link\">Charlie Elmore<\/a><\/h3><\/div><\/article><article class=\"post-26289 ski_instructor type-ski_instructor status-publish has-post-thumbnail ski_resorts-verbier entry has-link\" data-lps-id=\"26289\" role=\"listitem\"><figure class=\"article__image\"><img decoding=\"async\" src=\"https:\/\/europeansnowsport.com\/wp-content\/uploads\/925696CA-E464-408B-8745-E6F0FC090C75-300x225.jpeg\" class=\"lps-tile-main-image lps-custom-medium\" loading=\"lazy\" alt=\"Clara Griffiths\" width=\"300\" height=\"225\" srcset=\"https:\/\/europeansnowsport.com\/wp-content\/uploads\/925696CA-E464-408B-8745-E6F0FC090C75-300x225.jpeg 300w, https:\/\/europeansnowsport.com\/wp-content\/uploads\/925696CA-E464-408B-8745-E6F0FC090C75-768x576.jpeg 768w, https:\/\/europeansnowsport.com\/wp-content\/uploads\/925696CA-E464-408B-8745-E6F0FC090C75.jpeg 800w\"><\/figure><div class=\"article__info\"><h3 class=\"article__title item-title-tag\"><a href=\"https:\/\/europeansnowsport.com\/sv\/ski_instructor\/clara-griffiths\/\" title=\"Clara Griffiths\" class=\"article__link main-link\">Clara Griffiths<\/a><\/h3><\/div><\/article><article class=\"post-22020 ski_instructor type-ski_instructor status-publish has-post-thumbnail ski_resorts-verbier entry has-link\" data-lps-id=\"22020\" role=\"listitem\"><figure class=\"article__image\"><img decoding=\"async\" src=\"https:\/\/europeansnowsport.com\/wp-content\/uploads\/5.-11-days-mountains-verbier-zermatt-1-300x200.jpg\" class=\"lps-tile-main-image lps-custom-medium\" loading=\"lazy\" alt=\"Claudia de Hartog\" width=\"300\" height=\"200\" srcset=\"https:\/\/europeansnowsport.com\/wp-content\/uploads\/5.-11-days-mountains-verbier-zermatt-1-300x200.jpg 300w, https:\/\/europeansnowsport.com\/wp-content\/uploads\/5.-11-days-mountains-verbier-zermatt-1-1024x684.jpg 1024w, https:\/\/europeansnowsport.com\/wp-content\/uploads\/5.-11-days-mountains-verbier-zermatt-1-768x513.jpg 768w, https:\/\/europeansnowsport.com\/wp-content\/uploads\/5.-11-days-mountains-verbier-zermatt-1-1536x1026.jpg 1536w, https:\/\/europeansnowsport.com\/wp-content\/uploads\/5.-11-days-mountains-verbier-zermatt-1-scaled.jpg 2048w, https:\/\/europeansnowsport.com\/wp-content\/uploads\/5.-11-days-mountains-verbier-zermatt-1-500x334.jpg 500w, https:\/\/europeansnowsport.com\/wp-content\/uploads\/5.-11-days-mountains-verbier-zermatt-1-800x534.jpg 800w, https:\/\/europeansnowsport.com\/wp-content\/uploads\/5.-11-days-mountains-verbier-zermatt-1-1280x855.jpg 1280w, https:\/\/europeansnowsport.com\/wp-content\/uploads\/5.-11-days-mountains-verbier-zermatt-1-1920x1282.jpg 1920w, https:\/\/europeansnowsport.com\/wp-content\/uploads\/5.-11-days-mountains-verbier-zermatt-1-600x400.jpg 600w\"><\/figure><div class=\"article__info\"><h3 class=\"article__title item-title-tag\"><a href=\"https:\/\/europeansnowsport.com\/sv\/ski_instructor\/claudia-de-hartog\/\" title=\"Claudia de Hartog\" class=\"article__link main-link\">Claudia de Hartog<\/a><\/h3><\/div><\/article><article class=\"post-37421 ski_instructor type-ski_instructor status-publish has-post-thumbnail ski_resorts-verbier entry has-link\" data-lps-id=\"37421\" role=\"listitem\"><figure class=\"article__image\"><img decoding=\"async\" src=\"https:\/\/europeansnowsport.com\/wp-content\/uploads\/Cordelia-225x300.jpeg\" class=\"lps-tile-main-image lps-custom-medium\" loading=\"lazy\" alt=\"Cordelia Orr- Ewing\" width=\"225\" height=\"300\" srcset=\"https:\/\/europeansnowsport.com\/wp-content\/uploads\/Cordelia-225x300.jpeg 225w, https:\/\/europeansnowsport.com\/wp-content\/uploads\/Cordelia-768x1024.jpeg 768w, https:\/\/europeansnowsport.com\/wp-content\/uploads\/Cordelia-1152x1536.jpeg 1152w, https:\/\/europeansnowsport.com\/wp-content\/uploads\/Cordelia-500x667.jpeg 500w, https:\/\/europeansnowsport.com\/wp-content\/uploads\/Cordelia-800x1067.jpeg 800w, https:\/\/europeansnowsport.com\/wp-content\/uploads\/Cordelia.jpeg 1200w\"><\/figure><div class=\"article__info\"><h3 class=\"article__title item-title-tag\"><a href=\"https:\/\/europeansnowsport.com\/sv\/ski_instructor\/cordelia-orr-ewing\/\" title=\"Cordelia Orr- Ewing\" class=\"article__link main-link\">Cordelia Orr- Ewing<\/a><\/h3><\/div><\/article><article class=\"post-26138 ski_instructor type-ski_instructor status-publish has-post-thumbnail ski_resorts-verbier entry has-link\" data-lps-id=\"26138\" role=\"listitem\"><figure class=\"article__image\"><img decoding=\"async\" src=\"https:\/\/europeansnowsport.com\/wp-content\/uploads\/Dag-Eriksson-ski-instructor-300x200.jpg\" class=\"lps-tile-main-image lps-custom-medium\" loading=\"lazy\" alt=\"Dag Eriksson\" width=\"300\" height=\"200\" srcset=\"https:\/\/europeansnowsport.com\/wp-content\/uploads\/Dag-Eriksson-ski-instructor-300x200.jpg 300w, https:\/\/europeansnowsport.com\/wp-content\/uploads\/Dag-Eriksson-ski-instructor-1024x684.jpg 1024w, https:\/\/europeansnowsport.com\/wp-content\/uploads\/Dag-Eriksson-ski-instructor-768x513.jpg 768w, https:\/\/europeansnowsport.com\/wp-content\/uploads\/Dag-Eriksson-ski-instructor-1536x1026.jpg 1536w, https:\/\/europeansnowsport.com\/wp-content\/uploads\/Dag-Eriksson-ski-instructor-scaled.jpg 2048w, https:\/\/europeansnowsport.com\/wp-content\/uploads\/Dag-Eriksson-ski-instructor-500x334.jpg 500w, https:\/\/europeansnowsport.com\/wp-content\/uploads\/Dag-Eriksson-ski-instructor-800x534.jpg 800w, https:\/\/europeansnowsport.com\/wp-content\/uploads\/Dag-Eriksson-ski-instructor-1280x855.jpg 1280w, https:\/\/europeansnowsport.com\/wp-content\/uploads\/Dag-Eriksson-ski-instructor-1920x1282.jpg 1920w, https:\/\/europeansnowsport.com\/wp-content\/uploads\/Dag-Eriksson-ski-instructor-600x400.jpg 600w\"><\/figure><div class=\"article__info\"><h3 class=\"article__title item-title-tag\"><a href=\"https:\/\/europeansnowsport.com\/sv\/ski_instructor\/dag-eriksson\/\" title=\"Dag Eriksson\" class=\"article__link main-link\">Dag Eriksson<\/a><\/h3><\/div><\/article><article class=\"post-33568 ski_instructor type-ski_instructor status-publish has-post-thumbnail ski_resorts-verbier entry has-link\" data-lps-id=\"33568\" role=\"listitem\"><figure class=\"article__image\"><img decoding=\"async\" src=\"https:\/\/europeansnowsport.com\/wp-content\/uploads\/Dominik-Z-225x300.jpeg\" class=\"lps-tile-main-image lps-custom-medium\" loading=\"lazy\" alt=\"Dominik Zingg\" width=\"225\" height=\"300\" srcset=\"https:\/\/europeansnowsport.com\/wp-content\/uploads\/Dominik-Z-225x300.jpeg 225w, https:\/\/europeansnowsport.com\/wp-content\/uploads\/Dominik-Z-768x1024.jpeg 768w, https:\/\/europeansnowsport.com\/wp-content\/uploads\/Dominik-Z-1152x1536.jpeg 1152w, https:\/\/europeansnowsport.com\/wp-content\/uploads\/Dominik-Z-500x667.jpeg 500w, https:\/\/europeansnowsport.com\/wp-content\/uploads\/Dominik-Z-800x1067.jpeg 800w, https:\/\/europeansnowsport.com\/wp-content\/uploads\/Dominik-Z.jpeg 1200w\"><\/figure><div class=\"article__info\"><h3 class=\"article__title item-title-tag\"><a href=\"https:\/\/europeansnowsport.com\/sv\/ski_instructor\/dominik-zingg\/\" title=\"Dominik Zingg\" class=\"article__link main-link\">Dominik Zingg<\/a><\/h3><\/div><\/article><article class=\"post-30381 ski_instructor type-ski_instructor status-publish has-post-thumbnail ski_resorts-verbier entry has-link\" data-lps-id=\"30381\" role=\"listitem\"><figure class=\"article__image\"><img decoding=\"async\" src=\"https:\/\/europeansnowsport.com\/wp-content\/uploads\/Emelie-temporary-pic-225x300.jpeg\" class=\"lps-tile-main-image lps-custom-medium\" loading=\"lazy\" alt=\"Emelie Weil\" width=\"225\" height=\"300\" srcset=\"https:\/\/europeansnowsport.com\/wp-content\/uploads\/Emelie-temporary-pic-225x300.jpeg 225w, https:\/\/europeansnowsport.com\/wp-content\/uploads\/Emelie-temporary-pic-768x1024.jpeg 768w, https:\/\/europeansnowsport.com\/wp-content\/uploads\/Emelie-temporary-pic-1152x1536.jpeg 1152w, https:\/\/europeansnowsport.com\/wp-content\/uploads\/Emelie-temporary-pic-500x667.jpeg 500w, https:\/\/europeansnowsport.com\/wp-content\/uploads\/Emelie-temporary-pic-800x1067.jpeg 800w, https:\/\/europeansnowsport.com\/wp-content\/uploads\/Emelie-temporary-pic-1280x1707.jpeg 1280w, https:\/\/europeansnowsport.com\/wp-content\/uploads\/Emelie-temporary-pic.jpeg 1500w\"><\/figure><div class=\"article__info\"><h3 class=\"article__title item-title-tag\"><a href=\"https:\/\/europeansnowsport.com\/sv\/ski_instructor\/emilie-weil\/\" title=\"Emelie Weil\" class=\"article__link main-link\">Emelie Weil<\/a><\/h3><\/div><\/article><article class=\"post-37603 ski_instructor type-ski_instructor status-publish has-post-thumbnail ski_resorts-verbier entry has-link\" data-lps-id=\"37603\" role=\"listitem\"><figure class=\"article__image\"><img decoding=\"async\" src=\"https:\/\/europeansnowsport.com\/wp-content\/uploads\/corduroy-73-home-mobile-251x300.jpg\" class=\"lps-tile-main-image lps-custom-medium\" loading=\"lazy\" alt=\"Eveline Engel\" width=\"251\" height=\"300\" srcset=\"https:\/\/europeansnowsport.com\/wp-content\/uploads\/corduroy-73-home-mobile-251x300.jpg 251w, https:\/\/europeansnowsport.com\/wp-content\/uploads\/corduroy-73-home-mobile-858x1024.jpg 858w, https:\/\/europeansnowsport.com\/wp-content\/uploads\/corduroy-73-home-mobile-768x916.jpg 768w, https:\/\/europeansnowsport.com\/wp-content\/uploads\/corduroy-73-home-mobile-500x597.jpg 500w, https:\/\/europeansnowsport.com\/wp-content\/uploads\/corduroy-73-home-mobile-800x954.jpg 800w, https:\/\/europeansnowsport.com\/wp-content\/uploads\/corduroy-73-home-mobile.jpg 1000w\"><\/figure><div class=\"article__info\"><h3 class=\"article__title item-title-tag\"><a href=\"https:\/\/europeansnowsport.com\/sv\/ski_instructor\/eveline-engel\/\" title=\"Eveline Engel\" class=\"article__link main-link\">Eveline Engel<\/a><\/h3><\/div><\/article><article class=\"post-30936 ski_instructor type-ski_instructor status-publish has-post-thumbnail ski_resorts-verbier entry has-link\" data-lps-id=\"30936\" role=\"listitem\"><figure class=\"article__image\"><img decoding=\"async\" src=\"https:\/\/europeansnowsport.com\/wp-content\/uploads\/Fabio-3-258x300.png\" class=\"lps-tile-main-image lps-custom-medium\" loading=\"lazy\" alt=\"Fabio Frongia\" width=\"258\" height=\"300\" srcset=\"https:\/\/europeansnowsport.com\/wp-content\/uploads\/Fabio-3-258x300.png 258w, https:\/\/europeansnowsport.com\/wp-content\/uploads\/Fabio-3.png 322w\"><\/figure><div class=\"article__info\"><h3 class=\"article__title item-title-tag\"><a href=\"https:\/\/europeansnowsport.com\/sv\/ski_instructor\/fabio-frongia\/\" title=\"Fabio Frongia\" class=\"article__link main-link\">Fabio Frongia<\/a><\/h3><\/div><\/article><article class=\"post-25314 ski_instructor type-ski_instructor status-publish has-post-thumbnail ski_resorts-verbier entry has-link\" data-lps-id=\"25314\" role=\"listitem\"><figure class=\"article__image\"><img decoding=\"async\" src=\"https:\/\/europeansnowsport.com\/wp-content\/uploads\/Felix-Lundstrom-300x169.jpg\" class=\"lps-tile-main-image lps-custom-medium\" loading=\"lazy\" alt=\"Felix Lundstr\u00f6m\" width=\"300\" height=\"169\" srcset=\"https:\/\/europeansnowsport.com\/wp-content\/uploads\/Felix-Lundstrom-300x169.jpg 300w, https:\/\/europeansnowsport.com\/wp-content\/uploads\/Felix-Lundstrom-1024x577.jpg 1024w, https:\/\/europeansnowsport.com\/wp-content\/uploads\/Felix-Lundstrom-768x433.jpg 768w, https:\/\/europeansnowsport.com\/wp-content\/uploads\/Felix-Lundstrom-1536x865.jpg 1536w, https:\/\/europeansnowsport.com\/wp-content\/uploads\/Felix-Lundstrom.jpg 2048w, https:\/\/europeansnowsport.com\/wp-content\/uploads\/Felix-Lundstrom-1100x620.jpg 1100w\"><\/figure><div class=\"article__info\"><h3 class=\"article__title item-title-tag\"><a href=\"https:\/\/europeansnowsport.com\/sv\/ski_instructor\/felix-lundstrom\/\" title=\"Felix Lundstr\u00f6m\" class=\"article__link main-link\">Felix Lundstr\u00f6m<\/a><\/h3><\/div><\/article><article class=\"post-30139 ski_instructor type-ski_instructor status-publish has-post-thumbnail ski_resorts-verbier entry has-link\" data-lps-id=\"30139\" role=\"listitem\"><figure class=\"article__image\"><img decoding=\"async\" src=\"https:\/\/europeansnowsport.com\/wp-content\/uploads\/Felix-Oppenheim-ski-instructor-300x200.jpg\" class=\"lps-tile-main-image lps-custom-medium\" loading=\"lazy\" alt=\"Felix Oppenheim\" width=\"300\" height=\"200\" srcset=\"https:\/\/europeansnowsport.com\/wp-content\/uploads\/Felix-Oppenheim-ski-instructor-300x200.jpg 300w, https:\/\/europeansnowsport.com\/wp-content\/uploads\/Felix-Oppenheim-ski-instructor-1024x684.jpg 1024w, https:\/\/europeansnowsport.com\/wp-content\/uploads\/Felix-Oppenheim-ski-instructor-768x513.jpg 768w, https:\/\/europeansnowsport.com\/wp-content\/uploads\/Felix-Oppenheim-ski-instructor-1536x1026.jpg 1536w, https:\/\/europeansnowsport.com\/wp-content\/uploads\/Felix-Oppenheim-ski-instructor-scaled.jpg 2048w, https:\/\/europeansnowsport.com\/wp-content\/uploads\/Felix-Oppenheim-ski-instructor-500x334.jpg 500w, https:\/\/europeansnowsport.com\/wp-content\/uploads\/Felix-Oppenheim-ski-instructor-800x534.jpg 800w, https:\/\/europeansnowsport.com\/wp-content\/uploads\/Felix-Oppenheim-ski-instructor-1280x855.jpg 1280w, https:\/\/europeansnowsport.com\/wp-content\/uploads\/Felix-Oppenheim-ski-instructor-1920x1282.jpg 1920w, https:\/\/europeansnowsport.com\/wp-content\/uploads\/Felix-Oppenheim-ski-instructor-600x400.jpg 600w\"><\/figure><div class=\"article__info\"><h3 class=\"article__title item-title-tag\"><a href=\"https:\/\/europeansnowsport.com\/sv\/ski_instructor\/felix-oppenheim\/\" title=\"Felix Oppenheim\" class=\"article__link main-link\">Felix Oppenheim<\/a><\/h3><\/div><\/article><article class=\"post-30124 ski_instructor type-ski_instructor status-publish has-post-thumbnail ski_resorts-verbier entry has-link\" data-lps-id=\"30124\" role=\"listitem\"><figure class=\"article__image\"><img decoding=\"async\" src=\"https:\/\/europeansnowsport.com\/wp-content\/uploads\/Fleur-300x200.jpg\" class=\"lps-tile-main-image lps-custom-medium\" loading=\"lazy\" alt=\"Fleur Arnold\" width=\"300\" height=\"200\" srcset=\"https:\/\/europeansnowsport.com\/wp-content\/uploads\/Fleur-300x200.jpg 300w, https:\/\/europeansnowsport.com\/wp-content\/uploads\/Fleur-1024x684.jpg 1024w, https:\/\/europeansnowsport.com\/wp-content\/uploads\/Fleur-768x513.jpg 768w, https:\/\/europeansnowsport.com\/wp-content\/uploads\/Fleur-1536x1026.jpg 1536w, https:\/\/europeansnowsport.com\/wp-content\/uploads\/Fleur-scaled.jpg 2048w, https:\/\/europeansnowsport.com\/wp-content\/uploads\/Fleur-500x334.jpg 500w, https:\/\/europeansnowsport.com\/wp-content\/uploads\/Fleur-800x534.jpg 800w, https:\/\/europeansnowsport.com\/wp-content\/uploads\/Fleur-1280x855.jpg 1280w, https:\/\/europeansnowsport.com\/wp-content\/uploads\/Fleur-1920x1282.jpg 1920w, https:\/\/europeansnowsport.com\/wp-content\/uploads\/Fleur-600x400.jpg 600w\"><\/figure><div class=\"article__info\"><h3 class=\"article__title item-title-tag\"><a href=\"https:\/\/europeansnowsport.com\/sv\/ski_instructor\/fleur-arnold\/\" title=\"Fleur Arnold\" class=\"article__link main-link\">Fleur Arnold<\/a><\/h3><\/div><\/article><article class=\"post-37599 ski_instructor type-ski_instructor status-publish has-post-thumbnail ski_resorts-verbier entry has-link\" data-lps-id=\"37599\" role=\"listitem\"><figure class=\"article__image\"><img decoding=\"async\" src=\"https:\/\/europeansnowsport.com\/wp-content\/uploads\/corduroy-73-home-mobile-251x300.jpg\" class=\"lps-tile-main-image lps-custom-medium\" loading=\"lazy\" alt=\"Florentine Windhagen\" width=\"251\" height=\"300\" srcset=\"https:\/\/europeansnowsport.com\/wp-content\/uploads\/corduroy-73-home-mobile-251x300.jpg 251w, https:\/\/europeansnowsport.com\/wp-content\/uploads\/corduroy-73-home-mobile-858x1024.jpg 858w, https:\/\/europeansnowsport.com\/wp-content\/uploads\/corduroy-73-home-mobile-768x916.jpg 768w, https:\/\/europeansnowsport.com\/wp-content\/uploads\/corduroy-73-home-mobile-500x597.jpg 500w, https:\/\/europeansnowsport.com\/wp-content\/uploads\/corduroy-73-home-mobile-800x954.jpg 800w, https:\/\/europeansnowsport.com\/wp-content\/uploads\/corduroy-73-home-mobile.jpg 1000w\"><\/figure><div class=\"article__info\"><h3 class=\"article__title item-title-tag\"><a href=\"https:\/\/europeansnowsport.com\/sv\/ski_instructor\/florentine-windhagen\/\" title=\"Florentine Windhagen\" class=\"article__link main-link\">Florentine Windhagen<\/a><\/h3><\/div><\/article><article class=\"post-26299 ski_instructor type-ski_instructor status-publish has-post-thumbnail ski_resorts-verbier entry has-link\" data-lps-id=\"26299\" role=\"listitem\"><figure class=\"article__image\"><img decoding=\"async\" src=\"https:\/\/europeansnowsport.com\/wp-content\/uploads\/Frippe-Stenberg-300x200.jpg\" class=\"lps-tile-main-image lps-custom-medium\" loading=\"lazy\" alt=\"Frippe Stenberg\" width=\"300\" height=\"200\" srcset=\"https:\/\/europeansnowsport.com\/wp-content\/uploads\/Frippe-Stenberg-300x200.jpg 300w, https:\/\/europeansnowsport.com\/wp-content\/uploads\/Frippe-Stenberg-1024x684.jpg 1024w, https:\/\/europeansnowsport.com\/wp-content\/uploads\/Frippe-Stenberg-768x513.jpg 768w, https:\/\/europeansnowsport.com\/wp-content\/uploads\/Frippe-Stenberg-1536x1026.jpg 1536w, https:\/\/europeansnowsport.com\/wp-content\/uploads\/Frippe-Stenberg-scaled.jpg 2048w, https:\/\/europeansnowsport.com\/wp-content\/uploads\/Frippe-Stenberg-500x334.jpg 500w, https:\/\/europeansnowsport.com\/wp-content\/uploads\/Frippe-Stenberg-800x534.jpg 800w, https:\/\/europeansnowsport.com\/wp-content\/uploads\/Frippe-Stenberg-1280x855.jpg 1280w, https:\/\/europeansnowsport.com\/wp-content\/uploads\/Frippe-Stenberg-1920x1282.jpg 1920w, https:\/\/europeansnowsport.com\/wp-content\/uploads\/Frippe-Stenberg-600x400.jpg 600w\"><\/figure><div class=\"article__info\"><h3 class=\"article__title item-title-tag\"><a href=\"https:\/\/europeansnowsport.com\/sv\/ski_instructor\/frippe-stenberg\/\" title=\"Frippe Stenberg\" class=\"article__link main-link\">Frippe Stenberg<\/a><\/h3><\/div><\/article><article class=\"post-4596 ski_instructor type-ski_instructor status-publish has-post-thumbnail ski_resorts-verbier entry has-link\" data-lps-id=\"4596\" role=\"listitem\"><figure class=\"article__image\"><img decoding=\"async\" src=\"https:\/\/europeansnowsport.com\/wp-content\/uploads\/teamphotoVsquare-35-300x300.jpg\" class=\"lps-tile-main-image lps-custom-medium\" loading=\"lazy\" alt=\"Graeme Gibson\" width=\"300\" height=\"300\" srcset=\"https:\/\/europeansnowsport.com\/wp-content\/uploads\/teamphotoVsquare-35-300x300.jpg 300w, https:\/\/europeansnowsport.com\/wp-content\/uploads\/teamphotoVsquare-35-150x150.jpg 150w, https:\/\/europeansnowsport.com\/wp-content\/uploads\/teamphotoVsquare-35.jpg 700w\"><\/figure><div class=\"article__info\"><h3 class=\"article__title item-title-tag\"><a href=\"https:\/\/europeansnowsport.com\/sv\/ski_instructor\/graeme-gibson\/\" title=\"Graeme Gibson\" class=\"article__link main-link\">Graeme Gibson<\/a><\/h3><\/div><\/article><article class=\"post-26111 ski_instructor type-ski_instructor status-publish has-post-thumbnail ski_resorts-verbier entry has-link\" data-lps-id=\"26111\" role=\"listitem\"><figure class=\"article__image\"><img decoding=\"async\" src=\"https:\/\/europeansnowsport.com\/wp-content\/uploads\/Headshots-11-300x200.jpg\" class=\"lps-tile-main-image lps-custom-medium\" loading=\"lazy\" alt=\"Gustav Oden\" width=\"300\" height=\"200\" srcset=\"https:\/\/europeansnowsport.com\/wp-content\/uploads\/Headshots-11-300x200.jpg 300w, https:\/\/europeansnowsport.com\/wp-content\/uploads\/Headshots-11-1024x684.jpg 1024w, https:\/\/europeansnowsport.com\/wp-content\/uploads\/Headshots-11-768x513.jpg 768w, https:\/\/europeansnowsport.com\/wp-content\/uploads\/Headshots-11-1536x1026.jpg 1536w, https:\/\/europeansnowsport.com\/wp-content\/uploads\/Headshots-11.jpg 2048w, https:\/\/europeansnowsport.com\/wp-content\/uploads\/Headshots-11-1100x735.jpg 1100w\"><\/figure><div class=\"article__info\"><h3 class=\"article__title item-title-tag\"><a href=\"https:\/\/europeansnowsport.com\/sv\/ski_instructor\/gustav-oden\/\" title=\"Gustav Oden\" class=\"article__link main-link\">Gustav Oden<\/a><\/h3><\/div><\/article><article class=\"post-32895 ski_instructor type-ski_instructor status-publish has-post-thumbnail ski_resorts-verbier entry has-link\" data-lps-id=\"32895\" role=\"listitem\"><figure class=\"article__image\"><img decoding=\"async\" src=\"https:\/\/europeansnowsport.com\/wp-content\/uploads\/Hugo-Griffiths-300x200.jpg\" class=\"lps-tile-main-image lps-custom-medium\" loading=\"lazy\" alt=\"Hugo Griffiths\" width=\"300\" height=\"200\" srcset=\"https:\/\/europeansnowsport.com\/wp-content\/uploads\/Hugo-Griffiths-300x200.jpg 300w, https:\/\/europeansnowsport.com\/wp-content\/uploads\/Hugo-Griffiths-1024x684.jpg 1024w, https:\/\/europeansnowsport.com\/wp-content\/uploads\/Hugo-Griffiths-768x513.jpg 768w, https:\/\/europeansnowsport.com\/wp-content\/uploads\/Hugo-Griffiths-1536x1026.jpg 1536w, https:\/\/europeansnowsport.com\/wp-content\/uploads\/Hugo-Griffiths-scaled.jpg 2048w, https:\/\/europeansnowsport.com\/wp-content\/uploads\/Hugo-Griffiths-500x334.jpg 500w, https:\/\/europeansnowsport.com\/wp-content\/uploads\/Hugo-Griffiths-800x534.jpg 800w, https:\/\/europeansnowsport.com\/wp-content\/uploads\/Hugo-Griffiths-1280x855.jpg 1280w, https:\/\/europeansnowsport.com\/wp-content\/uploads\/Hugo-Griffiths-1920x1282.jpg 1920w, https:\/\/europeansnowsport.com\/wp-content\/uploads\/Hugo-Griffiths-600x400.jpg 600w\"><\/figure><div class=\"article__info\"><h3 class=\"article__title item-title-tag\"><a href=\"https:\/\/europeansnowsport.com\/sv\/ski_instructor\/hugo-griffiths\/\" title=\"Hugo Griffiths\" class=\"article__link main-link\">Hugo Griffiths<\/a><\/h3><\/div><\/article><article class=\"post-37437 ski_instructor type-ski_instructor status-publish has-post-thumbnail ski_resorts-verbier entry has-link\" data-lps-id=\"37437\" role=\"listitem\"><figure class=\"article__image\"><img decoding=\"async\" src=\"https:\/\/europeansnowsport.com\/wp-content\/uploads\/Ida-W-225x300.jpeg\" class=\"lps-tile-main-image lps-custom-medium\" loading=\"lazy\" alt=\"Ida Wannerbratt\" width=\"225\" height=\"300\" srcset=\"https:\/\/europeansnowsport.com\/wp-content\/uploads\/Ida-W-225x300.jpeg 225w, https:\/\/europeansnowsport.com\/wp-content\/uploads\/Ida-W-768x1024.jpeg 768w, https:\/\/europeansnowsport.com\/wp-content\/uploads\/Ida-W-1152x1536.jpeg 1152w, https:\/\/europeansnowsport.com\/wp-content\/uploads\/Ida-W-500x667.jpeg 500w, https:\/\/europeansnowsport.com\/wp-content\/uploads\/Ida-W-800x1067.jpeg 800w, https:\/\/europeansnowsport.com\/wp-content\/uploads\/Ida-W.jpeg 1200w\"><\/figure><div class=\"article__info\"><h3 class=\"article__title item-title-tag\"><a href=\"https:\/\/europeansnowsport.com\/sv\/ski_instructor\/ida-wannerbratt\/\" title=\"Ida Wannerbratt\" class=\"article__link main-link\">Ida Wannerbratt<\/a><\/h3><\/div><\/article><article class=\"post-26177 ski_instructor type-ski_instructor status-publish has-post-thumbnail ski_resorts-verbier entry has-link\" data-lps-id=\"26177\" role=\"listitem\"><figure class=\"article__image\"><img decoding=\"async\" src=\"https:\/\/europeansnowsport.com\/wp-content\/uploads\/James-Taylor-ski-instructor-300x200.jpg\" class=\"lps-tile-main-image lps-custom-medium\" loading=\"lazy\" alt=\"James Taylor (JT)\" width=\"300\" height=\"200\" srcset=\"https:\/\/europeansnowsport.com\/wp-content\/uploads\/James-Taylor-ski-instructor-300x200.jpg 300w, https:\/\/europeansnowsport.com\/wp-content\/uploads\/James-Taylor-ski-instructor-1024x684.jpg 1024w, https:\/\/europeansnowsport.com\/wp-content\/uploads\/James-Taylor-ski-instructor-768x513.jpg 768w, https:\/\/europeansnowsport.com\/wp-content\/uploads\/James-Taylor-ski-instructor-1536x1026.jpg 1536w, https:\/\/europeansnowsport.com\/wp-content\/uploads\/James-Taylor-ski-instructor-scaled.jpg 2048w, https:\/\/europeansnowsport.com\/wp-content\/uploads\/James-Taylor-ski-instructor-500x334.jpg 500w, https:\/\/europeansnowsport.com\/wp-content\/uploads\/James-Taylor-ski-instructor-800x534.jpg 800w, https:\/\/europeansnowsport.com\/wp-content\/uploads\/James-Taylor-ski-instructor-1280x855.jpg 1280w, https:\/\/europeansnowsport.com\/wp-content\/uploads\/James-Taylor-ski-instructor-1920x1282.jpg 1920w, https:\/\/europeansnowsport.com\/wp-content\/uploads\/James-Taylor-ski-instructor-600x400.jpg 600w\"><\/figure><div class=\"article__info\"><h3 class=\"article__title item-title-tag\"><a href=\"https:\/\/europeansnowsport.com\/sv\/ski_instructor\/james-taylor-jt\/\" title=\"James Taylor (JT)\" class=\"article__link main-link\">James Taylor (JT)<\/a><\/h3><\/div><\/article><article class=\"post-37589 ski_instructor type-ski_instructor status-publish has-post-thumbnail ski_resorts-verbier entry has-link\" data-lps-id=\"37589\" role=\"listitem\"><figure class=\"article__image\"><img decoding=\"async\" src=\"https:\/\/europeansnowsport.com\/wp-content\/uploads\/corduroy-73-home-mobile-251x300.jpg\" class=\"lps-tile-main-image lps-custom-medium\" loading=\"lazy\" alt=\"Jeremy Bezard\" width=\"251\" height=\"300\" srcset=\"https:\/\/europeansnowsport.com\/wp-content\/uploads\/corduroy-73-home-mobile-251x300.jpg 251w, https:\/\/europeansnowsport.com\/wp-content\/uploads\/corduroy-73-home-mobile-858x1024.jpg 858w, https:\/\/europeansnowsport.com\/wp-content\/uploads\/corduroy-73-home-mobile-768x916.jpg 768w, https:\/\/europeansnowsport.com\/wp-content\/uploads\/corduroy-73-home-mobile-500x597.jpg 500w, https:\/\/europeansnowsport.com\/wp-content\/uploads\/corduroy-73-home-mobile-800x954.jpg 800w, https:\/\/europeansnowsport.com\/wp-content\/uploads\/corduroy-73-home-mobile.jpg 1000w\"><\/figure><div class=\"article__info\"><h3 class=\"article__title item-title-tag\"><a href=\"https:\/\/europeansnowsport.com\/sv\/ski_instructor\/jeremy-bezard\/\" title=\"Jeremy Bezard\" class=\"article__link main-link\">Jeremy Bezard<\/a><\/h3><\/div><\/article><article class=\"post-37429 ski_instructor type-ski_instructor status-publish has-post-thumbnail ski_resorts-verbier entry has-link\" data-lps-id=\"37429\" role=\"listitem\"><figure class=\"article__image\"><img decoding=\"async\" src=\"https:\/\/europeansnowsport.com\/wp-content\/uploads\/Job-b-225x300.jpeg\" class=\"lps-tile-main-image lps-custom-medium\" loading=\"lazy\" alt=\"Job Buijze\" width=\"225\" height=\"300\" srcset=\"https:\/\/europeansnowsport.com\/wp-content\/uploads\/Job-b-225x300.jpeg 225w, https:\/\/europeansnowsport.com\/wp-content\/uploads\/Job-b-768x1024.jpeg 768w, https:\/\/europeansnowsport.com\/wp-content\/uploads\/Job-b-1152x1536.jpeg 1152w, https:\/\/europeansnowsport.com\/wp-content\/uploads\/Job-b-500x667.jpeg 500w, https:\/\/europeansnowsport.com\/wp-content\/uploads\/Job-b-800x1067.jpeg 800w, https:\/\/europeansnowsport.com\/wp-content\/uploads\/Job-b.jpeg 1200w\"><\/figure><div class=\"article__info\"><h3 class=\"article__title item-title-tag\"><a href=\"https:\/\/europeansnowsport.com\/sv\/ski_instructor\/job-buijze-2\/\" title=\"Job Buijze\" class=\"article__link main-link\">Job Buijze<\/a><\/h3><\/div><\/article><article class=\"post-16301 ski_instructor type-ski_instructor status-publish has-post-thumbnail ski_resorts-verbier entry has-link\" data-lps-id=\"16301\" role=\"listitem\"><figure class=\"article__image\"><img decoding=\"async\" src=\"https:\/\/europeansnowsport.com\/wp-content\/uploads\/\/full-size-61-200x300.jpg\" class=\"lps-tile-main-image lps-custom-medium\" loading=\"lazy\" alt=\"Jonas Sundstedt\" width=\"200\" height=\"300\" srcset=\"https:\/\/europeansnowsport.com\/wp-content\/uploads\/\/full-size-61-200x300.jpg 200w, https:\/\/europeansnowsport.com\/wp-content\/uploads\/\/full-size-61-683x1024.jpg 683w, https:\/\/europeansnowsport.com\/wp-content\/uploads\/\/full-size-61-768x1152.jpg 768w, https:\/\/europeansnowsport.com\/wp-content\/uploads\/\/full-size-61-1024x1536.jpg 1024w, https:\/\/europeansnowsport.com\/wp-content\/uploads\/\/full-size-61.jpg 1365w, https:\/\/europeansnowsport.com\/wp-content\/uploads\/\/full-size-61-1100x1650.jpg 1100w\"><\/figure><div class=\"article__info\"><h3 class=\"article__title item-title-tag\"><a href=\"https:\/\/europeansnowsport.com\/sv\/ski_instructor\/1721\/\" title=\"Jonas Sundstedt\" class=\"article__link main-link\">Jonas Sundstedt<\/a><\/h3><\/div><\/article><article class=\"post-30345 ski_instructor type-ski_instructor status-publish has-post-thumbnail ski_resorts-verbier entry has-link\" data-lps-id=\"30345\" role=\"listitem\"><figure class=\"article__image\"><img decoding=\"async\" src=\"https:\/\/europeansnowsport.com\/wp-content\/uploads\/Jonatan-2-300x200.jpg\" class=\"lps-tile-main-image lps-custom-medium\" loading=\"lazy\" alt=\"Jonatan Hartmann\" width=\"300\" height=\"200\" srcset=\"https:\/\/europeansnowsport.com\/wp-content\/uploads\/Jonatan-2-300x200.jpg 300w, https:\/\/europeansnowsport.com\/wp-content\/uploads\/Jonatan-2-1024x684.jpg 1024w, https:\/\/europeansnowsport.com\/wp-content\/uploads\/Jonatan-2-768x513.jpg 768w, https:\/\/europeansnowsport.com\/wp-content\/uploads\/Jonatan-2-1536x1026.jpg 1536w, https:\/\/europeansnowsport.com\/wp-content\/uploads\/Jonatan-2-scaled.jpg 2048w, https:\/\/europeansnowsport.com\/wp-content\/uploads\/Jonatan-2-500x334.jpg 500w, https:\/\/europeansnowsport.com\/wp-content\/uploads\/Jonatan-2-800x534.jpg 800w, https:\/\/europeansnowsport.com\/wp-content\/uploads\/Jonatan-2-1280x855.jpg 1280w, https:\/\/europeansnowsport.com\/wp-content\/uploads\/Jonatan-2-1920x1282.jpg 1920w, https:\/\/europeansnowsport.com\/wp-content\/uploads\/Jonatan-2-600x400.jpg 600w\"><\/figure><div class=\"article__info\"><h3 class=\"article__title item-title-tag\"><a href=\"https:\/\/europeansnowsport.com\/sv\/ski_instructor\/jonatan-hartmann\/\" title=\"Jonatan Hartmann\" class=\"article__link main-link\">Jonatan Hartmann<\/a><\/h3><\/div><\/article><article class=\"post-22005 ski_instructor type-ski_instructor status-publish has-post-thumbnail ski_resorts-verbier entry has-link\" data-lps-id=\"22005\" role=\"listitem\"><figure class=\"article__image\"><img decoding=\"async\" src=\"https:\/\/europeansnowsport.com\/wp-content\/uploads\/Julian-1-scaled-e1709569221872-236x300.jpg\" class=\"lps-tile-main-image lps-custom-medium\" loading=\"lazy\" alt=\"Julian Griffiths\" width=\"236\" height=\"300\" srcset=\"https:\/\/europeansnowsport.com\/wp-content\/uploads\/Julian-1-scaled-e1709569221872-236x300.jpg 236w, https:\/\/europeansnowsport.com\/wp-content\/uploads\/Julian-1-scaled-e1709569221872-805x1024.jpg 805w, https:\/\/europeansnowsport.com\/wp-content\/uploads\/Julian-1-scaled-e1709569221872-768x977.jpg 768w, https:\/\/europeansnowsport.com\/wp-content\/uploads\/Julian-1-scaled-e1709569221872-500x636.jpg 500w, https:\/\/europeansnowsport.com\/wp-content\/uploads\/Julian-1-scaled-e1709569221872-800x1017.jpg 800w, https:\/\/europeansnowsport.com\/wp-content\/uploads\/Julian-1-scaled-e1709569221872.jpg 979w\"><\/figure><div class=\"article__info\"><h3 class=\"article__title item-title-tag\"><a href=\"https:\/\/europeansnowsport.com\/sv\/ski_instructor\/julian-griffiths\/\" title=\"Julian Griffiths\" class=\"article__link main-link\">Julian Griffiths<\/a><\/h3><\/div><\/article><article class=\"post-37593 ski_instructor type-ski_instructor status-publish has-post-thumbnail ski_resorts-verbier entry has-link\" data-lps-id=\"37593\" role=\"listitem\"><figure class=\"article__image\"><img decoding=\"async\" src=\"https:\/\/europeansnowsport.com\/wp-content\/uploads\/corduroy-73-home-mobile-251x300.jpg\" class=\"lps-tile-main-image lps-custom-medium\" loading=\"lazy\" alt=\"Juliette Lundstr\u00f6m\" width=\"251\" height=\"300\" srcset=\"https:\/\/europeansnowsport.com\/wp-content\/uploads\/corduroy-73-home-mobile-251x300.jpg 251w, https:\/\/europeansnowsport.com\/wp-content\/uploads\/corduroy-73-home-mobile-858x1024.jpg 858w, https:\/\/europeansnowsport.com\/wp-content\/uploads\/corduroy-73-home-mobile-768x916.jpg 768w, https:\/\/europeansnowsport.com\/wp-content\/uploads\/corduroy-73-home-mobile-500x597.jpg 500w, https:\/\/europeansnowsport.com\/wp-content\/uploads\/corduroy-73-home-mobile-800x954.jpg 800w, https:\/\/europeansnowsport.com\/wp-content\/uploads\/corduroy-73-home-mobile.jpg 1000w\"><\/figure><div class=\"article__info\"><h3 class=\"article__title item-title-tag\"><a href=\"https:\/\/europeansnowsport.com\/sv\/ski_instructor\/juliette-lundstom\/\" title=\"Juliette Lundstr\u00f6m\" class=\"article__link main-link\">Juliette Lundstr\u00f6m<\/a><\/h3><\/div><\/article><article class=\"post-10494 ski_instructor type-ski_instructor status-publish has-post-thumbnail ski_resorts-verbier entry has-link\" data-lps-id=\"10494\" role=\"listitem\"><figure class=\"article__image\"><img decoding=\"async\" src=\"https:\/\/europeansnowsport.com\/wp-content\/uploads\/\/full-size-69-200x300.jpg\" class=\"lps-tile-main-image lps-custom-medium\" loading=\"lazy\" alt=\"Kate St Clair Tisdall\" width=\"200\" height=\"300\" srcset=\"https:\/\/europeansnowsport.com\/wp-content\/uploads\/\/full-size-69-200x300.jpg 200w, https:\/\/europeansnowsport.com\/wp-content\/uploads\/\/full-size-69-683x1024.jpg 683w, https:\/\/europeansnowsport.com\/wp-content\/uploads\/\/full-size-69-768x1152.jpg 768w, https:\/\/europeansnowsport.com\/wp-content\/uploads\/\/full-size-69-1024x1536.jpg 1024w, https:\/\/europeansnowsport.com\/wp-content\/uploads\/\/full-size-69.jpg 1365w, https:\/\/europeansnowsport.com\/wp-content\/uploads\/\/full-size-69-1100x1650.jpg 1100w\"><\/figure><div class=\"article__info\"><h3 class=\"article__title item-title-tag\"><a href=\"https:\/\/europeansnowsport.com\/sv\/ski_instructor\/kate-tisdall\/\" title=\"Kate St Clair Tisdall\" class=\"article__link main-link\">Kate St Clair Tisdall<\/a><\/h3><\/div><\/article><article class=\"post-30100 ski_instructor type-ski_instructor status-publish has-post-thumbnail ski_resorts-verbier entry has-link\" data-lps-id=\"30100\" role=\"listitem\"><figure class=\"article__image\"><img decoding=\"async\" src=\"https:\/\/europeansnowsport.com\/wp-content\/uploads\/Klara-G.-new-273x300.jpg\" class=\"lps-tile-main-image lps-custom-medium\" loading=\"lazy\" alt=\"Klara Gombrii\" width=\"273\" height=\"300\" srcset=\"https:\/\/europeansnowsport.com\/wp-content\/uploads\/Klara-G.-new-273x300.jpg 273w, https:\/\/europeansnowsport.com\/wp-content\/uploads\/Klara-G.-new-933x1024.jpg 933w, https:\/\/europeansnowsport.com\/wp-content\/uploads\/Klara-G.-new-768x843.jpg 768w, https:\/\/europeansnowsport.com\/wp-content\/uploads\/Klara-G.-new-500x549.jpg 500w, https:\/\/europeansnowsport.com\/wp-content\/uploads\/Klara-G.-new-800x878.jpg 800w, https:\/\/europeansnowsport.com\/wp-content\/uploads\/Klara-G.-new.jpg 1166w\"><\/figure><div class=\"article__info\"><h3 class=\"article__title item-title-tag\"><a href=\"https:\/\/europeansnowsport.com\/sv\/ski_instructor\/klara-gombrii\/\" title=\"Klara Gombrii\" class=\"article__link main-link\">Klara Gombrii<\/a><\/h3><\/div><\/article><article class=\"post-33348 ski_instructor type-ski_instructor status-publish has-post-thumbnail ski_resorts-verbier entry has-link\" data-lps-id=\"33348\" role=\"listitem\"><figure class=\"article__image\"><img decoding=\"async\" src=\"https:\/\/europeansnowsport.com\/wp-content\/uploads\/Klara-Mortberg--scaled-e1734601223604-254x300.jpg\" class=\"lps-tile-main-image lps-custom-medium\" loading=\"lazy\" alt=\"Klara M\u00f6rtberg\" width=\"254\" height=\"300\" srcset=\"https:\/\/europeansnowsport.com\/wp-content\/uploads\/Klara-Mortberg--scaled-e1734601223604-254x300.jpg 254w, https:\/\/europeansnowsport.com\/wp-content\/uploads\/Klara-Mortberg--scaled-e1734601223604-868x1024.jpg 868w, https:\/\/europeansnowsport.com\/wp-content\/uploads\/Klara-Mortberg--scaled-e1734601223604-768x906.jpg 768w, https:\/\/europeansnowsport.com\/wp-content\/uploads\/Klara-Mortberg--scaled-e1734601223604-1301x1536.jpg 1301w, https:\/\/europeansnowsport.com\/wp-content\/uploads\/Klara-Mortberg--scaled-e1734601223604-500x590.jpg 500w, https:\/\/europeansnowsport.com\/wp-content\/uploads\/Klara-Mortberg--scaled-e1734601223604-800x944.jpg 800w, https:\/\/europeansnowsport.com\/wp-content\/uploads\/Klara-Mortberg--scaled-e1734601223604-1280x1511.jpg 1280w, https:\/\/europeansnowsport.com\/wp-content\/uploads\/Klara-Mortberg--scaled-e1734601223604.jpg 1365w\"><\/figure><div class=\"article__info\"><h3 class=\"article__title item-title-tag\"><a href=\"https:\/\/europeansnowsport.com\/sv\/ski_instructor\/klara-mortberg\/\" title=\"Klara M\u00f6rtberg\" class=\"article__link main-link\">Klara M\u00f6rtberg<\/a><\/h3><\/div><\/article><article class=\"post-33387 ski_instructor type-ski_instructor status-publish has-post-thumbnail ski_resorts-verbier entry has-link\" data-lps-id=\"33387\" role=\"listitem\"><figure class=\"article__image\"><img decoding=\"async\" src=\"https:\/\/europeansnowsport.com\/wp-content\/uploads\/Laia-Mas--scaled-e1734601814610-245x300.jpg\" class=\"lps-tile-main-image lps-custom-medium\" loading=\"lazy\" alt=\"Laia Mas\" width=\"245\" height=\"300\" srcset=\"https:\/\/europeansnowsport.com\/wp-content\/uploads\/Laia-Mas--scaled-e1734601814610-245x300.jpg 245w, https:\/\/europeansnowsport.com\/wp-content\/uploads\/Laia-Mas--scaled-e1734601814610-837x1024.jpg 837w, https:\/\/europeansnowsport.com\/wp-content\/uploads\/Laia-Mas--scaled-e1734601814610-768x939.jpg 768w, https:\/\/europeansnowsport.com\/wp-content\/uploads\/Laia-Mas--scaled-e1734601814610-1256x1536.jpg 1256w, https:\/\/europeansnowsport.com\/wp-content\/uploads\/Laia-Mas--scaled-e1734601814610-500x611.jpg 500w, https:\/\/europeansnowsport.com\/wp-content\/uploads\/Laia-Mas--scaled-e1734601814610-800x978.jpg 800w, https:\/\/europeansnowsport.com\/wp-content\/uploads\/Laia-Mas--scaled-e1734601814610-1280x1565.jpg 1280w, https:\/\/europeansnowsport.com\/wp-content\/uploads\/Laia-Mas--scaled-e1734601814610.jpg 1365w\"><\/figure><div class=\"article__info\"><h3 class=\"article__title item-title-tag\"><a href=\"https:\/\/europeansnowsport.com\/sv\/ski_instructor\/laia-mas\/\" title=\"Laia Mas\" class=\"article__link main-link\">Laia Mas<\/a><\/h3><\/div><\/article><article class=\"post-34032 ski_instructor type-ski_instructor status-publish has-post-thumbnail ski_resorts-verbier entry has-link\" data-lps-id=\"34032\" role=\"listitem\"><figure class=\"article__image\"><img decoding=\"async\" src=\"https:\/\/europeansnowsport.com\/wp-content\/uploads\/lianne-300x169.jpg\" class=\"lps-tile-main-image lps-custom-medium\" loading=\"lazy\" alt=\"Lianne Suijten\" width=\"300\" height=\"169\" srcset=\"https:\/\/europeansnowsport.com\/wp-content\/uploads\/lianne-300x169.jpg 300w, https:\/\/europeansnowsport.com\/wp-content\/uploads\/lianne-1024x576.jpg 1024w, https:\/\/europeansnowsport.com\/wp-content\/uploads\/lianne-768x432.jpg 768w, https:\/\/europeansnowsport.com\/wp-content\/uploads\/lianne-1536x864.jpg 1536w, https:\/\/europeansnowsport.com\/wp-content\/uploads\/lianne-500x281.jpg 500w, https:\/\/europeansnowsport.com\/wp-content\/uploads\/lianne-800x450.jpg 800w, https:\/\/europeansnowsport.com\/wp-content\/uploads\/lianne-1280x720.jpg 1280w, https:\/\/europeansnowsport.com\/wp-content\/uploads\/lianne.jpg 1920w\"><\/figure><div class=\"article__info\"><h3 class=\"article__title item-title-tag\"><a href=\"https:\/\/europeansnowsport.com\/sv\/ski_instructor\/lianne-suijten\/\" title=\"Lianne Suijten\" class=\"article__link main-link\">Lianne Suijten<\/a><\/h3><\/div><\/article><article class=\"post-37995 ski_instructor type-ski_instructor status-publish has-post-thumbnail ski_resorts-verbier entry has-link\" data-lps-id=\"37995\" role=\"listitem\"><figure class=\"article__image\"><img decoding=\"async\" src=\"https:\/\/europeansnowsport.com\/wp-content\/uploads\/WhatsApp-Image-2026-01-09-at-13.02.40-2-300x200.jpeg\" class=\"lps-tile-main-image lps-custom-medium\" loading=\"lazy\" alt=\"Lieneke van Ophem\" width=\"300\" height=\"200\" srcset=\"https:\/\/europeansnowsport.com\/wp-content\/uploads\/WhatsApp-Image-2026-01-09-at-13.02.40-2-300x200.jpeg 300w, https:\/\/europeansnowsport.com\/wp-content\/uploads\/WhatsApp-Image-2026-01-09-at-13.02.40-2-1024x684.jpeg 1024w, https:\/\/europeansnowsport.com\/wp-content\/uploads\/WhatsApp-Image-2026-01-09-at-13.02.40-2-768x513.jpeg 768w, https:\/\/europeansnowsport.com\/wp-content\/uploads\/WhatsApp-Image-2026-01-09-at-13.02.40-2-1536x1025.jpeg 1536w, https:\/\/europeansnowsport.com\/wp-content\/uploads\/WhatsApp-Image-2026-01-09-at-13.02.40-2-600x400.jpeg 600w, https:\/\/europeansnowsport.com\/wp-content\/uploads\/WhatsApp-Image-2026-01-09-at-13.02.40-2-500x334.jpeg 500w, https:\/\/europeansnowsport.com\/wp-content\/uploads\/WhatsApp-Image-2026-01-09-at-13.02.40-2-800x534.jpeg 800w, https:\/\/europeansnowsport.com\/wp-content\/uploads\/WhatsApp-Image-2026-01-09-at-13.02.40-2-1280x854.jpeg 1280w, https:\/\/europeansnowsport.com\/wp-content\/uploads\/WhatsApp-Image-2026-01-09-at-13.02.40-2.jpeg 1600w\"><\/figure><div class=\"article__info\"><h3 class=\"article__title item-title-tag\"><a href=\"https:\/\/europeansnowsport.com\/sv\/ski_instructor\/lienke-van-ophem\/\" title=\"Lieneke van Ophem\" class=\"article__link main-link\">Lieneke van Ophem<\/a><\/h3><\/div><\/article><article class=\"post-37423 ski_instructor type-ski_instructor status-publish has-post-thumbnail ski_resorts-verbier entry has-link\" data-lps-id=\"37423\" role=\"listitem\"><figure class=\"article__image\"><img decoding=\"async\" src=\"https:\/\/europeansnowsport.com\/wp-content\/uploads\/Line-VIg-225x300.jpg\" class=\"lps-tile-main-image lps-custom-medium\" loading=\"lazy\" alt=\"Line Vig\" width=\"225\" height=\"300\" srcset=\"https:\/\/europeansnowsport.com\/wp-content\/uploads\/Line-VIg-225x300.jpg 225w, https:\/\/europeansnowsport.com\/wp-content\/uploads\/Line-VIg-768x1024.jpg 768w, https:\/\/europeansnowsport.com\/wp-content\/uploads\/Line-VIg-1152x1536.jpg 1152w, https:\/\/europeansnowsport.com\/wp-content\/uploads\/Line-VIg-1536x2048.jpg 1536w, https:\/\/europeansnowsport.com\/wp-content\/uploads\/Line-VIg-500x667.jpg 500w, https:\/\/europeansnowsport.com\/wp-content\/uploads\/Line-VIg-800x1067.jpg 800w, https:\/\/europeansnowsport.com\/wp-content\/uploads\/Line-VIg-1280x1707.jpg 1280w, https:\/\/europeansnowsport.com\/wp-content\/uploads\/Line-VIg-scaled.jpg 1920w\"><\/figure><div class=\"article__info\"><h3 class=\"article__title item-title-tag\"><a href=\"https:\/\/europeansnowsport.com\/sv\/ski_instructor\/line-vig\/\" title=\"Line Vig\" class=\"article__link main-link\">Line Vig<\/a><\/h3><\/div><\/article><article class=\"post-30146 ski_instructor type-ski_instructor status-publish has-post-thumbnail ski_resorts-verbier entry has-link\" data-lps-id=\"30146\" role=\"listitem\"><figure class=\"article__image\"><img decoding=\"async\" src=\"https:\/\/europeansnowsport.com\/wp-content\/uploads\/Linus-1-300x200.jpg\" class=\"lps-tile-main-image lps-custom-medium\" loading=\"lazy\" alt=\"Linus Axelsson Bracco\" width=\"300\" height=\"200\" srcset=\"https:\/\/europeansnowsport.com\/wp-content\/uploads\/Linus-1-300x200.jpg 300w, https:\/\/europeansnowsport.com\/wp-content\/uploads\/Linus-1-1024x684.jpg 1024w, https:\/\/europeansnowsport.com\/wp-content\/uploads\/Linus-1-768x513.jpg 768w, https:\/\/europeansnowsport.com\/wp-content\/uploads\/Linus-1-1536x1026.jpg 1536w, https:\/\/europeansnowsport.com\/wp-content\/uploads\/Linus-1-scaled.jpg 2048w, https:\/\/europeansnowsport.com\/wp-content\/uploads\/Linus-1-500x334.jpg 500w, https:\/\/europeansnowsport.com\/wp-content\/uploads\/Linus-1-800x534.jpg 800w, https:\/\/europeansnowsport.com\/wp-content\/uploads\/Linus-1-1280x855.jpg 1280w, https:\/\/europeansnowsport.com\/wp-content\/uploads\/Linus-1-1920x1282.jpg 1920w, https:\/\/europeansnowsport.com\/wp-content\/uploads\/Linus-1-600x400.jpg 600w\"><\/figure><div class=\"article__info\"><h3 class=\"article__title item-title-tag\"><a href=\"https:\/\/europeansnowsport.com\/sv\/ski_instructor\/linus-axelsson-bracco\/\" title=\"Linus Axelsson Bracco\" class=\"article__link main-link\">Linus Axelsson Bracco<\/a><\/h3><\/div><\/article><article class=\"post-17548 ski_instructor type-ski_instructor status-publish has-post-thumbnail ski_resorts-verbier entry has-link\" data-lps-id=\"17548\" role=\"listitem\"><figure class=\"article__image\"><img decoding=\"async\" src=\"https:\/\/europeansnowsport.com\/wp-content\/uploads\/Luke-Dobney--scaled-e1734601318606-239x300.jpg\" class=\"lps-tile-main-image lps-custom-medium\" loading=\"lazy\" alt=\"Luke Dobney\" width=\"239\" height=\"300\" srcset=\"https:\/\/europeansnowsport.com\/wp-content\/uploads\/Luke-Dobney--scaled-e1734601318606-239x300.jpg 239w, https:\/\/europeansnowsport.com\/wp-content\/uploads\/Luke-Dobney--scaled-e1734601318606-815x1024.jpg 815w, https:\/\/europeansnowsport.com\/wp-content\/uploads\/Luke-Dobney--scaled-e1734601318606-768x965.jpg 768w, https:\/\/europeansnowsport.com\/wp-content\/uploads\/Luke-Dobney--scaled-e1734601318606-1222x1536.jpg 1222w, https:\/\/europeansnowsport.com\/wp-content\/uploads\/Luke-Dobney--scaled-e1734601318606-500x629.jpg 500w, https:\/\/europeansnowsport.com\/wp-content\/uploads\/Luke-Dobney--scaled-e1734601318606-800x1006.jpg 800w, https:\/\/europeansnowsport.com\/wp-content\/uploads\/Luke-Dobney--scaled-e1734601318606-1280x1609.jpg 1280w, https:\/\/europeansnowsport.com\/wp-content\/uploads\/Luke-Dobney--scaled-e1734601318606.jpg 1365w\"><\/figure><div class=\"article__info\"><h3 class=\"article__title item-title-tag\"><a href=\"https:\/\/europeansnowsport.com\/sv\/ski_instructor\/luke-dobney\/\" title=\"Luke Dobney\" class=\"article__link main-link\">Luke Dobney<\/a><\/h3><\/div><\/article><article class=\"post-30155 ski_instructor type-ski_instructor status-publish has-post-thumbnail ski_resorts-verbier entry has-link\" data-lps-id=\"30155\" role=\"listitem\"><figure class=\"article__image\"><img decoding=\"async\" src=\"https:\/\/europeansnowsport.com\/wp-content\/uploads\/Marc-Dean--scaled-e1734602150125-234x300.jpg\" class=\"lps-tile-main-image lps-custom-medium\" loading=\"lazy\" alt=\"Marc Dean\" width=\"234\" height=\"300\" srcset=\"https:\/\/europeansnowsport.com\/wp-content\/uploads\/Marc-Dean--scaled-e1734602150125-234x300.jpg 234w, https:\/\/europeansnowsport.com\/wp-content\/uploads\/Marc-Dean--scaled-e1734602150125-798x1024.jpg 798w, https:\/\/europeansnowsport.com\/wp-content\/uploads\/Marc-Dean--scaled-e1734602150125-768x985.jpg 768w, https:\/\/europeansnowsport.com\/wp-content\/uploads\/Marc-Dean--scaled-e1734602150125-1197x1536.jpg 1197w, https:\/\/europeansnowsport.com\/wp-content\/uploads\/Marc-Dean--scaled-e1734602150125-500x641.jpg 500w, https:\/\/europeansnowsport.com\/wp-content\/uploads\/Marc-Dean--scaled-e1734602150125-800x1026.jpg 800w, https:\/\/europeansnowsport.com\/wp-content\/uploads\/Marc-Dean--scaled-e1734602150125-1280x1642.jpg 1280w, https:\/\/europeansnowsport.com\/wp-content\/uploads\/Marc-Dean--scaled-e1734602150125.jpg 1365w\"><\/figure><div class=\"article__info\"><h3 class=\"article__title item-title-tag\"><a href=\"https:\/\/europeansnowsport.com\/sv\/ski_instructor\/marc-dean\/\" title=\"Marc Dean\" class=\"article__link main-link\">Marc Dean<\/a><\/h3><\/div><\/article><article class=\"post-37431 ski_instructor type-ski_instructor status-publish has-post-thumbnail ski_resorts-verbier entry has-link\" data-lps-id=\"37431\" role=\"listitem\"><figure class=\"article__image\"><img decoding=\"async\" src=\"https:\/\/europeansnowsport.com\/wp-content\/uploads\/Martina-Frassine-good-225x300.jpg\" class=\"lps-tile-main-image lps-custom-medium\" loading=\"lazy\" alt=\"Martina Frassine\" width=\"225\" height=\"300\" srcset=\"https:\/\/europeansnowsport.com\/wp-content\/uploads\/Martina-Frassine-good-225x300.jpg 225w, https:\/\/europeansnowsport.com\/wp-content\/uploads\/Martina-Frassine-good-768x1024.jpg 768w, https:\/\/europeansnowsport.com\/wp-content\/uploads\/Martina-Frassine-good-1152x1536.jpg 1152w, https:\/\/europeansnowsport.com\/wp-content\/uploads\/Martina-Frassine-good-1536x2048.jpg 1536w, https:\/\/europeansnowsport.com\/wp-content\/uploads\/Martina-Frassine-good-500x667.jpg 500w, https:\/\/europeansnowsport.com\/wp-content\/uploads\/Martina-Frassine-good-800x1067.jpg 800w, https:\/\/europeansnowsport.com\/wp-content\/uploads\/Martina-Frassine-good-1280x1707.jpg 1280w, https:\/\/europeansnowsport.com\/wp-content\/uploads\/Martina-Frassine-good-scaled.jpg 1920w\"><\/figure><div class=\"article__info\"><h3 class=\"article__title item-title-tag\"><a href=\"https:\/\/europeansnowsport.com\/sv\/ski_instructor\/martina-frassine\/\" title=\"Martina Frassine\" class=\"article__link main-link\">Martina Frassine<\/a><\/h3><\/div><\/article><article class=\"post-30122 ski_instructor type-ski_instructor status-publish has-post-thumbnail ski_resorts-verbier entry has-link\" data-lps-id=\"30122\" role=\"listitem\"><figure class=\"article__image\"><img decoding=\"async\" src=\"https:\/\/europeansnowsport.com\/wp-content\/uploads\/Matilda-Scott-300x200.jpg\" class=\"lps-tile-main-image lps-custom-medium\" loading=\"lazy\" alt=\"Matilda Scott\" width=\"300\" height=\"200\" srcset=\"https:\/\/europeansnowsport.com\/wp-content\/uploads\/Matilda-Scott-300x200.jpg 300w, https:\/\/europeansnowsport.com\/wp-content\/uploads\/Matilda-Scott-1024x684.jpg 1024w, https:\/\/europeansnowsport.com\/wp-content\/uploads\/Matilda-Scott-768x513.jpg 768w, https:\/\/europeansnowsport.com\/wp-content\/uploads\/Matilda-Scott-1536x1026.jpg 1536w, https:\/\/europeansnowsport.com\/wp-content\/uploads\/Matilda-Scott-scaled.jpg 2048w, https:\/\/europeansnowsport.com\/wp-content\/uploads\/Matilda-Scott-500x334.jpg 500w, https:\/\/europeansnowsport.com\/wp-content\/uploads\/Matilda-Scott-800x534.jpg 800w, https:\/\/europeansnowsport.com\/wp-content\/uploads\/Matilda-Scott-1280x855.jpg 1280w, https:\/\/europeansnowsport.com\/wp-content\/uploads\/Matilda-Scott-1920x1282.jpg 1920w, https:\/\/europeansnowsport.com\/wp-content\/uploads\/Matilda-Scott-600x400.jpg 600w\"><\/figure><div class=\"article__info\"><h3 class=\"article__title item-title-tag\"><a href=\"https:\/\/europeansnowsport.com\/sv\/ski_instructor\/matilda-scott\/\" title=\"Matilda Scott\" class=\"article__link main-link\">Matilda Scott<\/a><\/h3><\/div><\/article><article class=\"post-37425 ski_instructor type-ski_instructor status-publish has-post-thumbnail ski_resorts-verbier entry has-link\" data-lps-id=\"37425\" role=\"listitem\"><figure class=\"article__image\"><img decoding=\"async\" src=\"https:\/\/europeansnowsport.com\/wp-content\/uploads\/Matilde-Agapito-225x300.jpeg\" class=\"lps-tile-main-image lps-custom-medium\" loading=\"lazy\" alt=\"Matilde Agapito\" width=\"225\" height=\"300\" srcset=\"https:\/\/europeansnowsport.com\/wp-content\/uploads\/Matilde-Agapito-225x300.jpeg 225w, https:\/\/europeansnowsport.com\/wp-content\/uploads\/Matilde-Agapito-768x1024.jpeg 768w, https:\/\/europeansnowsport.com\/wp-content\/uploads\/Matilde-Agapito-1152x1536.jpeg 1152w, https:\/\/europeansnowsport.com\/wp-content\/uploads\/Matilde-Agapito-500x667.jpeg 500w, https:\/\/europeansnowsport.com\/wp-content\/uploads\/Matilde-Agapito-800x1067.jpeg 800w, https:\/\/europeansnowsport.com\/wp-content\/uploads\/Matilde-Agapito.jpeg 1200w\"><\/figure><div class=\"article__info\"><h3 class=\"article__title item-title-tag\"><a href=\"https:\/\/europeansnowsport.com\/sv\/ski_instructor\/matilde-agapito\/\" title=\"Matilde Agapito\" class=\"article__link main-link\">Matilde Agapito<\/a><\/h3><\/div><\/article><article class=\"post-25219 ski_instructor type-ski_instructor status-publish has-post-thumbnail ski_resorts-verbier entry has-link\" data-lps-id=\"25219\" role=\"listitem\"><figure class=\"article__image\"><img decoding=\"async\" src=\"https:\/\/europeansnowsport.com\/wp-content\/uploads\/Mattia-Frigerio--scaled-e1734603094765-252x300.jpg\" class=\"lps-tile-main-image lps-custom-medium\" loading=\"lazy\" alt=\"Mattia Frigerio\" width=\"252\" height=\"300\" srcset=\"https:\/\/europeansnowsport.com\/wp-content\/uploads\/Mattia-Frigerio--scaled-e1734603094765-252x300.jpg 252w, https:\/\/europeansnowsport.com\/wp-content\/uploads\/Mattia-Frigerio--scaled-e1734603094765-861x1024.jpg 861w, https:\/\/europeansnowsport.com\/wp-content\/uploads\/Mattia-Frigerio--scaled-e1734603094765-768x914.jpg 768w, https:\/\/europeansnowsport.com\/wp-content\/uploads\/Mattia-Frigerio--scaled-e1734603094765-1291x1536.jpg 1291w, https:\/\/europeansnowsport.com\/wp-content\/uploads\/Mattia-Frigerio--scaled-e1734603094765-500x595.jpg 500w, https:\/\/europeansnowsport.com\/wp-content\/uploads\/Mattia-Frigerio--scaled-e1734603094765-800x952.jpg 800w, https:\/\/europeansnowsport.com\/wp-content\/uploads\/Mattia-Frigerio--scaled-e1734603094765-1280x1523.jpg 1280w, https:\/\/europeansnowsport.com\/wp-content\/uploads\/Mattia-Frigerio--scaled-e1734603094765.jpg 1365w\"><\/figure><div class=\"article__info\"><h3 class=\"article__title item-title-tag\"><a href=\"https:\/\/europeansnowsport.com\/sv\/ski_instructor\/mattia-frigerio\/\" title=\"Mattia Frigerio\" class=\"article__link main-link\">Mattia Frigerio<\/a><\/h3><\/div><\/article><article class=\"post-37443 ski_instructor type-ski_instructor status-publish has-post-thumbnail ski_resorts-verbier entry has-link\" data-lps-id=\"37443\" role=\"listitem\"><figure class=\"article__image\"><img decoding=\"async\" src=\"https:\/\/europeansnowsport.com\/wp-content\/uploads\/Moa-W-225x300.jpeg\" class=\"lps-tile-main-image lps-custom-medium\" loading=\"lazy\" alt=\"Moa Karlsson\" width=\"225\" height=\"300\" srcset=\"https:\/\/europeansnowsport.com\/wp-content\/uploads\/Moa-W-225x300.jpeg 225w, https:\/\/europeansnowsport.com\/wp-content\/uploads\/Moa-W-768x1024.jpeg 768w, https:\/\/europeansnowsport.com\/wp-content\/uploads\/Moa-W-1152x1536.jpeg 1152w, https:\/\/europeansnowsport.com\/wp-content\/uploads\/Moa-W-500x667.jpeg 500w, https:\/\/europeansnowsport.com\/wp-content\/uploads\/Moa-W-800x1067.jpeg 800w, https:\/\/europeansnowsport.com\/wp-content\/uploads\/Moa-W.jpeg 1200w\"><\/figure><div class=\"article__info\"><h3 class=\"article__title item-title-tag\"><a href=\"https:\/\/europeansnowsport.com\/sv\/ski_instructor\/moa-karlsson\/\" title=\"Moa Karlsson\" class=\"article__link main-link\">Moa Karlsson<\/a><\/h3><\/div><\/article><article class=\"post-37597 ski_instructor type-ski_instructor status-publish has-post-thumbnail ski_resorts-verbier entry has-link\" data-lps-id=\"37597\" role=\"listitem\"><figure class=\"article__image\"><img decoding=\"async\" src=\"https:\/\/europeansnowsport.com\/wp-content\/uploads\/Muireann-169x300.jpg\" class=\"lps-tile-main-image lps-custom-medium\" loading=\"lazy\" alt=\"Muireann Dennehy\" width=\"169\" height=\"300\" srcset=\"https:\/\/europeansnowsport.com\/wp-content\/uploads\/Muireann-169x300.jpg 169w, https:\/\/europeansnowsport.com\/wp-content\/uploads\/Muireann-576x1024.jpg 576w, https:\/\/europeansnowsport.com\/wp-content\/uploads\/Muireann-768x1365.jpg 768w, https:\/\/europeansnowsport.com\/wp-content\/uploads\/Muireann-864x1536.jpg 864w, https:\/\/europeansnowsport.com\/wp-content\/uploads\/Muireann-500x889.jpg 500w, https:\/\/europeansnowsport.com\/wp-content\/uploads\/Muireann-800x1422.jpg 800w, https:\/\/europeansnowsport.com\/wp-content\/uploads\/Muireann.jpg 1134w\"><\/figure><div class=\"article__info\"><h3 class=\"article__title item-title-tag\"><a href=\"https:\/\/europeansnowsport.com\/sv\/ski_instructor\/muireann-dennehy\/\" title=\"Muireann Dennehy\" class=\"article__link main-link\">Muireann Dennehy<\/a><\/h3><\/div><\/article><article class=\"post-25774 ski_instructor type-ski_instructor status-publish has-post-thumbnail ski_resorts-verbier entry has-link\" data-lps-id=\"25774\" role=\"listitem\"><figure class=\"article__image\"><img decoding=\"async\" src=\"https:\/\/europeansnowsport.com\/wp-content\/uploads\/Nelly-Westermann-1000x1000-1-300x300.jpg\" class=\"lps-tile-main-image lps-custom-medium\" loading=\"lazy\" alt=\"Nelly Westermann\" width=\"300\" height=\"300\" srcset=\"https:\/\/europeansnowsport.com\/wp-content\/uploads\/Nelly-Westermann-1000x1000-1-300x300.jpg 300w, https:\/\/europeansnowsport.com\/wp-content\/uploads\/Nelly-Westermann-1000x1000-1-150x150.jpg 150w, https:\/\/europeansnowsport.com\/wp-content\/uploads\/Nelly-Westermann-1000x1000-1-768x768.jpg 768w, https:\/\/europeansnowsport.com\/wp-content\/uploads\/Nelly-Westermann-1000x1000-1-500x500.jpg 500w, https:\/\/europeansnowsport.com\/wp-content\/uploads\/Nelly-Westermann-1000x1000-1-800x800.jpg 800w, https:\/\/europeansnowsport.com\/wp-content\/uploads\/Nelly-Westermann-1000x1000-1-75x75.jpg 75w, https:\/\/europeansnowsport.com\/wp-content\/uploads\/Nelly-Westermann-1000x1000-1-600x600.jpg 600w, https:\/\/europeansnowsport.com\/wp-content\/uploads\/Nelly-Westermann-1000x1000-1.jpg 1000w\"><\/figure><div class=\"article__info\"><h3 class=\"article__title item-title-tag\"><a href=\"https:\/\/europeansnowsport.com\/sv\/ski_instructor\/nelly-westermann\/\" title=\"Nelly Westermann\" class=\"article__link main-link\">Nelly Westermann<\/a><\/h3><\/div><\/article><article class=\"post-37601 ski_instructor type-ski_instructor status-publish has-post-thumbnail ski_resorts-verbier entry has-link\" data-lps-id=\"37601\" role=\"listitem\"><figure class=\"article__image\"><img decoding=\"async\" src=\"https:\/\/europeansnowsport.com\/wp-content\/uploads\/corduroy-73-home-mobile-251x300.jpg\" class=\"lps-tile-main-image lps-custom-medium\" loading=\"lazy\" alt=\"Nora Brumer\" width=\"251\" height=\"300\" srcset=\"https:\/\/europeansnowsport.com\/wp-content\/uploads\/corduroy-73-home-mobile-251x300.jpg 251w, https:\/\/europeansnowsport.com\/wp-content\/uploads\/corduroy-73-home-mobile-858x1024.jpg 858w, https:\/\/europeansnowsport.com\/wp-content\/uploads\/corduroy-73-home-mobile-768x916.jpg 768w, https:\/\/europeansnowsport.com\/wp-content\/uploads\/corduroy-73-home-mobile-500x597.jpg 500w, https:\/\/europeansnowsport.com\/wp-content\/uploads\/corduroy-73-home-mobile-800x954.jpg 800w, https:\/\/europeansnowsport.com\/wp-content\/uploads\/corduroy-73-home-mobile.jpg 1000w\"><\/figure><div class=\"article__info\"><h3 class=\"article__title item-title-tag\"><a href=\"https:\/\/europeansnowsport.com\/sv\/ski_instructor\/nora-brumer\/\" title=\"Nora Brumer\" class=\"article__link main-link\">Nora Brumer<\/a><\/h3><\/div><\/article><article class=\"post-26075 ski_instructor type-ski_instructor status-publish has-post-thumbnail ski_resorts-verbier entry has-link\" data-lps-id=\"26075\" role=\"listitem\"><figure class=\"article__image\"><img decoding=\"async\" src=\"https:\/\/europeansnowsport.com\/wp-content\/uploads\/Olle-Lundstrom-300x200.jpg\" class=\"lps-tile-main-image lps-custom-medium\" loading=\"lazy\" alt=\"Olle Lundstr\u00f6m\" width=\"300\" height=\"200\" srcset=\"https:\/\/europeansnowsport.com\/wp-content\/uploads\/Olle-Lundstrom-300x200.jpg 300w, https:\/\/europeansnowsport.com\/wp-content\/uploads\/Olle-Lundstrom-1024x684.jpg 1024w, https:\/\/europeansnowsport.com\/wp-content\/uploads\/Olle-Lundstrom-768x513.jpg 768w, https:\/\/europeansnowsport.com\/wp-content\/uploads\/Olle-Lundstrom-1536x1026.jpg 1536w, https:\/\/europeansnowsport.com\/wp-content\/uploads\/Olle-Lundstrom-scaled.jpg 2048w, https:\/\/europeansnowsport.com\/wp-content\/uploads\/Olle-Lundstrom-500x334.jpg 500w, https:\/\/europeansnowsport.com\/wp-content\/uploads\/Olle-Lundstrom-800x534.jpg 800w, https:\/\/europeansnowsport.com\/wp-content\/uploads\/Olle-Lundstrom-1280x855.jpg 1280w, https:\/\/europeansnowsport.com\/wp-content\/uploads\/Olle-Lundstrom-1920x1282.jpg 1920w, https:\/\/europeansnowsport.com\/wp-content\/uploads\/Olle-Lundstrom-600x400.jpg 600w\"><\/figure><div class=\"article__info\"><h3 class=\"article__title item-title-tag\"><a href=\"https:\/\/europeansnowsport.com\/sv\/ski_instructor\/olle-lundstrom\/\" title=\"Olle Lundstr\u00f6m\" class=\"article__link main-link\">Olle Lundstr\u00f6m<\/a><\/h3><\/div><\/article><article class=\"post-26165 ski_instructor type-ski_instructor status-publish has-post-thumbnail ski_resorts-verbier entry has-link\" data-lps-id=\"26165\" role=\"listitem\"><figure class=\"article__image\"><img decoding=\"async\" src=\"https:\/\/europeansnowsport.com\/wp-content\/uploads\/7BAE0BAB-2750-478F-826C-5BB5094AEFB9-209x300.jpeg\" class=\"lps-tile-main-image lps-custom-medium\" loading=\"lazy\" alt=\"Oskar Bergstr\u00f6m\" width=\"209\" height=\"300\" srcset=\"https:\/\/europeansnowsport.com\/wp-content\/uploads\/7BAE0BAB-2750-478F-826C-5BB5094AEFB9-209x300.jpeg 209w, https:\/\/europeansnowsport.com\/wp-content\/uploads\/7BAE0BAB-2750-478F-826C-5BB5094AEFB9-715x1024.jpeg 715w, https:\/\/europeansnowsport.com\/wp-content\/uploads\/7BAE0BAB-2750-478F-826C-5BB5094AEFB9-768x1100.jpeg 768w, https:\/\/europeansnowsport.com\/wp-content\/uploads\/7BAE0BAB-2750-478F-826C-5BB5094AEFB9-1072x1536.jpeg 1072w, https:\/\/europeansnowsport.com\/wp-content\/uploads\/7BAE0BAB-2750-478F-826C-5BB5094AEFB9-1430x2048.jpeg 1430w, https:\/\/europeansnowsport.com\/wp-content\/uploads\/7BAE0BAB-2750-478F-826C-5BB5094AEFB9-1100x1576.jpeg 1100w, https:\/\/europeansnowsport.com\/wp-content\/uploads\/7BAE0BAB-2750-478F-826C-5BB5094AEFB9.jpeg 1565w\"><\/figure><div class=\"article__info\"><h3 class=\"article__title item-title-tag\"><a href=\"https:\/\/europeansnowsport.com\/sv\/ski_instructor\/oskar-bergstrom\/\" title=\"Oskar Bergstr\u00f6m\" class=\"article__link main-link\">Oskar Bergstr\u00f6m<\/a><\/h3><\/div><\/article><article class=\"post-37585 ski_instructor type-ski_instructor status-publish has-post-thumbnail ski_resorts-verbier entry has-link\" data-lps-id=\"37585\" role=\"listitem\"><figure class=\"article__image\"><img decoding=\"async\" src=\"https:\/\/europeansnowsport.com\/wp-content\/uploads\/corduroy-73-home-mobile-251x300.jpg\" class=\"lps-tile-main-image lps-custom-medium\" loading=\"lazy\" alt=\"Sandrine Proudlove\" width=\"251\" height=\"300\" srcset=\"https:\/\/europeansnowsport.com\/wp-content\/uploads\/corduroy-73-home-mobile-251x300.jpg 251w, https:\/\/europeansnowsport.com\/wp-content\/uploads\/corduroy-73-home-mobile-858x1024.jpg 858w, https:\/\/europeansnowsport.com\/wp-content\/uploads\/corduroy-73-home-mobile-768x916.jpg 768w, https:\/\/europeansnowsport.com\/wp-content\/uploads\/corduroy-73-home-mobile-500x597.jpg 500w, https:\/\/europeansnowsport.com\/wp-content\/uploads\/corduroy-73-home-mobile-800x954.jpg 800w, https:\/\/europeansnowsport.com\/wp-content\/uploads\/corduroy-73-home-mobile.jpg 1000w\"><\/figure><div class=\"article__info\"><h3 class=\"article__title item-title-tag\"><a href=\"https:\/\/europeansnowsport.com\/sv\/ski_instructor\/sandrine-proudlove\/\" title=\"Sandrine Proudlove\" class=\"article__link main-link\">Sandrine Proudlove<\/a><\/h3><\/div><\/article><article class=\"post-22014 ski_instructor type-ski_instructor status-publish has-post-thumbnail ski_resorts-verbier entry has-link\" data-lps-id=\"22014\" role=\"listitem\"><figure class=\"article__image\"><img decoding=\"async\" src=\"https:\/\/europeansnowsport.com\/wp-content\/uploads\/Sandy-McLaren-300x300.jpg\" class=\"lps-tile-main-image lps-custom-medium\" loading=\"lazy\" alt=\"Sandy MacLaren\" width=\"300\" height=\"300\" srcset=\"https:\/\/europeansnowsport.com\/wp-content\/uploads\/Sandy-McLaren-300x300.jpg 300w, https:\/\/europeansnowsport.com\/wp-content\/uploads\/Sandy-McLaren-150x150.jpg 150w, https:\/\/europeansnowsport.com\/wp-content\/uploads\/Sandy-McLaren-768x768.jpg 768w, https:\/\/europeansnowsport.com\/wp-content\/uploads\/Sandy-McLaren.jpg 874w\"><\/figure><div class=\"article__info\"><h3 class=\"article__title item-title-tag\"><a href=\"https:\/\/europeansnowsport.com\/sv\/ski_instructor\/sandy-maclaren\/\" title=\"Sandy MacLaren\" class=\"article__link main-link\">Sandy MacLaren<\/a><\/h3><\/div><\/article><article class=\"post-37997 ski_instructor type-ski_instructor status-publish has-post-thumbnail ski_resorts-verbier entry has-link\" data-lps-id=\"37997\" role=\"listitem\"><figure class=\"article__image\"><img decoding=\"async\" src=\"https:\/\/europeansnowsport.com\/wp-content\/uploads\/ES-Website-default-profile-251x300.jpg\" class=\"lps-tile-main-image lps-custom-medium\" loading=\"lazy\" alt=\"Sixten Lundstr\u00f6m\" width=\"251\" height=\"300\" srcset=\"https:\/\/europeansnowsport.com\/wp-content\/uploads\/ES-Website-default-profile-251x300.jpg 251w, https:\/\/europeansnowsport.com\/wp-content\/uploads\/ES-Website-default-profile-858x1024.jpg 858w, https:\/\/europeansnowsport.com\/wp-content\/uploads\/ES-Website-default-profile-768x916.jpg 768w, https:\/\/europeansnowsport.com\/wp-content\/uploads\/ES-Website-default-profile-500x597.jpg 500w, https:\/\/europeansnowsport.com\/wp-content\/uploads\/ES-Website-default-profile-800x954.jpg 800w, https:\/\/europeansnowsport.com\/wp-content\/uploads\/ES-Website-default-profile.jpg 1000w\"><\/figure><div class=\"article__info\"><h3 class=\"article__title item-title-tag\"><a href=\"https:\/\/europeansnowsport.com\/sv\/ski_instructor\/sixten-lundstrom\/\" title=\"Sixten Lundstr\u00f6m\" class=\"article__link main-link\">Sixten Lundstr\u00f6m<\/a><\/h3><\/div><\/article><article class=\"post-16022 ski_instructor type-ski_instructor status-publish has-post-thumbnail ski_resorts-verbier entry has-link\" data-lps-id=\"16022\" role=\"listitem\"><figure class=\"article__image\"><img decoding=\"async\" src=\"https:\/\/europeansnowsport.com\/wp-content\/uploads\/Steph-1-2-300x200.jpg\" class=\"lps-tile-main-image lps-custom-medium\" loading=\"lazy\" alt=\"Stephanie Mugnier\" width=\"300\" height=\"200\" srcset=\"https:\/\/europeansnowsport.com\/wp-content\/uploads\/Steph-1-2-300x200.jpg 300w, https:\/\/europeansnowsport.com\/wp-content\/uploads\/Steph-1-2-1024x684.jpg 1024w, https:\/\/europeansnowsport.com\/wp-content\/uploads\/Steph-1-2-768x513.jpg 768w, https:\/\/europeansnowsport.com\/wp-content\/uploads\/Steph-1-2-1536x1026.jpg 1536w, https:\/\/europeansnowsport.com\/wp-content\/uploads\/Steph-1-2-scaled.jpg 2048w, https:\/\/europeansnowsport.com\/wp-content\/uploads\/Steph-1-2-500x334.jpg 500w, https:\/\/europeansnowsport.com\/wp-content\/uploads\/Steph-1-2-800x534.jpg 800w, https:\/\/europeansnowsport.com\/wp-content\/uploads\/Steph-1-2-1280x855.jpg 1280w, https:\/\/europeansnowsport.com\/wp-content\/uploads\/Steph-1-2-1920x1283.jpg 1920w, https:\/\/europeansnowsport.com\/wp-content\/uploads\/Steph-1-2-600x400.jpg 600w\"><\/figure><div class=\"article__info\"><h3 class=\"article__title item-title-tag\"><a href=\"https:\/\/europeansnowsport.com\/sv\/ski_instructor\/stephanie-mugnier\/\" title=\"Stephanie Mugnier\" class=\"article__link main-link\">Stephanie Mugnier<\/a><\/h3><\/div><\/article><article class=\"post-26076 ski_instructor type-ski_instructor status-publish has-post-thumbnail ski_resorts-verbier entry has-link\" data-lps-id=\"26076\" role=\"listitem\"><figure class=\"article__image\"><img decoding=\"async\" src=\"https:\/\/europeansnowsport.com\/wp-content\/uploads\/Headshots-17-300x200.jpg\" class=\"lps-tile-main-image lps-custom-medium\" loading=\"lazy\" alt=\"Steve Hindman\" width=\"300\" height=\"200\" srcset=\"https:\/\/europeansnowsport.com\/wp-content\/uploads\/Headshots-17-300x200.jpg 300w, https:\/\/europeansnowsport.com\/wp-content\/uploads\/Headshots-17-1024x684.jpg 1024w, https:\/\/europeansnowsport.com\/wp-content\/uploads\/Headshots-17-768x513.jpg 768w, https:\/\/europeansnowsport.com\/wp-content\/uploads\/Headshots-17-1536x1026.jpg 1536w, https:\/\/europeansnowsport.com\/wp-content\/uploads\/Headshots-17.jpg 2048w, https:\/\/europeansnowsport.com\/wp-content\/uploads\/Headshots-17-1100x735.jpg 1100w\"><\/figure><div class=\"article__info\"><h3 class=\"article__title item-title-tag\"><a href=\"https:\/\/europeansnowsport.com\/sv\/ski_instructor\/steve-hindman-2\/\" title=\"Steve Hindman\" class=\"article__link main-link\">Steve Hindman<\/a><\/h3><\/div><\/article><article class=\"post-25805 ski_instructor type-ski_instructor status-publish has-post-thumbnail ski_resorts-verbier entry has-link\" data-lps-id=\"25805\" role=\"listitem\"><figure class=\"article__image\"><img decoding=\"async\" src=\"https:\/\/europeansnowsport.com\/wp-content\/uploads\/Stuart-Robertson-cropped-300x300.png\" class=\"lps-tile-main-image lps-custom-medium\" loading=\"lazy\" alt=\"Stuart Robertson\" width=\"300\" height=\"300\" srcset=\"https:\/\/europeansnowsport.com\/wp-content\/uploads\/Stuart-Robertson-cropped-300x300.png 300w, https:\/\/europeansnowsport.com\/wp-content\/uploads\/Stuart-Robertson-cropped-150x150.png 150w, https:\/\/europeansnowsport.com\/wp-content\/uploads\/Stuart-Robertson-cropped.png 670w\"><\/figure><div class=\"article__info\"><h3 class=\"article__title item-title-tag\"><a href=\"https:\/\/europeansnowsport.com\/sv\/ski_instructor\/stuart-robertson-2\/\" title=\"Stuart Robertson\" class=\"article__link main-link\">Stuart Robertson<\/a><\/h3><\/div><\/article><article class=\"post-37435 ski_instructor type-ski_instructor status-publish has-post-thumbnail ski_resorts-verbier entry has-link\" data-lps-id=\"37435\" role=\"listitem\"><figure class=\"article__image\"><img decoding=\"async\" src=\"https:\/\/europeansnowsport.com\/wp-content\/uploads\/teo-b-225x300.jpeg\" class=\"lps-tile-main-image lps-custom-medium\" loading=\"lazy\" alt=\"Teo Beinhoff\" width=\"225\" height=\"300\" srcset=\"https:\/\/europeansnowsport.com\/wp-content\/uploads\/teo-b-225x300.jpeg 225w, https:\/\/europeansnowsport.com\/wp-content\/uploads\/teo-b-768x1024.jpeg 768w, https:\/\/europeansnowsport.com\/wp-content\/uploads\/teo-b-1152x1536.jpeg 1152w, https:\/\/europeansnowsport.com\/wp-content\/uploads\/teo-b-500x667.jpeg 500w, https:\/\/europeansnowsport.com\/wp-content\/uploads\/teo-b-800x1067.jpeg 800w, https:\/\/europeansnowsport.com\/wp-content\/uploads\/teo-b.jpeg 1200w\"><\/figure><div class=\"article__info\"><h3 class=\"article__title item-title-tag\"><a href=\"https:\/\/europeansnowsport.com\/sv\/ski_instructor\/teo-beinhoff\/\" title=\"Teo Beinhoff\" class=\"article__link main-link\">Teo Beinhoff<\/a><\/h3><\/div><\/article><article class=\"post-37441 ski_instructor type-ski_instructor status-publish has-post-thumbnail ski_resorts-verbier entry has-link\" data-lps-id=\"37441\" role=\"listitem\"><figure class=\"article__image\"><img decoding=\"async\" src=\"https:\/\/europeansnowsport.com\/wp-content\/uploads\/theo-j-225x300.jpeg\" class=\"lps-tile-main-image lps-custom-medium\" loading=\"lazy\" alt=\"Theo Jaegerfalk\" width=\"225\" height=\"300\" srcset=\"https:\/\/europeansnowsport.com\/wp-content\/uploads\/theo-j-225x300.jpeg 225w, https:\/\/europeansnowsport.com\/wp-content\/uploads\/theo-j-768x1024.jpeg 768w, https:\/\/europeansnowsport.com\/wp-content\/uploads\/theo-j-1152x1536.jpeg 1152w, https:\/\/europeansnowsport.com\/wp-content\/uploads\/theo-j-500x667.jpeg 500w, https:\/\/europeansnowsport.com\/wp-content\/uploads\/theo-j-800x1067.jpeg 800w, https:\/\/europeansnowsport.com\/wp-content\/uploads\/theo-j.jpeg 1200w\"><\/figure><div class=\"article__info\"><h3 class=\"article__title item-title-tag\"><a href=\"https:\/\/europeansnowsport.com\/sv\/ski_instructor\/theo-jaegerfalk\/\" title=\"Theo Jaegerfalk\" class=\"article__link main-link\">Theo Jaegerfalk<\/a><\/h3><\/div><\/article><article class=\"post-37595 ski_instructor type-ski_instructor status-publish has-post-thumbnail ski_resorts-verbier entry has-link\" data-lps-id=\"37595\" role=\"listitem\"><figure class=\"article__image\"><img decoding=\"async\" src=\"https:\/\/europeansnowsport.com\/wp-content\/uploads\/Victoria-H-210x300.jpg\" class=\"lps-tile-main-image lps-custom-medium\" loading=\"lazy\" alt=\"Victoria Hjertberg\" width=\"210\" height=\"300\" srcset=\"https:\/\/europeansnowsport.com\/wp-content\/uploads\/Victoria-H-210x300.jpg 210w, https:\/\/europeansnowsport.com\/wp-content\/uploads\/Victoria-H-718x1024.jpg 718w, https:\/\/europeansnowsport.com\/wp-content\/uploads\/Victoria-H-768x1095.jpg 768w, https:\/\/europeansnowsport.com\/wp-content\/uploads\/Victoria-H-1078x1536.jpg 1078w, https:\/\/europeansnowsport.com\/wp-content\/uploads\/Victoria-H-1437x2048.jpg 1437w, https:\/\/europeansnowsport.com\/wp-content\/uploads\/Victoria-H-500x713.jpg 500w, https:\/\/europeansnowsport.com\/wp-content\/uploads\/Victoria-H-800x1140.jpg 800w, https:\/\/europeansnowsport.com\/wp-content\/uploads\/Victoria-H-1280x1824.jpg 1280w, https:\/\/europeansnowsport.com\/wp-content\/uploads\/Victoria-H-1920x2737.jpg 1920w, https:\/\/europeansnowsport.com\/wp-content\/uploads\/Victoria-H-scaled.jpg 1796w\"><\/figure><div class=\"article__info\"><h3 class=\"article__title item-title-tag\"><a href=\"https:\/\/europeansnowsport.com\/sv\/ski_instructor\/victoria-hjertberg\/\" title=\"Victoria Hjertberg\" class=\"article__link main-link\">Victoria Hjertberg<\/a><\/h3><\/div><\/article><article class=\"post-37433 ski_instructor type-ski_instructor status-publish has-post-thumbnail ski_resorts-verbier entry has-link\" data-lps-id=\"37433\" role=\"listitem\"><figure class=\"article__image\"><img decoding=\"async\" src=\"https:\/\/europeansnowsport.com\/wp-content\/uploads\/Xavier-E-225x300.jpeg\" class=\"lps-tile-main-image lps-custom-medium\" loading=\"lazy\" alt=\"Xavier Engel\" width=\"225\" height=\"300\" srcset=\"https:\/\/europeansnowsport.com\/wp-content\/uploads\/Xavier-E-225x300.jpeg 225w, https:\/\/europeansnowsport.com\/wp-content\/uploads\/Xavier-E-768x1024.jpeg 768w, https:\/\/europeansnowsport.com\/wp-content\/uploads\/Xavier-E-1152x1536.jpeg 1152w, https:\/\/europeansnowsport.com\/wp-content\/uploads\/Xavier-E-500x667.jpeg 500w, https:\/\/europeansnowsport.com\/wp-content\/uploads\/Xavier-E-800x1067.jpeg 800w, https:\/\/europeansnowsport.com\/wp-content\/uploads\/Xavier-E.jpeg 1200w\"><\/figure><div class=\"article__info\"><h3 class=\"article__title item-title-tag\"><a href=\"https:\/\/europeansnowsport.com\/sv\/ski_instructor\/xavier-engel\/\" title=\"Xavier Engel\" class=\"article__link main-link\">Xavier Engel<\/a><\/h3><\/div><\/article><\/section><\/div>\n\n\n<div class=\"wp-block-buttons big-buttons is-layout-flex wp-block-buttons-is-layout-flex\">\n<div class=\"wp-block-button\"><a class=\"wp-block-button__link wp-element-button\" href=\"https:\/\/europeansnowsport.com\/sv\/kontakta-european-snowsport\/\">Priser och bokning<\/a><\/div>\n<\/div>\n<\/div><\/div>\n\n\n\n<div class=\"wp-block-group location-details\"><div class=\"wp-block-group__inner-container is-layout-constrained wp-block-group-is-layout-constrained\">\n<h2 class=\"wp-block-heading\" id=\"h-har-hittar-jag-verbier-skidskola\">H\u00e4r hittar jag Verbier skidskola<\/h2>\n\n\n\n<div class=\"wp-block-columns is-layout-flex wp-container-core-columns-is-layout-9d6595d7 wp-block-columns-is-layout-flex\">\n<div class=\"wp-block-column is-layout-flow wp-block-column-is-layout-flow\" style=\"flex-basis:33.33%\">\n<div class=\"wp-block-yoast-seo-local-address\"><div id=\"wpseo_location-16813\" class=\"wpseo-location\"><div class=\"wpseo-address-wrapper\"><div class=\"street-address\">European Snowsport<br>Rue de M\u00e9dran, <\/div><span class=\"postal-code\">1936<\/span><span class=\"locality\"> Bagnes<\/span><\/div><span class=\"wpseo-phone\">Telefon: <a href=\"tel:+41277716222\" class=\"tel\"><span>+41 27 771 6222<\/span><\/a><\/span><br\/><span class=\"wpseo-email\">E-post: <a href=\"mailto:&#105;nf&#111;&#064;&#101;u&#114;&#111;&#112;e&#097;&#110;snow&#115;po&#114;&#116;.co&#109;\">i&#110;&#102;o&#64;eur&#111;pe&#97;&#110;s&#110;&#111;&#119;&#115;&#112;o&#114;&#116;&#46;&#99;om<\/a><\/span><br\/><\/div><\/div>\n\n\n<div class=\"wp-block-image shop-logo\">\n<figure class=\"alignleft size-full\"><img loading=\"lazy\" decoding=\"async\" width=\"150\" height=\"59\" src=\"https:\/\/europeansnowsport.com\/wp-content\/uploads\/Mountain-Air-logo-150x59.png\" alt=\"\" class=\"wp-image-20101\"\/><\/figure>\n<\/div>\n\n\n<figure class=\"wp-block-image size-full es-fancy-image shop-photo\"><img loading=\"lazy\" decoding=\"async\" width=\"900\" height=\"600\" src=\"https:\/\/europeansnowsport.com\/wp-content\/uploads\/Mountain-Air.jpg\" alt=\"The location of our Verbier Ski School\" class=\"wp-image-17572\" srcset=\"https:\/\/europeansnowsport.com\/wp-content\/uploads\/Mountain-Air.jpg 900w, https:\/\/europeansnowsport.com\/wp-content\/uploads\/Mountain-Air-300x200.jpg 300w, https:\/\/europeansnowsport.com\/wp-content\/uploads\/Mountain-Air-768x512.jpg 768w\" sizes=\"auto, (max-width: 900px) 100vw, 900px\" \/><\/figure>\n<\/div>\n\n\n\n<div class=\"wp-block-column is-layout-flow wp-block-column-is-layout-flow\" style=\"flex-basis:66.66%\">\n<div class=\"wp-block-yoast-seo-local-map\"><div id=\"map_canvas\" class=\"wpseo-map-canvas\" style=\"max-width: 100%; width: 800px; height: 600px;\"><ul><li><a href=\"https:\/\/europeansnowsport.com\/ski-school-verbier\/\">European Snowsport Ski School in Verbier<\/a><\/li><\/ul><\/div><\/div>\n<\/div>\n<\/div>\n<\/div><\/div>\n\n\n\n<div class=\"wp-block-group contact-intro\"><div class=\"wp-block-group__inner-container is-layout-constrained wp-block-group-is-layout-constrained\">\n<h2 class=\"wp-block-heading\" id=\"h-contacto\">Kontakta oss<\/h2>\n\n\n\n<p>I \u00f6ver 20 \u00e5r har vi erbjudit roliga och professionella skid- och snowboardlektioner f\u00f6r m\u00e4nniskor med olika f\u00f6rm\u00e5gor. V\u00e5rt team \u2013 och i synnerhet v\u00e5ra instrukt\u00f6rer \u2013 f\u00e5r hela tiden lysande feedback. Om du inte \u00e4r s\u00e4ker p\u00e5 vad du beh\u00f6ver eller ens om du vill ha lektioner, ring oss s\u00e5 diskuterar vi g\u00e4rna vad som kan fungera b\u00e4st f\u00f6r dig.<\/p>\n<\/div><\/div>\n\n\n\n<div class=\"wp-block-group contact-full\"><div class=\"wp-block-group__inner-container is-layout-constrained wp-block-group-is-layout-constrained\">\n<div class=\"wp-block-columns is-layout-flex wp-container-core-columns-is-layout-9d6595d7 wp-block-columns-is-layout-flex\">\n<div class=\"wp-block-column es-panel is-layout-flow wp-block-column-is-layout-flow\">\n<h2 class=\"wp-block-heading full-width\">Kontakta oss<\/h2>\n\n\n\n<div class=\"wp-block-contact-form-7-contact-form-selector\">\n<div class=\"wpcf7 no-js\" id=\"wpcf7-f23526-o1\" lang=\"sv-SE\" dir=\"ltr\" data-wpcf7-id=\"23526\">\n<div class=\"screen-reader-response\"><p role=\"status\" aria-live=\"polite\" aria-atomic=\"true\"><\/p> <ul><\/ul><\/div>\n<form action=\"\/sv\/wp-json\/wp\/v2\/pages\/22644#wpcf7-f23526-o1\" method=\"post\" class=\"wpcf7-form init\" aria-label=\"Kontaktformul\u00e4r\" novalidate=\"novalidate\" data-status=\"init\">\n<fieldset class=\"hidden-fields-container\"><input type=\"hidden\" name=\"_wpcf7\" value=\"23526\" \/><input type=\"hidden\" name=\"_wpcf7_version\" value=\"6.1.4\" \/><input type=\"hidden\" name=\"_wpcf7_locale\" value=\"sv_SE\" \/><input type=\"hidden\" name=\"_wpcf7_unit_tag\" value=\"wpcf7-f23526-o1\" \/><input type=\"hidden\" name=\"_wpcf7_container_post\" value=\"0\" \/><input type=\"hidden\" name=\"_wpcf7_posted_data_hash\" value=\"\" \/><input type=\"hidden\" name=\"_wpcf7_recaptcha_response\" value=\"\" \/>\n<\/fieldset>\n<div class=\"input-wrap narrow\">\n\t<p><label> Ditt namn<br \/>\n<span class=\"wpcf7-form-control-wrap\" data-name=\"your-name\"><input size=\"40\" maxlength=\"400\" class=\"wpcf7-form-control wpcf7-text wpcf7-validates-as-required\" aria-required=\"true\" aria-invalid=\"false\" value=\"\" type=\"text\" name=\"your-name\" \/><\/span> <\/label>\n\t<\/p>\n<\/div>\n<div class=\"input-wrap narrow with-space\">\n\t<p><label> Din e-postadress<br \/>\n<span class=\"wpcf7-form-control-wrap\" data-name=\"your-email\"><input size=\"40\" maxlength=\"400\" class=\"wpcf7-form-control wpcf7-email wpcf7-validates-as-required wpcf7-text wpcf7-validates-as-email\" aria-required=\"true\" aria-invalid=\"false\" value=\"\" type=\"email\" name=\"your-email\" \/><\/span> <\/label>\n\t<\/p>\n<\/div>\n<div class=\"input-wrap narrow\">\n\t<p><label>Vilken skidort?<br \/>\n<span class=\"wpcf7-form-control-wrap\" data-name=\"resort\"><select class=\"wpcf7-form-control wpcf7-select\" aria-invalid=\"false\" name=\"resort\"><option value=\"Inte s\u00e4ker eller mer \u00e4n en\">Inte s\u00e4ker eller mer \u00e4n en<\/option><option value=\"Verbier\">Verbier<\/option><option value=\"Zermatt\">Zermatt<\/option><option value=\"St Moritz\">St Moritz<\/option><option value=\"Chamonix\">Chamonix<\/option><option value=\"Nendaz\">Nendaz<\/option><option value=\"Val d\u2019Is\u00e8re\">Val d\u2019Is\u00e8re<\/option><option value=\"M\u00e9ribel, Courchevel, La Tania\">M\u00e9ribel, Courchevel, La Tania<\/option><\/select><\/span> <\/label>\n\t<\/p>\n<\/div>\n<div class=\"input-wrap full\">\n\t<p><label> Ditt meddelande<br \/>\n<span class=\"wpcf7-form-control-wrap\" data-name=\"your-message\"><textarea cols=\"40\" rows=\"10\" maxlength=\"2000\" class=\"wpcf7-form-control wpcf7-textarea\" aria-invalid=\"false\" name=\"your-message\"><\/textarea><\/span> <\/label>\n\t<\/p>\n<\/div>\n<p><input type=\"hidden\" name=\"gclid\" value=\"\" \/>\n<\/p>\n<p><input class=\"wpcf7-form-control wpcf7-submit has-spinner\" type=\"submit\" value=\"Skicka\" \/>\n<\/p><div class=\"wpcf7-response-output\" aria-hidden=\"true\"><\/div>\n<\/form>\n<\/div>\n<\/div>\n<\/div>\n\n\n\n<div class=\"wp-block-column es-panel es-panel-plain is-layout-flow wp-block-column-is-layout-flow\">\n<h2 class=\"wp-block-heading full-width\" id=\"h-llamada-o-correo-electronico\">Ring eller skicka e-post<\/h2>\n\n\n\n<p>Vi finns h\u00e4r f\u00f6r att svara p\u00e5 dina fr\u00e5gor och ta emot bokningar via e-post, telefon eller onlinechatt, fr\u00e5n 08.00 till 19.00 varje dag och fram till 21.00 p\u00e5 s\u00f6ndagar.<\/p>\n\n\n\n<div class=\"wp-block-group contact-links\"><div class=\"wp-block-group__inner-container is-layout-constrained wp-block-group-is-layout-constrained\">\n<a href=\"tel:+41277716222\"><span class=\"material-symbols-outlined\">call<\/span><span class=\"phone-text\">+41 27 771 6222<\/span><\/a>\n\n\n\n<a href=\"mailto:info@europeansnowsport.com\"><span class=\"material-symbols-outlined\">mail<\/span><span class=\"call-text\">info@europeansnowsport.com<\/span><\/a>\n<\/div><\/div>\n\n\n\n<h2 class=\"wp-block-heading full-width\">Priser och villkor<\/h2>\n\n\n\n<p>V\u00e5ra <a href=\"https:\/\/europeansnowsport.com\/sv\/villkor\/\">villkor<\/a> g\u00e4ller f\u00f6r alla bokningar.<\/p>\n\n\n\n<div class=\"wp-block-buttons price-lists is-content-justification-center is-layout-flex wp-container-core-buttons-is-layout-16018d1d wp-block-buttons-is-layout-flex\">\n<div class=\"wp-block-button\"><a class=\"wp-block-button__link wp-element-button\" href=\"\/wp-content\/uploads\/ES-Price-List-Verbier.pdf\">Verbier Prices<\/a><\/div>\n\n\n\n<div class=\"wp-block-button\"><a class=\"wp-block-button__link wp-element-button\" href=\"\/wp-content\/uploads\/ES-Price-List-Zermatt.pdf\">Zermatt Prices<\/a><\/div>\n\n\n\n<div class=\"wp-block-button\"><a class=\"wp-block-button__link wp-element-button\" href=\"\/wp-content\/uploads\/ES-Price-List-St-Moritz.pdf\">St Moritz Prices<\/a><\/div>\n\n\n\n<div class=\"wp-block-button\"><a class=\"wp-block-button__link wp-element-button\" href=\"\/wp-content\/uploads\/ES-Price-List-Chamonix.pdf\">Chamonix Prices<\/a><\/div>\n\n\n\n<div class=\"wp-block-button\"><a class=\"wp-block-button__link wp-element-button\" href=\"\/wp-content\/uploads\/ES-Price-List-Nendaz.pdf\">Nendaz Prices<\/a><\/div>\n\n\n\n<div class=\"wp-block-button\"><a class=\"wp-block-button__link wp-element-button\" href=\"\/wp-content\/uploads\/ES-Price-List-Val-DIsere-Tignes.pdf\">Val d\u2019Is\u00e8re Prices<\/a><\/div>\n\n\n\n<div class=\"wp-block-button\"><a class=\"wp-block-button__link wp-element-button\" href=\"https:\/\/europeansnowsport.com\/wp-content\/uploads\/ES-Price-List-3-Vallees.pdf\">3 Vall\u00e9es Prices<\/a><\/div>\n<\/div>\n<\/div>\n<\/div>\n<\/div><\/div>\n\n\n\n<div class=\"wp-block-group\"><div class=\"wp-block-group__inner-container is-layout-constrained wp-block-group-is-layout-constrained\">\n<div class=\"wp-block-columns is-layout-flex wp-container-core-columns-is-layout-9d6595d7 wp-block-columns-is-layout-flex\">\n<div class=\"wp-block-column is-layout-flow wp-block-column-is-layout-flow\">\n<h2 class=\"wp-block-heading full-width\" id=\"h-andra-alternativ\">Andra alternativ<\/h2>\n\n\n\n<p>Vi \u00e4r stolta \u00f6ver enast\u00e5ende personlig service, fr\u00e5n din f\u00f6rsta f\u00f6rfr\u00e5gan till skr\u00e4ddarsydda skidlektioner efter dina \u00f6nskem\u00e5l, s\u00e5 vi rekommenderar att du mailar eller ringer till oss. Om du f\u00f6redrar g\u00e5r det bra att boka online:<\/p>\n\n\n\n<div class=\"wp-block-buttons is-content-justification-center is-layout-flex wp-container-core-buttons-is-layout-16018d1d wp-block-buttons-is-layout-flex\">\n<div class=\"wp-block-button\"><a class=\"wp-block-button__link wp-element-button\" href=\"https:\/\/esverbier.skischool.shop\/\">Boka Verbier<\/a><\/div>\n\n\n\n<div class=\"wp-block-button\"><a class=\"wp-block-button__link wp-element-button\" href=\"https:\/\/eszermatt.skischool.shop\/\">Boka Zermatt<\/a><\/div>\n\n\n\n<div class=\"wp-block-button\"><a class=\"wp-block-button__link wp-element-button\" href=\"https:\/\/esstmoritz.skischool.shop\/en\">Boka St Moritz<\/a><\/div>\n<\/div>\n<\/div>\n\n\n\n<div class=\"wp-block-column is-layout-flow wp-block-column-is-layout-flow\">\n<figure class=\"wp-block-image size-full es-fancy-image top-spacing\"><img loading=\"lazy\" decoding=\"async\" width=\"1000\" height=\"643\" src=\"https:\/\/europeansnowsport.com\/wp-content\/uploads\/Erik-1000x643-1.jpg\" alt=\"\" class=\"wp-image-27345\" srcset=\"https:\/\/europeansnowsport.com\/wp-content\/uploads\/Erik-1000x643-1.jpg 1000w, https:\/\/europeansnowsport.com\/wp-content\/uploads\/Erik-1000x643-1-300x193.jpg 300w, https:\/\/europeansnowsport.com\/wp-content\/uploads\/Erik-1000x643-1-768x494.jpg 768w, https:\/\/europeansnowsport.com\/wp-content\/uploads\/Erik-1000x643-1-500x322.jpg 500w, https:\/\/europeansnowsport.com\/wp-content\/uploads\/Erik-1000x643-1-800x514.jpg 800w\" sizes=\"auto, (max-width: 1000px) 100vw, 1000px\" \/><\/figure>\n<\/div>\n<\/div>\n<\/div><\/div>\n","protected":false},"excerpt":{"rendered":"<p>Privata skidlektioner och lektioner f\u00f6r barn fr\u00e5n den ledande internationella skidskolan. European Snowsport Verbier Skidskola \u00e4r Verbiers ledande, f\u00f6rstklassiga, internationella skidskola. Vi kompromissar inte med n\u00e5got f\u00f6r att ge dig de b\u00e4sta skid- eller snowboardlektionerna med trevliga, talangfulla och extremt kunniga instrukt\u00f6rer. V\u00e5r m\u00e5ls\u00e4ttning \u00e4r att ge dig privatlektioner p\u00e5 ditt eget spr\u00e5k. Scrolla ner [&hellip;]<\/p>\n","protected":false},"author":1,"featured_media":23988,"parent":0,"menu_order":0,"comment_status":"closed","ping_status":"closed","template":"","meta":{"_genesis_hide_title":false,"_genesis_hide_breadcrumbs":false,"_genesis_hide_singular_image":false,"_genesis_hide_footer_widgets":false,"_genesis_custom_body_class":"","_genesis_custom_post_class":"","_genesis_layout":"","footnotes":""},"class_list":{"0":"post-22644","1":"page","2":"type-page","3":"status-publish","4":"has-post-thumbnail","6":"entry"},"yoast_head":"<!-- This site is optimized with the Yoast SEO Premium plugin v26.6 (Yoast SEO v26.6) - https:\/\/yoast.com\/wordpress\/plugins\/seo\/ -->\n<title>Verbier Skidskola - Privata skid- och snowboardlektioner<\/title>\n<meta name=\"description\" content=\"European Snowsport Verbier Skidskola \u00e4r Verbiers ledande, f\u00f6rstklassiga, internationella skidskola. V\u00e5r m\u00e5ls\u00e4ttning \u00e4r att ge dig privatlektioner p\u00e5 ditt eget spr\u00e5k.\" \/>\n<meta name=\"robots\" content=\"index, follow, max-snippet:-1, max-image-preview:large, max-video-preview:-1\" \/>\n<link rel=\"canonical\" href=\"https:\/\/europeansnowsport.com\/sv\/verbier-skidskola\/\" \/>\n<meta property=\"og:locale\" content=\"sv_SE\" \/>\n<meta property=\"og:type\" content=\"article\" \/>\n<meta property=\"og:title\" content=\"Verbier Skidskola\" \/>\n<meta property=\"og:description\" content=\"European Snowsport Verbier Skidskola \u00e4r Verbiers ledande, f\u00f6rstklassiga, internationella skidskola. V\u00e5r m\u00e5ls\u00e4ttning \u00e4r att ge dig privatlektioner p\u00e5 ditt eget spr\u00e5k.\" \/>\n<meta property=\"og:url\" content=\"https:\/\/europeansnowsport.com\/sv\/verbier-skidskola\/\" \/>\n<meta property=\"og:site_name\" content=\"European Snowsport\" \/>\n<meta property=\"article:publisher\" content=\"https:\/\/www.facebook.com\/verbierskischool\/\" \/>\n<meta property=\"article:modified_time\" content=\"2026-01-05T12:15:38+00:00\" \/>\n<meta property=\"og:image\" content=\"https:\/\/europeansnowsport.com\/wp-content\/uploads\/European-Snowsport-Facebook-default-image.jpg\" \/>\n\t<meta property=\"og:image:width\" content=\"1200\" \/>\n\t<meta property=\"og:image:height\" content=\"628\" \/>\n\t<meta property=\"og:image:type\" content=\"image\/jpeg\" \/>\n<meta name=\"twitter:card\" content=\"summary_large_image\" \/>\n<meta name=\"twitter:image\" content=\"https:\/\/europeansnowsport.com\/wp-content\/uploads\/European-Snowsport-Twitter-default-image.jpg\" \/>\n<meta name=\"twitter:site\" content=\"@ESSkiSchool\" \/>\n<meta name=\"twitter:label1\" content=\"Ber\u00e4knad l\u00e4stid\" \/>\n\t<meta name=\"twitter:data1\" content=\"6 minuter\" \/>\n<script type=\"application\/ld+json\" class=\"yoast-schema-graph\">{\"@context\":\"https:\/\/schema.org\",\"@graph\":[{\"@type\":\"WebPage\",\"@id\":\"https:\/\/europeansnowsport.com\/sv\/verbier-skidskola\/\",\"url\":\"https:\/\/europeansnowsport.com\/sv\/verbier-skidskola\/\",\"name\":\"Verbier Skidskola - Privata skid- och snowboardlektioner\",\"isPartOf\":{\"@id\":\"https:\/\/europeansnowsport.com\/sv\/#website\"},\"primaryImageOfPage\":{\"@id\":\"https:\/\/europeansnowsport.com\/sv\/verbier-skidskola\/#primaryimage\"},\"image\":{\"@id\":\"https:\/\/europeansnowsport.com\/sv\/verbier-skidskola\/#primaryimage\"},\"thumbnailUrl\":\"https:\/\/europeansnowsport.com\/wp-content\/uploads\/European-Snowsport-Twitter-default-image.jpg\",\"datePublished\":\"2019-12-03T13:35:59+00:00\",\"dateModified\":\"2026-01-05T12:15:38+00:00\",\"description\":\"European Snowsport Verbier Skidskola \u00e4r Verbiers ledande, f\u00f6rstklassiga, internationella skidskola. V\u00e5r m\u00e5ls\u00e4ttning \u00e4r att ge dig privatlektioner p\u00e5 ditt eget spr\u00e5k.\",\"breadcrumb\":{\"@id\":\"https:\/\/europeansnowsport.com\/sv\/verbier-skidskola\/#breadcrumb\"},\"inLanguage\":\"sv-SE\",\"potentialAction\":[{\"@type\":\"ReadAction\",\"target\":[\"https:\/\/europeansnowsport.com\/sv\/verbier-skidskola\/\"]}]},{\"@type\":\"ImageObject\",\"inLanguage\":\"sv-SE\",\"@id\":\"https:\/\/europeansnowsport.com\/sv\/verbier-skidskola\/#primaryimage\",\"url\":\"https:\/\/europeansnowsport.com\/wp-content\/uploads\/European-Snowsport-Twitter-default-image.jpg\",\"contentUrl\":\"https:\/\/europeansnowsport.com\/wp-content\/uploads\/European-Snowsport-Twitter-default-image.jpg\",\"width\":1024,\"height\":512,\"caption\":\"European Snowsport ski instructors\"},{\"@type\":\"BreadcrumbList\",\"@id\":\"https:\/\/europeansnowsport.com\/sv\/verbier-skidskola\/#breadcrumb\",\"itemListElement\":[{\"@type\":\"ListItem\",\"position\":1,\"name\":\"Home\",\"item\":\"https:\/\/europeansnowsport.com\/sv\/\"},{\"@type\":\"ListItem\",\"position\":2,\"name\":\"Verbier Skidskola\"}]},{\"@type\":\"WebSite\",\"@id\":\"https:\/\/europeansnowsport.com\/sv\/#website\",\"url\":\"https:\/\/europeansnowsport.com\/sv\/\",\"name\":\"European Snowsport\",\"description\":\"Outstanding, independent ski schools in Verbier, Zermatt, Nendaz, St Moritz and Chamonix\",\"publisher\":{\"@id\":\"https:\/\/europeansnowsport.com\/sv\/#organization\"},\"potentialAction\":[{\"@type\":\"SearchAction\",\"target\":{\"@type\":\"EntryPoint\",\"urlTemplate\":\"https:\/\/europeansnowsport.com\/sv\/?s={search_term_string}\"},\"query-input\":{\"@type\":\"PropertyValueSpecification\",\"valueRequired\":true,\"valueName\":\"search_term_string\"}}],\"inLanguage\":\"sv-SE\"},{\"@type\":[\"Organization\",\"Place\",\"LocalBusiness\"],\"@id\":\"https:\/\/europeansnowsport.com\/sv\/#organization\",\"name\":\"European Snowsport\",\"url\":\"https:\/\/europeansnowsport.com\/sv\/\",\"logo\":{\"@id\":\"https:\/\/europeansnowsport.com\/sv\/verbier-skidskola\/#local-main-organization-logo\"},\"image\":{\"@id\":\"https:\/\/europeansnowsport.com\/sv\/verbier-skidskola\/#local-main-organization-logo\"},\"sameAs\":[\"https:\/\/www.facebook.com\/verbierskischool\/\",\"https:\/\/x.com\/ESSkiSchool\",\"https:\/\/www.instagram.com\/europeansnowsport\/\",\"https:\/\/www.linkedin.com\/company\/european-snowsport-ski-and-snowboard-school\",\"https:\/\/www.pinterest.ch\/SkiSchool\/\",\"https:\/\/www.youtube.com\/channel\/UCRNrr3rTgbMt8SeKpS673lQ\"],\"address\":{\"@id\":\"https:\/\/europeansnowsport.com\/sv\/verbier-skidskola\/#local-main-place-address\"},\"geo\":{\"@type\":\"GeoCoordinates\",\"latitude\":\"46.092474\",\"longitude\":\"7.233592\"},\"telephone\":[\"+41 27 771 6222\"],\"openingHoursSpecification\":[{\"@type\":\"OpeningHoursSpecification\",\"dayOfWeek\":[\"Monday\",\"Tuesday\",\"Wednesday\",\"Thursday\",\"Friday\",\"Saturday\"],\"opens\":\"08:00\",\"closes\":\"19:00\"},{\"@type\":\"OpeningHoursSpecification\",\"dayOfWeek\":[\"Sunday\"],\"opens\":\"08:00\",\"closes\":\"21:00\"}],\"email\":\"info@europeansnowsport.com\",\"faxNumber\":\"+41277716221\",\"priceRange\":\"CHF-CHF\"},{\"@type\":\"PostalAddress\",\"@id\":\"https:\/\/europeansnowsport.com\/sv\/verbier-skidskola\/#local-main-place-address\",\"streetAddress\":\"European Snowsport, Rue de M\u00e9dran\",\"addressLocality\":\"Bagnes\",\"postalCode\":\"1936\",\"addressCountry\":\"CH\"},{\"@type\":\"ImageObject\",\"inLanguage\":\"sv-SE\",\"@id\":\"https:\/\/europeansnowsport.com\/sv\/verbier-skidskola\/#local-main-organization-logo\",\"url\":\"https:\/\/europeansnowsport.com\/wp-content\/uploads\/ESlogo400-1.jpg\",\"contentUrl\":\"https:\/\/europeansnowsport.com\/wp-content\/uploads\/ESlogo400-1.jpg\",\"width\":400,\"height\":400,\"caption\":\"European Snowsport\"}]}<\/script>\n<meta name=\"geo.placename\" content=\"Bagnes\" \/>\n<meta name=\"geo.position\" content=\"46.092474;7.233592\" \/>\n<meta name=\"geo.region\" content=\"Schweiz\" \/>\n<!-- \/ Yoast SEO Premium plugin. -->","yoast_head_json":{"title":"Verbier Skidskola - Privata skid- och snowboardlektioner","description":"European Snowsport Verbier Skidskola \u00e4r Verbiers ledande, f\u00f6rstklassiga, internationella skidskola. V\u00e5r m\u00e5ls\u00e4ttning \u00e4r att ge dig privatlektioner p\u00e5 ditt eget spr\u00e5k.","robots":{"index":"index","follow":"follow","max-snippet":"max-snippet:-1","max-image-preview":"max-image-preview:large","max-video-preview":"max-video-preview:-1"},"canonical":"https:\/\/europeansnowsport.com\/sv\/verbier-skidskola\/","og_locale":"sv_SE","og_type":"article","og_title":"Verbier Skidskola","og_description":"European Snowsport Verbier Skidskola \u00e4r Verbiers ledande, f\u00f6rstklassiga, internationella skidskola. V\u00e5r m\u00e5ls\u00e4ttning \u00e4r att ge dig privatlektioner p\u00e5 ditt eget spr\u00e5k.","og_url":"https:\/\/europeansnowsport.com\/sv\/verbier-skidskola\/","og_site_name":"European Snowsport","article_publisher":"https:\/\/www.facebook.com\/verbierskischool\/","article_modified_time":"2026-01-05T12:15:38+00:00","og_image":[{"width":1200,"height":628,"url":"https:\/\/europeansnowsport.com\/wp-content\/uploads\/European-Snowsport-Facebook-default-image.jpg","type":"image\/jpeg"}],"twitter_card":"summary_large_image","twitter_image":"https:\/\/europeansnowsport.com\/wp-content\/uploads\/European-Snowsport-Twitter-default-image.jpg","twitter_site":"@ESSkiSchool","twitter_misc":{"Ber\u00e4knad l\u00e4stid":"6 minuter"},"schema":{"@context":"https:\/\/schema.org","@graph":[{"@type":"WebPage","@id":"https:\/\/europeansnowsport.com\/sv\/verbier-skidskola\/","url":"https:\/\/europeansnowsport.com\/sv\/verbier-skidskola\/","name":"Verbier Skidskola - Privata skid- och snowboardlektioner","isPartOf":{"@id":"https:\/\/europeansnowsport.com\/sv\/#website"},"primaryImageOfPage":{"@id":"https:\/\/europeansnowsport.com\/sv\/verbier-skidskola\/#primaryimage"},"image":{"@id":"https:\/\/europeansnowsport.com\/sv\/verbier-skidskola\/#primaryimage"},"thumbnailUrl":"https:\/\/europeansnowsport.com\/wp-content\/uploads\/European-Snowsport-Twitter-default-image.jpg","datePublished":"2019-12-03T13:35:59+00:00","dateModified":"2026-01-05T12:15:38+00:00","description":"European Snowsport Verbier Skidskola \u00e4r Verbiers ledande, f\u00f6rstklassiga, internationella skidskola. V\u00e5r m\u00e5ls\u00e4ttning \u00e4r att ge dig privatlektioner p\u00e5 ditt eget spr\u00e5k.","breadcrumb":{"@id":"https:\/\/europeansnowsport.com\/sv\/verbier-skidskola\/#breadcrumb"},"inLanguage":"sv-SE","potentialAction":[{"@type":"ReadAction","target":["https:\/\/europeansnowsport.com\/sv\/verbier-skidskola\/"]}]},{"@type":"ImageObject","inLanguage":"sv-SE","@id":"https:\/\/europeansnowsport.com\/sv\/verbier-skidskola\/#primaryimage","url":"https:\/\/europeansnowsport.com\/wp-content\/uploads\/European-Snowsport-Twitter-default-image.jpg","contentUrl":"https:\/\/europeansnowsport.com\/wp-content\/uploads\/European-Snowsport-Twitter-default-image.jpg","width":1024,"height":512,"caption":"European Snowsport ski instructors"},{"@type":"BreadcrumbList","@id":"https:\/\/europeansnowsport.com\/sv\/verbier-skidskola\/#breadcrumb","itemListElement":[{"@type":"ListItem","position":1,"name":"Home","item":"https:\/\/europeansnowsport.com\/sv\/"},{"@type":"ListItem","position":2,"name":"Verbier Skidskola"}]},{"@type":"WebSite","@id":"https:\/\/europeansnowsport.com\/sv\/#website","url":"https:\/\/europeansnowsport.com\/sv\/","name":"European Snowsport","description":"Outstanding, independent ski schools in Verbier, Zermatt, Nendaz, St Moritz and Chamonix","publisher":{"@id":"https:\/\/europeansnowsport.com\/sv\/#organization"},"potentialAction":[{"@type":"SearchAction","target":{"@type":"EntryPoint","urlTemplate":"https:\/\/europeansnowsport.com\/sv\/?s={search_term_string}"},"query-input":{"@type":"PropertyValueSpecification","valueRequired":true,"valueName":"search_term_string"}}],"inLanguage":"sv-SE"},{"@type":["Organization","Place","LocalBusiness"],"@id":"https:\/\/europeansnowsport.com\/sv\/#organization","name":"European Snowsport","url":"https:\/\/europeansnowsport.com\/sv\/","logo":{"@id":"https:\/\/europeansnowsport.com\/sv\/verbier-skidskola\/#local-main-organization-logo"},"image":{"@id":"https:\/\/europeansnowsport.com\/sv\/verbier-skidskola\/#local-main-organization-logo"},"sameAs":["https:\/\/www.facebook.com\/verbierskischool\/","https:\/\/x.com\/ESSkiSchool","https:\/\/www.instagram.com\/europeansnowsport\/","https:\/\/www.linkedin.com\/company\/european-snowsport-ski-and-snowboard-school","https:\/\/www.pinterest.ch\/SkiSchool\/","https:\/\/www.youtube.com\/channel\/UCRNrr3rTgbMt8SeKpS673lQ"],"address":{"@id":"https:\/\/europeansnowsport.com\/sv\/verbier-skidskola\/#local-main-place-address"},"geo":{"@type":"GeoCoordinates","latitude":"46.092474","longitude":"7.233592"},"telephone":["+41 27 771 6222"],"openingHoursSpecification":[{"@type":"OpeningHoursSpecification","dayOfWeek":["Monday","Tuesday","Wednesday","Thursday","Friday","Saturday"],"opens":"08:00","closes":"19:00"},{"@type":"OpeningHoursSpecification","dayOfWeek":["Sunday"],"opens":"08:00","closes":"21:00"}],"email":"info@europeansnowsport.com","faxNumber":"+41277716221","priceRange":"CHF-CHF"},{"@type":"PostalAddress","@id":"https:\/\/europeansnowsport.com\/sv\/verbier-skidskola\/#local-main-place-address","streetAddress":"European Snowsport, Rue de M\u00e9dran","addressLocality":"Bagnes","postalCode":"1936","addressCountry":"CH"},{"@type":"ImageObject","inLanguage":"sv-SE","@id":"https:\/\/europeansnowsport.com\/sv\/verbier-skidskola\/#local-main-organization-logo","url":"https:\/\/europeansnowsport.com\/wp-content\/uploads\/ESlogo400-1.jpg","contentUrl":"https:\/\/europeansnowsport.com\/wp-content\/uploads\/ESlogo400-1.jpg","width":400,"height":400,"caption":"European Snowsport"}]},"geo.placename":"Bagnes","geo.position":{"lat":"46.092474","long":"7.233592"},"geo.region":"Schweiz"},"featured_image_src":"https:\/\/europeansnowsport.com\/wp-content\/uploads\/European-Snowsport-Twitter-default-image.jpg","featured_image_src_square":"https:\/\/europeansnowsport.com\/wp-content\/uploads\/European-Snowsport-Twitter-default-image.jpg","_links":{"self":[{"href":"https:\/\/europeansnowsport.com\/sv\/wp-json\/wp\/v2\/pages\/22644","targetHints":{"allow":["GET"]}}],"collection":[{"href":"https:\/\/europeansnowsport.com\/sv\/wp-json\/wp\/v2\/pages"}],"about":[{"href":"https:\/\/europeansnowsport.com\/sv\/wp-json\/wp\/v2\/types\/page"}],"author":[{"embeddable":true,"href":"https:\/\/europeansnowsport.com\/sv\/wp-json\/wp\/v2\/users\/1"}],"replies":[{"embeddable":true,"href":"https:\/\/europeansnowsport.com\/sv\/wp-json\/wp\/v2\/comments?post=22644"}],"version-history":[{"count":0,"href":"https:\/\/europeansnowsport.com\/sv\/wp-json\/wp\/v2\/pages\/22644\/revisions"}],"wp:featuredmedia":[{"embeddable":true,"href":"https:\/\/europeansnowsport.com\/sv\/wp-json\/wp\/v2\/media\/23988"}],"wp:attachment":[{"href":"https:\/\/europeansnowsport.com\/sv\/wp-json\/wp\/v2\/media?parent=22644"}],"curies":[{"name":"wp","href":"https:\/\/api.w.org\/{rel}","templated":true}]}}