{"id":22734,"date":"2019-12-13T13:20:04","date_gmt":"2019-12-13T12:20:04","guid":{"rendered":"https:\/\/europeansnowsport.com\/escuela-de-esqui-en-verbier-pagina-optimizada-para-traduccion\/"},"modified":"2026-01-05T13:14:46","modified_gmt":"2026-01-05T12:14:46","slug":"escuela-de-esqui-en-verbier","status":"publish","type":"page","link":"https:\/\/europeansnowsport.com\/es\/escuela-de-esqui-en-verbier\/","title":{"rendered":"Escuela de esqu\u00ed en Verbier"},"content":{"rendered":"\n<div class=\"wp-block-cover alignfull is-light page-title-area wp-duotone-unset-1\" style=\"min-height:695px;aspect-ratio:unset;\"><img loading=\"lazy\" decoding=\"async\" width=\"2048\" height=\"1254\" class=\"wp-block-cover__image-background wp-image-26997\" alt=\"\" src=\"https:\/\/europeansnowsport.com\/wp-content\/uploads\/New-snow-pic-of-village-10.1.23-scaled.jpg\" style=\"object-position:48% 32%\" data-object-fit=\"cover\" data-object-position=\"48% 32%\" srcset=\"https:\/\/europeansnowsport.com\/wp-content\/uploads\/New-snow-pic-of-village-10.1.23-scaled.jpg 2048w, https:\/\/europeansnowsport.com\/wp-content\/uploads\/New-snow-pic-of-village-10.1.23-300x184.jpg 300w, https:\/\/europeansnowsport.com\/wp-content\/uploads\/New-snow-pic-of-village-10.1.23-1024x627.jpg 1024w, https:\/\/europeansnowsport.com\/wp-content\/uploads\/New-snow-pic-of-village-10.1.23-768x470.jpg 768w, https:\/\/europeansnowsport.com\/wp-content\/uploads\/New-snow-pic-of-village-10.1.23-1536x941.jpg 1536w, https:\/\/europeansnowsport.com\/wp-content\/uploads\/New-snow-pic-of-village-10.1.23-500x306.jpg 500w, https:\/\/europeansnowsport.com\/wp-content\/uploads\/New-snow-pic-of-village-10.1.23-800x490.jpg 800w, https:\/\/europeansnowsport.com\/wp-content\/uploads\/New-snow-pic-of-village-10.1.23-1280x784.jpg 1280w, https:\/\/europeansnowsport.com\/wp-content\/uploads\/New-snow-pic-of-village-10.1.23-1920x1176.jpg 1920w\" sizes=\"auto, (max-width: 2048px) 100vw, 2048px\" \/><span aria-hidden=\"true\" class=\"wp-block-cover__background has-background-dim-20 has-background-dim\"><\/span><div class=\"wp-block-cover__inner-container is-layout-flow wp-block-cover-is-layout-flow\">\n<h1 class=\"wp-block-heading has-text-align-left has-large-font-size\">Escuela de esqu\u00ed en Verbier<\/h1>\n\n\n\n<div class=\"wp-block-buttons is-layout-flex wp-block-buttons-is-layout-flex\">\n<div class=\"wp-block-button\"><a class=\"wp-block-button__link wp-element-button\" href=\"https:\/\/europeansnowsport.com\/es\/contact\/\">Peticiones y reservas<\/a><\/div>\n\n\n\n<div class=\"wp-block-button ghost-button-light\"><a class=\"wp-block-button__link wp-element-button\" href=\"https:\/\/europeansnowsport.com\/es\/contact\/\">Contacto<\/a><\/div>\n<\/div>\n\n\n\n<p><\/p>\n<\/div><\/div>\n\n\n\n<div class=\"wp-block-group es-panel intro-panel\"><div class=\"wp-block-group__inner-container is-layout-constrained wp-block-group-is-layout-constrained\">\n<div class=\"wp-block-group two-thirds first\"><div class=\"wp-block-group__inner-container is-layout-constrained wp-block-group-is-layout-constrained\">\n<h2 class=\"wp-block-heading\">Clases de esqu\u00ed particulares y clases para ni\u00f1os de la escuela de esqu\u00ed internacional l\u00edder<\/h2>\n\n\n\n<p>European Snowsport es la principal y mejor escuela internacional de esqu\u00ed de Verbier. Hacemos todo lo posible para proporcionar las mejores clases de esqu\u00ed y snowboard con fant\u00e1sticos monitores especialidades en deportes de nieve, atentos y cualificados. Proporcionamos clases privadas en su propio idioma.<\/p>\n\n\n\n<p>Siga leyendo para conocer nuestras clases de esqu\u00ed y snowboard o ll\u00e1menos al&nbsp;<a href=\"tel:+41277716222\">+41 27 771 6222<\/a>&nbsp;para comentarnos sus requisitos.<\/p>\n<\/div><\/div>\n\n\n\n<figure class=\"wp-block-image size-full one-third\"><img loading=\"lazy\" decoding=\"async\" width=\"1000\" height=\"1000\" src=\"https:\/\/europeansnowsport.com\/wp-content\/uploads\/televerbier-le-chable-gondola-1000x1000-1.jpg\" alt=\"\" class=\"wp-image-27018\" srcset=\"https:\/\/europeansnowsport.com\/wp-content\/uploads\/televerbier-le-chable-gondola-1000x1000-1.jpg 1000w, https:\/\/europeansnowsport.com\/wp-content\/uploads\/televerbier-le-chable-gondola-1000x1000-1-300x300.jpg 300w, https:\/\/europeansnowsport.com\/wp-content\/uploads\/televerbier-le-chable-gondola-1000x1000-1-150x150.jpg 150w, https:\/\/europeansnowsport.com\/wp-content\/uploads\/televerbier-le-chable-gondola-1000x1000-1-768x768.jpg 768w, https:\/\/europeansnowsport.com\/wp-content\/uploads\/televerbier-le-chable-gondola-1000x1000-1-500x500.jpg 500w, https:\/\/europeansnowsport.com\/wp-content\/uploads\/televerbier-le-chable-gondola-1000x1000-1-800x800.jpg 800w, https:\/\/europeansnowsport.com\/wp-content\/uploads\/televerbier-le-chable-gondola-1000x1000-1-75x75.jpg 75w, https:\/\/europeansnowsport.com\/wp-content\/uploads\/televerbier-le-chable-gondola-1000x1000-1-600x600.jpg 600w\" sizes=\"auto, (max-width: 1000px) 100vw, 1000px\" \/><\/figure>\n<\/div><\/div>\n\n\n\n<h2 class=\"wp-block-heading\">Clases privadas de esqu\u00ed y snowboard<\/h2>\n\n\n\n<div class=\"wp-block-columns es-panel-container is-layout-flex wp-container-core-columns-is-layout-9d6595d7 wp-block-columns-is-layout-flex\">\n<div class=\"wp-block-column es-panel is-layout-flow wp-block-column-is-layout-flow\" style=\"flex-basis:33.34%\">\n<figure class=\"wp-block-image size-full\"><img loading=\"lazy\" decoding=\"async\" width=\"700\" height=\"363\" src=\"https:\/\/europeansnowsport.com\/wp-content\/uploads\/Mattia-smiling-700x363-1.jpg\" alt=\"\" class=\"wp-image-28542\" srcset=\"https:\/\/europeansnowsport.com\/wp-content\/uploads\/Mattia-smiling-700x363-1.jpg 700w, https:\/\/europeansnowsport.com\/wp-content\/uploads\/Mattia-smiling-700x363-1-300x156.jpg 300w, https:\/\/europeansnowsport.com\/wp-content\/uploads\/Mattia-smiling-700x363-1-500x259.jpg 500w\" sizes=\"auto, (max-width: 700px) 100vw, 700px\" \/><\/figure>\n\n\n\n<h3 class=\"wp-block-heading\" id=\"h-clases-particulares-de-esqui\">Clases particulares de esqu\u00ed<\/h3>\n\n\n\n<p>Clases personales y a medida en funci\u00f3n del nivel, particulares o con amigos. Empiece cu\u00e1ndo y d\u00f3nde quiera, y sea cual sea su nivel. Nuestros monitores, atentos, cualificados y buenos conocedores de la zona se asegurar\u00e1n que se divierta. Tanto si quiere una lecci\u00f3n t\u00e9cnica como hacer una peque\u00f1a prueba, estaremos encantados de poder hablarlo el d\u00eda anterior en persona.<\/p>\n<\/div>\n\n\n\n<div class=\"wp-block-column es-panel is-layout-flow wp-block-column-is-layout-flow\" style=\"flex-basis:33.34%\">\n<figure class=\"wp-block-image size-full\"><img loading=\"lazy\" decoding=\"async\" width=\"1000\" height=\"518\" src=\"https:\/\/europeansnowsport.com\/wp-content\/uploads\/Private-Snowboard-Lessons-Janet.jpg\" alt=\"\" class=\"wp-image-27186\" srcset=\"https:\/\/europeansnowsport.com\/wp-content\/uploads\/Private-Snowboard-Lessons-Janet.jpg 1000w, https:\/\/europeansnowsport.com\/wp-content\/uploads\/Private-Snowboard-Lessons-Janet-300x155.jpg 300w, https:\/\/europeansnowsport.com\/wp-content\/uploads\/Private-Snowboard-Lessons-Janet-768x398.jpg 768w, https:\/\/europeansnowsport.com\/wp-content\/uploads\/Private-Snowboard-Lessons-Janet-500x259.jpg 500w, https:\/\/europeansnowsport.com\/wp-content\/uploads\/Private-Snowboard-Lessons-Janet-800x414.jpg 800w\" sizes=\"auto, (max-width: 1000px) 100vw, 1000px\" \/><\/figure>\n\n\n\n<h3 class=\"wp-block-heading\" id=\"h-clases-privadas-de-snowboard\">Clases privadas de snowboard<\/h3>\n\n\n\n<p>Tanto si empieza a deslizarse con el snowboard, como si cuenta con suficiente nivel para entrar en el snowpark o vivir el legendario backcountry de la zona, gracias a las clases de nuestros monitores de snowboard altamente cualificados y experimentados de ES-ride mejorar\u00e1 su habilidad sobre la tabla y le sacar\u00e1 todo su jugo y diversi\u00f3n.<\/p>\n<\/div>\n\n\n\n<div class=\"wp-block-column es-panel is-layout-flow wp-block-column-is-layout-flow\" style=\"flex-basis:33.33%\">\n<figure class=\"wp-block-image size-full\"><img loading=\"lazy\" decoding=\"async\" width=\"1000\" height=\"518\" src=\"https:\/\/europeansnowsport.com\/wp-content\/uploads\/New-snow-1000x518-1.jpg\" alt=\"\" class=\"wp-image-28684\" srcset=\"https:\/\/europeansnowsport.com\/wp-content\/uploads\/New-snow-1000x518-1.jpg 1000w, https:\/\/europeansnowsport.com\/wp-content\/uploads\/New-snow-1000x518-1-300x155.jpg 300w, https:\/\/europeansnowsport.com\/wp-content\/uploads\/New-snow-1000x518-1-768x398.jpg 768w, https:\/\/europeansnowsport.com\/wp-content\/uploads\/New-snow-1000x518-1-500x259.jpg 500w, https:\/\/europeansnowsport.com\/wp-content\/uploads\/New-snow-1000x518-1-800x414.jpg 800w\" sizes=\"auto, (max-width: 1000px) 100vw, 1000px\" \/><\/figure>\n\n\n\n<h3 class=\"wp-block-heading\" id=\"h-clases-de-esqui-fuera-de-pista\">Clases de esqu\u00ed fuera de pista<\/h3>\n\n\n\n<p>Si quiere la mejor nieve y condiciones, pruebe a esquiar con uno de nuestros monitores cualificados para la pr\u00e1ctica fuera de pista. Est\u00e1n especializados en ayudarle a encontrar las mejores condiciones de terreno y nieve. Estos expertos de la estaci\u00f3n tambi\u00e9n pueden ayudarle con el equipo necesario para ir fuera de pista de forma segura y con confianza. Puede mejorar su t\u00e9cnica sobre varios tipos de terreno y nieve virgen a la vez que explora rincones nuevos de la estaci\u00f3n.<\/p>\n<\/div>\n<\/div>\n\n\n\n<div class=\"wp-block-group\"><div class=\"wp-block-group__inner-container is-layout-constrained wp-block-group-is-layout-constrained\">\n<div class=\"wp-block-buttons big-buttons is-layout-flex wp-block-buttons-is-layout-flex\">\n<div class=\"wp-block-button\"><a class=\"wp-block-button__link wp-element-button\" href=\"https:\/\/europeansnowsport.com\/es\/contact\/\">Contacto<\/a><\/div>\n<\/div>\n<\/div><\/div>\n\n\n\n<div class=\"wp-block-group alignfull something-different-container\"><div class=\"wp-block-group__inner-container is-layout-constrained wp-block-group-is-layout-constrained\">\n<h2 class=\"wp-block-heading\">Por qu\u00e9 European Snowsport<\/h2>\n\n\n\n<div class=\"wp-block-columns something-different first-row is-layout-flex wp-container-core-columns-is-layout-9d6595d7 wp-block-columns-is-layout-flex\">\n<div class=\"wp-block-column es-panel is-layout-flow wp-block-column-is-layout-flow\" style=\"flex-basis:50%\">\n<div class=\"wp-block-columns is-layout-flex wp-container-core-columns-is-layout-9d6595d7 wp-block-columns-is-layout-flex\">\n<div class=\"wp-block-column is-layout-flow wp-block-column-is-layout-flow\" style=\"flex-basis:28%\">\n<figure class=\"wp-block-image size-full\"><img loading=\"lazy\" decoding=\"async\" width=\"500\" height=\"500\" src=\"https:\/\/europeansnowsport.com\/wp-content\/uploads\/Chloe-ski-instructor-carving-500w.jpg\" alt=\"Safe, experienced, qualified ski instructors with European Snowsport\" class=\"wp-image-27520\" srcset=\"https:\/\/europeansnowsport.com\/wp-content\/uploads\/Chloe-ski-instructor-carving-500w.jpg 500w, https:\/\/europeansnowsport.com\/wp-content\/uploads\/Chloe-ski-instructor-carving-500w-300x300.jpg 300w, https:\/\/europeansnowsport.com\/wp-content\/uploads\/Chloe-ski-instructor-carving-500w-150x150.jpg 150w, https:\/\/europeansnowsport.com\/wp-content\/uploads\/Chloe-ski-instructor-carving-500w-75x75.jpg 75w\" sizes=\"auto, (max-width: 500px) 100vw, 500px\" \/><\/figure>\n<\/div>\n\n\n\n<div class=\"wp-block-column button-padding is-layout-flow wp-block-column-is-layout-flow\" style=\"flex-basis:72%\">\n<h3 class=\"wp-block-heading\">Monitores a su disposici\u00f3n<\/h3>\n\n\n\n<p>El objetivo de nuestros monitores es que disfrute de sus vacaciones, tanto en las pistas como fuera de las mismas, y que aproveche al m\u00e1ximo el tiempo. Estar\u00e1n encantados de reunirse en su chalet u hotel antes de las clases para saber exactamente qu\u00e9 quiere y necesita, as\u00ed como para compartir sus amplios conocimientos sobre la estaci\u00f3n.<\/p>\n<\/div>\n<\/div>\n<\/div>\n\n\n\n<div class=\"wp-block-column es-panel is-layout-flow wp-block-column-is-layout-flow\" style=\"flex-basis:50%\">\n<div class=\"wp-block-columns is-layout-flex wp-container-core-columns-is-layout-9d6595d7 wp-block-columns-is-layout-flex\">\n<div class=\"wp-block-column is-layout-flow wp-block-column-is-layout-flow\" style=\"flex-basis:28%\">\n<figure class=\"wp-block-image size-full\"><img loading=\"lazy\" decoding=\"async\" width=\"500\" height=\"500\" src=\"https:\/\/europeansnowsport.com\/wp-content\/uploads\/Two-ski-instructors-500w.jpg\" alt=\"Empowering, supportive, fun ski instructors with European Snowsport\" class=\"wp-image-27544\" srcset=\"https:\/\/europeansnowsport.com\/wp-content\/uploads\/Two-ski-instructors-500w.jpg 500w, https:\/\/europeansnowsport.com\/wp-content\/uploads\/Two-ski-instructors-500w-300x300.jpg 300w, https:\/\/europeansnowsport.com\/wp-content\/uploads\/Two-ski-instructors-500w-150x150.jpg 150w, https:\/\/europeansnowsport.com\/wp-content\/uploads\/Two-ski-instructors-500w-75x75.jpg 75w\" sizes=\"auto, (max-width: 500px) 100vw, 500px\" \/><\/figure>\n<\/div>\n\n\n\n<div class=\"wp-block-column button-padding is-layout-flow wp-block-column-is-layout-flow\" style=\"flex-basis:72%\">\n<h3 class=\"wp-block-heading\">Monitores atentos y divertidos<\/h3>\n\n\n\n<p>Nuestros monitores multiling\u00fces han sido especialmente seleccionados no solo por sus excelente formaci\u00f3n, sino tambi\u00e9n por sus cualidades en cuanto a diversi\u00f3n, amabilidad y flexibilidad. Ser\u00e1n \u00absu\u00bb monitor el tiempo que pase en la estaci\u00f3n. Los formamos de manera intensiva bajo nuestros propios est\u00e1ndares para que a\u00f1adan diversi\u00f3n y valor a sus vacaciones. De hecho, nuestros clientes repiten a\u00f1o tras a\u00f1o.<\/p>\n<\/div>\n<\/div>\n<\/div>\n<\/div>\n\n\n\n<div class=\"wp-block-columns something-different second-row is-layout-flex wp-container-core-columns-is-layout-9d6595d7 wp-block-columns-is-layout-flex\">\n<div class=\"wp-block-column es-panel is-layout-flow wp-block-column-is-layout-flow\" style=\"flex-basis:50%\">\n<div class=\"wp-block-columns is-layout-flex wp-container-core-columns-is-layout-9d6595d7 wp-block-columns-is-layout-flex\">\n<div class=\"wp-block-column is-layout-flow wp-block-column-is-layout-flow\" style=\"flex-basis:28%\">\n<figure class=\"wp-block-image size-full\"><img loading=\"lazy\" decoding=\"async\" width=\"500\" height=\"500\" src=\"https:\/\/europeansnowsport.com\/wp-content\/uploads\/televerbier-le-chable-gondola-cropped-500w.jpg\" alt=\"Smooth, stress-free, flexible ski lessons with European Snowsport\" class=\"wp-image-27528\" srcset=\"https:\/\/europeansnowsport.com\/wp-content\/uploads\/televerbier-le-chable-gondola-cropped-500w.jpg 500w, https:\/\/europeansnowsport.com\/wp-content\/uploads\/televerbier-le-chable-gondola-cropped-500w-300x300.jpg 300w, https:\/\/europeansnowsport.com\/wp-content\/uploads\/televerbier-le-chable-gondola-cropped-500w-150x150.jpg 150w, https:\/\/europeansnowsport.com\/wp-content\/uploads\/televerbier-le-chable-gondola-cropped-500w-75x75.jpg 75w\" sizes=\"auto, (max-width: 500px) 100vw, 500px\" \/><\/figure>\n<\/div>\n\n\n\n<div class=\"wp-block-column button-padding is-layout-flow wp-block-column-is-layout-flow\" style=\"flex-basis:72%\">\n<h3 class=\"wp-block-heading\">Conocimiento de la zona<\/h3>\n\n\n\n<p>Los monitores de&nbsp;<strong>European Snowsport<\/strong>&nbsp;conocen la monta\u00f1a a fondo para que pueda disfrutar de las mejores pistas y condiciones posibles cualquier jornada. Tambi\u00e9n conocen al dedillo la zona y pueden recomendar los mejores bares, restaurantes y actividades divertidas para disfrutar una vez guardado el equipo de esqu\u00ed o snowboard.<\/p>\n<\/div>\n<\/div>\n<\/div>\n\n\n\n<div class=\"wp-block-column is-layout-flow wp-block-column-is-layout-flow\" style=\"flex-basis:50%\">\n<div class=\"wp-block-columns is-layout-flex wp-container-core-columns-is-layout-9d6595d7 wp-block-columns-is-layout-flex\">\n<div class=\"wp-block-column is-layout-flow wp-block-column-is-layout-flow\" style=\"flex-basis:28%\"><\/div>\n\n\n\n<div class=\"wp-block-column button-padding is-layout-flow wp-block-column-is-layout-flow\" style=\"flex-basis:72%\"><\/div>\n<\/div>\n<\/div>\n<\/div>\n<\/div><\/div>\n\n\n\n<h2 class=\"wp-block-heading\">Conozca a los monitores de nuestra escuela de esqu\u00ed en Verbier<\/h2>\n\n\n\n<div class=\"wp-block-group alignfull\"><div class=\"wp-block-group__inner-container is-layout-constrained wp-block-group-is-layout-constrained\">\n<p>En nuestra&nbsp;<strong>escuela de esqu\u00ed en Verbier,<\/strong>&nbsp;nos enorgullece ofrecer&nbsp;<strong>clases de esqu\u00ed particulares<\/strong>&nbsp;y&nbsp;<strong>clases infantiles<\/strong>&nbsp;con los monitores m\u00e1s profesionales, simp\u00e1ticos y competentes del sector. Hacemos todo lo posible para encontrar, formar y promover personas&nbsp;<strong>que aman la ense\u00f1anza<\/strong>&nbsp;y que quieren compartir sus habilidades y conocimientos con usted. Para hablar sobre sus necesidades, puede ponerse en contacto con nosotros o&nbsp;<a href=\"tel:+41277716222\">llamarnos al +41 27 771 6222.<\/a><\/p>\n<\/div><\/div>\n\n\n\n<div class=\"wp-block-group alignfull instructors-list instructors-short-list\"><div class=\"wp-block-group__inner-container is-layout-constrained wp-block-group-is-layout-constrained\"><div class=\"lps-block-preview\"><section class=\"latest-post-selection four-columns as-column has-shadow hover-zoom content-center light ver2\" id=\"lps-39a20a15f6655949da4e3865f8924a20\" style=\" --default-tile-height: 15rem; --tablet-tile-height: 15rem; --mobile-tile-height: 15rem; --article-size-title: 16px;\" role=\"list\"><article class=\"post-37439 ski_instructor type-ski_instructor status-publish has-post-thumbnail ski_resorts-verbier entry has-link\" data-lps-id=\"37439\" role=\"listitem\"><figure class=\"article__image\"><img decoding=\"async\" src=\"https:\/\/europeansnowsport.com\/wp-content\/uploads\/agnes-b-225x300.jpeg\" class=\"lps-tile-main-image lps-custom-medium\" loading=\"lazy\" alt=\"Agnes B\u00e4ckstr\u00f6m\" width=\"225\" height=\"300\" srcset=\"https:\/\/europeansnowsport.com\/wp-content\/uploads\/agnes-b-225x300.jpeg 225w, https:\/\/europeansnowsport.com\/wp-content\/uploads\/agnes-b-768x1024.jpeg 768w, https:\/\/europeansnowsport.com\/wp-content\/uploads\/agnes-b-1152x1536.jpeg 1152w, https:\/\/europeansnowsport.com\/wp-content\/uploads\/agnes-b-500x667.jpeg 500w, https:\/\/europeansnowsport.com\/wp-content\/uploads\/agnes-b-800x1067.jpeg 800w, https:\/\/europeansnowsport.com\/wp-content\/uploads\/agnes-b.jpeg 1200w\"><\/figure><div class=\"article__info\"><h3 class=\"article__title item-title-tag\"><a href=\"https:\/\/europeansnowsport.com\/es\/ski_instructor\/agnes-backstrom\/\" title=\"Agnes B\u00e4ckstr\u00f6m\" class=\"article__link main-link\">Agnes B\u00e4ckstr\u00f6m<\/a><\/h3><\/div><\/article><article class=\"post-37591 ski_instructor type-ski_instructor status-publish has-post-thumbnail ski_resorts-verbier entry has-link\" data-lps-id=\"37591\" role=\"listitem\"><figure class=\"article__image\"><img decoding=\"async\" src=\"https:\/\/europeansnowsport.com\/wp-content\/uploads\/Annika-R-225x300.jpeg\" class=\"lps-tile-main-image lps-custom-medium\" loading=\"lazy\" alt=\"Annika Runstr\u00f6m\" width=\"225\" height=\"300\" srcset=\"https:\/\/europeansnowsport.com\/wp-content\/uploads\/Annika-R-225x300.jpeg 225w, https:\/\/europeansnowsport.com\/wp-content\/uploads\/Annika-R-768x1024.jpeg 768w, https:\/\/europeansnowsport.com\/wp-content\/uploads\/Annika-R-1152x1536.jpeg 1152w, https:\/\/europeansnowsport.com\/wp-content\/uploads\/Annika-R-500x667.jpeg 500w, https:\/\/europeansnowsport.com\/wp-content\/uploads\/Annika-R-800x1067.jpeg 800w, https:\/\/europeansnowsport.com\/wp-content\/uploads\/Annika-R.jpeg 1200w\"><\/figure><div class=\"article__info\"><h3 class=\"article__title item-title-tag\"><a href=\"https:\/\/europeansnowsport.com\/es\/ski_instructor\/annika-runstrom\/\" title=\"Annika Runstr\u00f6m\" class=\"article__link main-link\">Annika Runstr\u00f6m<\/a><\/h3><\/div><\/article><article class=\"post-13543 ski_instructor type-ski_instructor status-publish has-post-thumbnail ski_resorts-verbier entry has-link\" data-lps-id=\"13543\" role=\"listitem\"><figure class=\"article__image\"><img decoding=\"async\" src=\"https:\/\/europeansnowsport.com\/wp-content\/uploads\/\/full-size-29-1-200x300.jpg\" class=\"lps-tile-main-image lps-custom-medium\" loading=\"lazy\" alt=\"Anthony Voute\" width=\"200\" height=\"300\" srcset=\"https:\/\/europeansnowsport.com\/wp-content\/uploads\/\/full-size-29-1-200x300.jpg 200w, https:\/\/europeansnowsport.com\/wp-content\/uploads\/\/full-size-29-1-683x1024.jpg 683w, https:\/\/europeansnowsport.com\/wp-content\/uploads\/\/full-size-29-1-768x1152.jpg 768w, https:\/\/europeansnowsport.com\/wp-content\/uploads\/\/full-size-29-1-1024x1536.jpg 1024w, https:\/\/europeansnowsport.com\/wp-content\/uploads\/\/full-size-29-1.jpg 1365w, https:\/\/europeansnowsport.com\/wp-content\/uploads\/\/full-size-29-1-1100x1650.jpg 1100w\"><\/figure><div class=\"article__info\"><h3 class=\"article__title item-title-tag\"><a href=\"https:\/\/europeansnowsport.com\/es\/ski_instructor\/anthony-voute\/\" title=\"Anthony Voute\" class=\"article__link main-link\">Anthony Voute<\/a><\/h3><\/div><\/article><article class=\"post-25418 ski_instructor type-ski_instructor status-publish has-post-thumbnail ski_resorts-verbier entry has-link\" data-lps-id=\"25418\" role=\"listitem\"><figure class=\"article__image\"><img decoding=\"async\" src=\"https:\/\/europeansnowsport.com\/wp-content\/uploads\/Team-Headshots-07-scaled-e1710340866932-300x209.jpg\" class=\"lps-tile-main-image lps-custom-medium\" loading=\"lazy\" alt=\"Arthur Potokar\" width=\"300\" height=\"209\" srcset=\"https:\/\/europeansnowsport.com\/wp-content\/uploads\/Team-Headshots-07-scaled-e1710340866932-300x209.jpg 300w, https:\/\/europeansnowsport.com\/wp-content\/uploads\/Team-Headshots-07-scaled-e1710340866932-1024x713.jpg 1024w, https:\/\/europeansnowsport.com\/wp-content\/uploads\/Team-Headshots-07-scaled-e1710340866932-768x535.jpg 768w, https:\/\/europeansnowsport.com\/wp-content\/uploads\/Team-Headshots-07-scaled-e1710340866932-1536x1070.jpg 1536w, https:\/\/europeansnowsport.com\/wp-content\/uploads\/Team-Headshots-07-scaled-e1710340866932-500x348.jpg 500w, https:\/\/europeansnowsport.com\/wp-content\/uploads\/Team-Headshots-07-scaled-e1710340866932-800x557.jpg 800w, https:\/\/europeansnowsport.com\/wp-content\/uploads\/Team-Headshots-07-scaled-e1710340866932-1280x892.jpg 1280w, https:\/\/europeansnowsport.com\/wp-content\/uploads\/Team-Headshots-07-scaled-e1710340866932.jpg 1832w\"><\/figure><div class=\"article__info\"><h3 class=\"article__title item-title-tag\"><a href=\"https:\/\/europeansnowsport.com\/es\/ski_instructor\/arthur-potokar\/\" title=\"Arthur Potokar\" class=\"article__link main-link\">Arthur Potokar<\/a><\/h3><\/div><\/article><article class=\"post-33570 ski_instructor type-ski_instructor status-publish has-post-thumbnail ski_resorts-verbier entry has-link\" data-lps-id=\"33570\" role=\"listitem\"><figure class=\"article__image\"><img decoding=\"async\" src=\"https:\/\/europeansnowsport.com\/wp-content\/uploads\/Asa-clavbo--200x300.jpg\" class=\"lps-tile-main-image lps-custom-medium\" loading=\"lazy\" alt=\"Asa Clavbo Pettersson\" width=\"200\" height=\"300\" srcset=\"https:\/\/europeansnowsport.com\/wp-content\/uploads\/Asa-clavbo--200x300.jpg 200w, https:\/\/europeansnowsport.com\/wp-content\/uploads\/Asa-clavbo--683x1024.jpg 683w, https:\/\/europeansnowsport.com\/wp-content\/uploads\/Asa-clavbo--768x1152.jpg 768w, https:\/\/europeansnowsport.com\/wp-content\/uploads\/Asa-clavbo--1024x1536.jpg 1024w, https:\/\/europeansnowsport.com\/wp-content\/uploads\/Asa-clavbo--scaled.jpg 1365w, https:\/\/europeansnowsport.com\/wp-content\/uploads\/Asa-clavbo--500x750.jpg 500w, https:\/\/europeansnowsport.com\/wp-content\/uploads\/Asa-clavbo--800x1200.jpg 800w, https:\/\/europeansnowsport.com\/wp-content\/uploads\/Asa-clavbo--1280x1920.jpg 1280w, https:\/\/europeansnowsport.com\/wp-content\/uploads\/Asa-clavbo--1920x2880.jpg 1920w\"><\/figure><div class=\"article__info\"><h3 class=\"article__title item-title-tag\"><a href=\"https:\/\/europeansnowsport.com\/es\/ski_instructor\/asa-clavbo-pettersson\/\" title=\"Asa Clavbo Pettersson\" class=\"article__link main-link\">Asa Clavbo Pettersson<\/a><\/h3><\/div><\/article><article class=\"post-33549 ski_instructor type-ski_instructor status-publish has-post-thumbnail ski_resorts-verbier entry has-link\" data-lps-id=\"33549\" role=\"listitem\"><figure class=\"article__image\"><img decoding=\"async\" src=\"https:\/\/europeansnowsport.com\/wp-content\/uploads\/Audrey-Depuydt-scaled-e1734603597330-256x300.jpg\" class=\"lps-tile-main-image lps-custom-medium\" loading=\"lazy\" alt=\"Audrey Depuydt\" width=\"256\" height=\"300\" srcset=\"https:\/\/europeansnowsport.com\/wp-content\/uploads\/Audrey-Depuydt-scaled-e1734603597330-256x300.jpg 256w, https:\/\/europeansnowsport.com\/wp-content\/uploads\/Audrey-Depuydt-scaled-e1734603597330-875x1024.jpg 875w, https:\/\/europeansnowsport.com\/wp-content\/uploads\/Audrey-Depuydt-scaled-e1734603597330-768x899.jpg 768w, https:\/\/europeansnowsport.com\/wp-content\/uploads\/Audrey-Depuydt-scaled-e1734603597330-1313x1536.jpg 1313w, https:\/\/europeansnowsport.com\/wp-content\/uploads\/Audrey-Depuydt-scaled-e1734603597330-500x585.jpg 500w, https:\/\/europeansnowsport.com\/wp-content\/uploads\/Audrey-Depuydt-scaled-e1734603597330-800x936.jpg 800w, https:\/\/europeansnowsport.com\/wp-content\/uploads\/Audrey-Depuydt-scaled-e1734603597330-1280x1498.jpg 1280w, https:\/\/europeansnowsport.com\/wp-content\/uploads\/Audrey-Depuydt-scaled-e1734603597330.jpg 1365w\"><\/figure><div class=\"article__info\"><h3 class=\"article__title item-title-tag\"><a href=\"https:\/\/europeansnowsport.com\/es\/ski_instructor\/audrey-depuydt\/\" title=\"Audrey Depuydt\" class=\"article__link main-link\">Audrey Depuydt<\/a><\/h3><\/div><\/article><article class=\"post-32755 ski_instructor type-ski_instructor status-publish has-post-thumbnail ski_resorts-verbier entry has-link\" data-lps-id=\"32755\" role=\"listitem\"><figure class=\"article__image\"><img decoding=\"async\" src=\"https:\/\/europeansnowsport.com\/wp-content\/uploads\/August-Back-300x200.jpg\" class=\"lps-tile-main-image lps-custom-medium\" loading=\"lazy\" alt=\"August Blanco Back\" width=\"300\" height=\"200\" srcset=\"https:\/\/europeansnowsport.com\/wp-content\/uploads\/August-Back-300x200.jpg 300w, https:\/\/europeansnowsport.com\/wp-content\/uploads\/August-Back-1024x684.jpg 1024w, https:\/\/europeansnowsport.com\/wp-content\/uploads\/August-Back-768x513.jpg 768w, https:\/\/europeansnowsport.com\/wp-content\/uploads\/August-Back-1536x1026.jpg 1536w, https:\/\/europeansnowsport.com\/wp-content\/uploads\/August-Back-scaled.jpg 2048w, https:\/\/europeansnowsport.com\/wp-content\/uploads\/August-Back-500x334.jpg 500w, https:\/\/europeansnowsport.com\/wp-content\/uploads\/August-Back-800x534.jpg 800w, https:\/\/europeansnowsport.com\/wp-content\/uploads\/August-Back-1280x855.jpg 1280w, https:\/\/europeansnowsport.com\/wp-content\/uploads\/August-Back-1920x1282.jpg 1920w, https:\/\/europeansnowsport.com\/wp-content\/uploads\/August-Back-600x400.jpg 600w\"><\/figure><div class=\"article__info\"><h3 class=\"article__title item-title-tag\"><a href=\"https:\/\/europeansnowsport.com\/es\/ski_instructor\/august-blanco-back\/\" title=\"August Blanco Back\" class=\"article__link main-link\">August Blanco Back<\/a><\/h3><\/div><\/article><article class=\"post-33344 ski_instructor type-ski_instructor status-publish has-post-thumbnail ski_resorts-verbier entry has-link\" data-lps-id=\"33344\" role=\"listitem\"><figure class=\"article__image\"><img decoding=\"async\" src=\"https:\/\/europeansnowsport.com\/wp-content\/uploads\/Aurelie-garcin--scaled-e1734602369915-229x300.jpg\" class=\"lps-tile-main-image lps-custom-medium\" loading=\"lazy\" alt=\"Aur\u00e9lie Garcin\" width=\"229\" height=\"300\" srcset=\"https:\/\/europeansnowsport.com\/wp-content\/uploads\/Aurelie-garcin--scaled-e1734602369915-229x300.jpg 229w, https:\/\/europeansnowsport.com\/wp-content\/uploads\/Aurelie-garcin--scaled-e1734602369915-783x1024.jpg 783w, https:\/\/europeansnowsport.com\/wp-content\/uploads\/Aurelie-garcin--scaled-e1734602369915-768x1004.jpg 768w, https:\/\/europeansnowsport.com\/wp-content\/uploads\/Aurelie-garcin--scaled-e1734602369915-1175x1536.jpg 1175w, https:\/\/europeansnowsport.com\/wp-content\/uploads\/Aurelie-garcin--scaled-e1734602369915-500x654.jpg 500w, https:\/\/europeansnowsport.com\/wp-content\/uploads\/Aurelie-garcin--scaled-e1734602369915-800x1046.jpg 800w, https:\/\/europeansnowsport.com\/wp-content\/uploads\/Aurelie-garcin--scaled-e1734602369915-1280x1674.jpg 1280w, https:\/\/europeansnowsport.com\/wp-content\/uploads\/Aurelie-garcin--scaled-e1734602369915.jpg 1365w\"><\/figure><div class=\"article__info\"><h3 class=\"article__title item-title-tag\"><a href=\"https:\/\/europeansnowsport.com\/es\/ski_instructor\/aurelie-garcin\/\" title=\"Aur\u00e9lie Garcin\" class=\"article__link main-link\">Aur\u00e9lie Garcin<\/a><\/h3><\/div><\/article><article class=\"post-33382 ski_instructor type-ski_instructor status-publish has-post-thumbnail ski_resorts-verbier entry has-link\" data-lps-id=\"33382\" role=\"listitem\"><figure class=\"article__image\"><img decoding=\"async\" src=\"https:\/\/europeansnowsport.com\/wp-content\/uploads\/Ben-Levert--200x300.jpg\" class=\"lps-tile-main-image lps-custom-medium\" loading=\"lazy\" alt=\"Ben Levert\" width=\"200\" height=\"300\" srcset=\"https:\/\/europeansnowsport.com\/wp-content\/uploads\/Ben-Levert--200x300.jpg 200w, https:\/\/europeansnowsport.com\/wp-content\/uploads\/Ben-Levert--683x1024.jpg 683w, https:\/\/europeansnowsport.com\/wp-content\/uploads\/Ben-Levert--768x1152.jpg 768w, https:\/\/europeansnowsport.com\/wp-content\/uploads\/Ben-Levert--1024x1536.jpg 1024w, https:\/\/europeansnowsport.com\/wp-content\/uploads\/Ben-Levert--scaled.jpg 1365w, https:\/\/europeansnowsport.com\/wp-content\/uploads\/Ben-Levert--500x750.jpg 500w, https:\/\/europeansnowsport.com\/wp-content\/uploads\/Ben-Levert--800x1200.jpg 800w, https:\/\/europeansnowsport.com\/wp-content\/uploads\/Ben-Levert--1280x1920.jpg 1280w, https:\/\/europeansnowsport.com\/wp-content\/uploads\/Ben-Levert--1920x2880.jpg 1920w\"><\/figure><div class=\"article__info\"><h3 class=\"article__title item-title-tag\"><a href=\"https:\/\/europeansnowsport.com\/es\/ski_instructor\/ben-levert\/\" title=\"Ben Levert\" class=\"article__link main-link\">Ben Levert<\/a><\/h3><\/div><\/article><article class=\"post-34051 ski_instructor type-ski_instructor status-publish has-post-thumbnail ski_resorts-verbier entry has-link\" data-lps-id=\"34051\" role=\"listitem\"><figure class=\"article__image\"><img decoding=\"async\" src=\"https:\/\/europeansnowsport.com\/wp-content\/uploads\/benjamin-hess-300x169.jpg\" class=\"lps-tile-main-image lps-custom-medium\" loading=\"lazy\" alt=\"Benjamin Hess\" width=\"300\" height=\"169\" srcset=\"https:\/\/europeansnowsport.com\/wp-content\/uploads\/benjamin-hess-300x169.jpg 300w, https:\/\/europeansnowsport.com\/wp-content\/uploads\/benjamin-hess-1024x576.jpg 1024w, https:\/\/europeansnowsport.com\/wp-content\/uploads\/benjamin-hess-768x432.jpg 768w, https:\/\/europeansnowsport.com\/wp-content\/uploads\/benjamin-hess-1536x864.jpg 1536w, https:\/\/europeansnowsport.com\/wp-content\/uploads\/benjamin-hess-500x281.jpg 500w, https:\/\/europeansnowsport.com\/wp-content\/uploads\/benjamin-hess-800x450.jpg 800w, https:\/\/europeansnowsport.com\/wp-content\/uploads\/benjamin-hess-1280x720.jpg 1280w, https:\/\/europeansnowsport.com\/wp-content\/uploads\/benjamin-hess.jpg 1920w\"><\/figure><div class=\"article__info\"><h3 class=\"article__title item-title-tag\"><a href=\"https:\/\/europeansnowsport.com\/es\/ski_instructor\/benjamin-hess\/\" title=\"Benjamin Hess\" class=\"article__link main-link\">Benjamin Hess<\/a><\/h3><\/div><\/article><article class=\"post-5693 ski_instructor type-ski_instructor status-publish has-post-thumbnail ski_resorts-verbier entry has-link\" data-lps-id=\"5693\" role=\"listitem\"><figure class=\"article__image\"><img decoding=\"async\" src=\"https:\/\/europeansnowsport.com\/wp-content\/uploads\/Benson-300x289.jpg\" class=\"lps-tile-main-image lps-custom-medium\" loading=\"lazy\" alt=\"Benson, Paul Munro\" width=\"300\" height=\"289\" srcset=\"https:\/\/europeansnowsport.com\/wp-content\/uploads\/Benson-300x289.jpg 300w, https:\/\/europeansnowsport.com\/wp-content\/uploads\/Benson.jpg 398w\"><\/figure><div class=\"article__info\"><h3 class=\"article__title item-title-tag\"><a href=\"https:\/\/europeansnowsport.com\/es\/ski_instructor\/benson-paul-munro\/\" title=\"Benson, Paul Munro\" class=\"article__link main-link\">Benson, Paul Munro<\/a><\/h3><\/div><\/article><article class=\"post-33324 ski_instructor type-ski_instructor status-publish has-post-thumbnail ski_resorts-verbier entry has-link\" data-lps-id=\"33324\" role=\"listitem\"><figure class=\"article__image\"><img decoding=\"async\" src=\"https:\/\/europeansnowsport.com\/wp-content\/uploads\/Beth-Phelan--200x300.jpg\" class=\"lps-tile-main-image lps-custom-medium\" loading=\"lazy\" alt=\"Beth Phelan\" width=\"200\" height=\"300\" srcset=\"https:\/\/europeansnowsport.com\/wp-content\/uploads\/Beth-Phelan--200x300.jpg 200w, https:\/\/europeansnowsport.com\/wp-content\/uploads\/Beth-Phelan--683x1024.jpg 683w, https:\/\/europeansnowsport.com\/wp-content\/uploads\/Beth-Phelan--768x1152.jpg 768w, https:\/\/europeansnowsport.com\/wp-content\/uploads\/Beth-Phelan--1024x1536.jpg 1024w, https:\/\/europeansnowsport.com\/wp-content\/uploads\/Beth-Phelan--scaled.jpg 1365w, https:\/\/europeansnowsport.com\/wp-content\/uploads\/Beth-Phelan--500x750.jpg 500w, https:\/\/europeansnowsport.com\/wp-content\/uploads\/Beth-Phelan--800x1200.jpg 800w, https:\/\/europeansnowsport.com\/wp-content\/uploads\/Beth-Phelan--1280x1920.jpg 1280w, https:\/\/europeansnowsport.com\/wp-content\/uploads\/Beth-Phelan--1920x2880.jpg 1920w\"><\/figure><div class=\"article__info\"><h3 class=\"article__title item-title-tag\"><a href=\"https:\/\/europeansnowsport.com\/es\/ski_instructor\/beth-phelan\/\" title=\"Beth Phelan\" class=\"article__link main-link\">Beth Phelan<\/a><\/h3><\/div><\/article><article class=\"post-37587 ski_instructor type-ski_instructor status-publish has-post-thumbnail ski_resorts-verbier entry has-link\" data-lps-id=\"37587\" role=\"listitem\"><figure class=\"article__image\"><img decoding=\"async\" src=\"https:\/\/europeansnowsport.com\/wp-content\/uploads\/Camille-Mars-225x300.jpeg\" class=\"lps-tile-main-image lps-custom-medium\" loading=\"lazy\" alt=\"Camille Mars\" width=\"225\" height=\"300\" srcset=\"https:\/\/europeansnowsport.com\/wp-content\/uploads\/Camille-Mars-225x300.jpeg 225w, https:\/\/europeansnowsport.com\/wp-content\/uploads\/Camille-Mars-768x1024.jpeg 768w, https:\/\/europeansnowsport.com\/wp-content\/uploads\/Camille-Mars-1152x1536.jpeg 1152w, https:\/\/europeansnowsport.com\/wp-content\/uploads\/Camille-Mars-500x667.jpeg 500w, https:\/\/europeansnowsport.com\/wp-content\/uploads\/Camille-Mars-800x1067.jpeg 800w, https:\/\/europeansnowsport.com\/wp-content\/uploads\/Camille-Mars.jpeg 1200w\"><\/figure><div class=\"article__info\"><h3 class=\"article__title item-title-tag\"><a href=\"https:\/\/europeansnowsport.com\/es\/ski_instructor\/camille-mars\/\" title=\"Camille Mars\" class=\"article__link main-link\">Camille Mars<\/a><\/h3><\/div><\/article><article class=\"post-33545 ski_instructor type-ski_instructor status-publish has-post-thumbnail ski_resorts-verbier entry has-link\" data-lps-id=\"33545\" role=\"listitem\"><figure class=\"article__image\"><img decoding=\"async\" src=\"https:\/\/europeansnowsport.com\/wp-content\/uploads\/Catalin-Grosu--scaled-e1734602721530-240x300.jpg\" class=\"lps-tile-main-image lps-custom-medium\" loading=\"lazy\" alt=\"Catalin Grosu\" width=\"240\" height=\"300\" srcset=\"https:\/\/europeansnowsport.com\/wp-content\/uploads\/Catalin-Grosu--scaled-e1734602721530-240x300.jpg 240w, https:\/\/europeansnowsport.com\/wp-content\/uploads\/Catalin-Grosu--scaled-e1734602721530-821x1024.jpg 821w, https:\/\/europeansnowsport.com\/wp-content\/uploads\/Catalin-Grosu--scaled-e1734602721530-768x958.jpg 768w, https:\/\/europeansnowsport.com\/wp-content\/uploads\/Catalin-Grosu--scaled-e1734602721530-1231x1536.jpg 1231w, https:\/\/europeansnowsport.com\/wp-content\/uploads\/Catalin-Grosu--scaled-e1734602721530-500x624.jpg 500w, https:\/\/europeansnowsport.com\/wp-content\/uploads\/Catalin-Grosu--scaled-e1734602721530-800x998.jpg 800w, https:\/\/europeansnowsport.com\/wp-content\/uploads\/Catalin-Grosu--scaled-e1734602721530-1280x1597.jpg 1280w, https:\/\/europeansnowsport.com\/wp-content\/uploads\/Catalin-Grosu--scaled-e1734602721530.jpg 1365w\"><\/figure><div class=\"article__info\"><h3 class=\"article__title item-title-tag\"><a href=\"https:\/\/europeansnowsport.com\/es\/ski_instructor\/catalin-grosu\/\" title=\"Catalin Grosu\" class=\"article__link main-link\">Catalin Grosu<\/a><\/h3><\/div><\/article><article class=\"post-7643 ski_instructor type-ski_instructor status-publish has-post-thumbnail ski_resorts-verbier entry has-link\" data-lps-id=\"7643\" role=\"listitem\"><figure class=\"article__image\"><img decoding=\"async\" src=\"https:\/\/europeansnowsport.com\/wp-content\/uploads\/Charlie-E-300x225.jpg\" class=\"lps-tile-main-image lps-custom-medium\" loading=\"lazy\" alt=\"Charlie Elmore\" width=\"300\" height=\"225\" srcset=\"https:\/\/europeansnowsport.com\/wp-content\/uploads\/Charlie-E-300x225.jpg 300w, https:\/\/europeansnowsport.com\/wp-content\/uploads\/Charlie-E-768x576.jpg 768w, https:\/\/europeansnowsport.com\/wp-content\/uploads\/Charlie-E.jpg 960w\"><\/figure><div class=\"article__info\"><h3 class=\"article__title item-title-tag\"><a href=\"https:\/\/europeansnowsport.com\/es\/ski_instructor\/charlie-elmore\/\" title=\"Charlie Elmore\" class=\"article__link main-link\">Charlie Elmore<\/a><\/h3><\/div><\/article><article class=\"post-26289 ski_instructor type-ski_instructor status-publish has-post-thumbnail ski_resorts-verbier entry has-link\" data-lps-id=\"26289\" role=\"listitem\"><figure class=\"article__image\"><img decoding=\"async\" src=\"https:\/\/europeansnowsport.com\/wp-content\/uploads\/925696CA-E464-408B-8745-E6F0FC090C75-300x225.jpeg\" class=\"lps-tile-main-image lps-custom-medium\" loading=\"lazy\" alt=\"Clara Griffiths\" width=\"300\" height=\"225\" srcset=\"https:\/\/europeansnowsport.com\/wp-content\/uploads\/925696CA-E464-408B-8745-E6F0FC090C75-300x225.jpeg 300w, https:\/\/europeansnowsport.com\/wp-content\/uploads\/925696CA-E464-408B-8745-E6F0FC090C75-768x576.jpeg 768w, https:\/\/europeansnowsport.com\/wp-content\/uploads\/925696CA-E464-408B-8745-E6F0FC090C75.jpeg 800w\"><\/figure><div class=\"article__info\"><h3 class=\"article__title item-title-tag\"><a href=\"https:\/\/europeansnowsport.com\/es\/ski_instructor\/clara-griffiths\/\" title=\"Clara Griffiths\" class=\"article__link main-link\">Clara Griffiths<\/a><\/h3><\/div><\/article><article class=\"post-22020 ski_instructor type-ski_instructor status-publish has-post-thumbnail ski_resorts-verbier entry has-link\" data-lps-id=\"22020\" role=\"listitem\"><figure class=\"article__image\"><img decoding=\"async\" src=\"https:\/\/europeansnowsport.com\/wp-content\/uploads\/5.-11-days-mountains-verbier-zermatt-1-300x200.jpg\" class=\"lps-tile-main-image lps-custom-medium\" loading=\"lazy\" alt=\"Claudia de Hartog\" width=\"300\" height=\"200\" srcset=\"https:\/\/europeansnowsport.com\/wp-content\/uploads\/5.-11-days-mountains-verbier-zermatt-1-300x200.jpg 300w, https:\/\/europeansnowsport.com\/wp-content\/uploads\/5.-11-days-mountains-verbier-zermatt-1-1024x684.jpg 1024w, https:\/\/europeansnowsport.com\/wp-content\/uploads\/5.-11-days-mountains-verbier-zermatt-1-768x513.jpg 768w, https:\/\/europeansnowsport.com\/wp-content\/uploads\/5.-11-days-mountains-verbier-zermatt-1-1536x1026.jpg 1536w, https:\/\/europeansnowsport.com\/wp-content\/uploads\/5.-11-days-mountains-verbier-zermatt-1-scaled.jpg 2048w, https:\/\/europeansnowsport.com\/wp-content\/uploads\/5.-11-days-mountains-verbier-zermatt-1-500x334.jpg 500w, https:\/\/europeansnowsport.com\/wp-content\/uploads\/5.-11-days-mountains-verbier-zermatt-1-800x534.jpg 800w, https:\/\/europeansnowsport.com\/wp-content\/uploads\/5.-11-days-mountains-verbier-zermatt-1-1280x855.jpg 1280w, https:\/\/europeansnowsport.com\/wp-content\/uploads\/5.-11-days-mountains-verbier-zermatt-1-1920x1282.jpg 1920w, https:\/\/europeansnowsport.com\/wp-content\/uploads\/5.-11-days-mountains-verbier-zermatt-1-600x400.jpg 600w\"><\/figure><div class=\"article__info\"><h3 class=\"article__title item-title-tag\"><a href=\"https:\/\/europeansnowsport.com\/es\/ski_instructor\/claudia-de-hartog\/\" title=\"Claudia de Hartog\" class=\"article__link main-link\">Claudia de Hartog<\/a><\/h3><\/div><\/article><article class=\"post-37421 ski_instructor type-ski_instructor status-publish has-post-thumbnail ski_resorts-verbier entry has-link\" data-lps-id=\"37421\" role=\"listitem\"><figure class=\"article__image\"><img decoding=\"async\" src=\"https:\/\/europeansnowsport.com\/wp-content\/uploads\/Cordelia-225x300.jpeg\" class=\"lps-tile-main-image lps-custom-medium\" loading=\"lazy\" alt=\"Cordelia Orr- Ewing\" width=\"225\" height=\"300\" srcset=\"https:\/\/europeansnowsport.com\/wp-content\/uploads\/Cordelia-225x300.jpeg 225w, https:\/\/europeansnowsport.com\/wp-content\/uploads\/Cordelia-768x1024.jpeg 768w, https:\/\/europeansnowsport.com\/wp-content\/uploads\/Cordelia-1152x1536.jpeg 1152w, https:\/\/europeansnowsport.com\/wp-content\/uploads\/Cordelia-500x667.jpeg 500w, https:\/\/europeansnowsport.com\/wp-content\/uploads\/Cordelia-800x1067.jpeg 800w, https:\/\/europeansnowsport.com\/wp-content\/uploads\/Cordelia.jpeg 1200w\"><\/figure><div class=\"article__info\"><h3 class=\"article__title item-title-tag\"><a href=\"https:\/\/europeansnowsport.com\/es\/ski_instructor\/cordelia-orr-ewing\/\" title=\"Cordelia Orr- Ewing\" class=\"article__link main-link\">Cordelia Orr- Ewing<\/a><\/h3><\/div><\/article><article class=\"post-26138 ski_instructor type-ski_instructor status-publish has-post-thumbnail ski_resorts-verbier entry has-link\" data-lps-id=\"26138\" role=\"listitem\"><figure class=\"article__image\"><img decoding=\"async\" src=\"https:\/\/europeansnowsport.com\/wp-content\/uploads\/Dag-Eriksson-ski-instructor-300x200.jpg\" class=\"lps-tile-main-image lps-custom-medium\" loading=\"lazy\" alt=\"Dag Eriksson\" width=\"300\" height=\"200\" srcset=\"https:\/\/europeansnowsport.com\/wp-content\/uploads\/Dag-Eriksson-ski-instructor-300x200.jpg 300w, https:\/\/europeansnowsport.com\/wp-content\/uploads\/Dag-Eriksson-ski-instructor-1024x684.jpg 1024w, https:\/\/europeansnowsport.com\/wp-content\/uploads\/Dag-Eriksson-ski-instructor-768x513.jpg 768w, https:\/\/europeansnowsport.com\/wp-content\/uploads\/Dag-Eriksson-ski-instructor-1536x1026.jpg 1536w, https:\/\/europeansnowsport.com\/wp-content\/uploads\/Dag-Eriksson-ski-instructor-scaled.jpg 2048w, https:\/\/europeansnowsport.com\/wp-content\/uploads\/Dag-Eriksson-ski-instructor-500x334.jpg 500w, https:\/\/europeansnowsport.com\/wp-content\/uploads\/Dag-Eriksson-ski-instructor-800x534.jpg 800w, https:\/\/europeansnowsport.com\/wp-content\/uploads\/Dag-Eriksson-ski-instructor-1280x855.jpg 1280w, https:\/\/europeansnowsport.com\/wp-content\/uploads\/Dag-Eriksson-ski-instructor-1920x1282.jpg 1920w, https:\/\/europeansnowsport.com\/wp-content\/uploads\/Dag-Eriksson-ski-instructor-600x400.jpg 600w\"><\/figure><div class=\"article__info\"><h3 class=\"article__title item-title-tag\"><a href=\"https:\/\/europeansnowsport.com\/es\/ski_instructor\/dag-eriksson\/\" title=\"Dag Eriksson\" class=\"article__link main-link\">Dag Eriksson<\/a><\/h3><\/div><\/article><article class=\"post-33568 ski_instructor type-ski_instructor status-publish has-post-thumbnail ski_resorts-verbier entry has-link\" data-lps-id=\"33568\" role=\"listitem\"><figure class=\"article__image\"><img decoding=\"async\" src=\"https:\/\/europeansnowsport.com\/wp-content\/uploads\/Dominik-Z-225x300.jpeg\" class=\"lps-tile-main-image lps-custom-medium\" loading=\"lazy\" alt=\"Dominik Zingg\" width=\"225\" height=\"300\" srcset=\"https:\/\/europeansnowsport.com\/wp-content\/uploads\/Dominik-Z-225x300.jpeg 225w, https:\/\/europeansnowsport.com\/wp-content\/uploads\/Dominik-Z-768x1024.jpeg 768w, https:\/\/europeansnowsport.com\/wp-content\/uploads\/Dominik-Z-1152x1536.jpeg 1152w, https:\/\/europeansnowsport.com\/wp-content\/uploads\/Dominik-Z-500x667.jpeg 500w, https:\/\/europeansnowsport.com\/wp-content\/uploads\/Dominik-Z-800x1067.jpeg 800w, https:\/\/europeansnowsport.com\/wp-content\/uploads\/Dominik-Z.jpeg 1200w\"><\/figure><div class=\"article__info\"><h3 class=\"article__title item-title-tag\"><a href=\"https:\/\/europeansnowsport.com\/es\/ski_instructor\/dominik-zingg\/\" title=\"Dominik Zingg\" class=\"article__link main-link\">Dominik Zingg<\/a><\/h3><\/div><\/article><article class=\"post-30381 ski_instructor type-ski_instructor status-publish has-post-thumbnail ski_resorts-verbier entry has-link\" data-lps-id=\"30381\" role=\"listitem\"><figure class=\"article__image\"><img decoding=\"async\" src=\"https:\/\/europeansnowsport.com\/wp-content\/uploads\/Emelie-temporary-pic-225x300.jpeg\" class=\"lps-tile-main-image lps-custom-medium\" loading=\"lazy\" alt=\"Emelie Weil\" width=\"225\" height=\"300\" srcset=\"https:\/\/europeansnowsport.com\/wp-content\/uploads\/Emelie-temporary-pic-225x300.jpeg 225w, https:\/\/europeansnowsport.com\/wp-content\/uploads\/Emelie-temporary-pic-768x1024.jpeg 768w, https:\/\/europeansnowsport.com\/wp-content\/uploads\/Emelie-temporary-pic-1152x1536.jpeg 1152w, https:\/\/europeansnowsport.com\/wp-content\/uploads\/Emelie-temporary-pic-500x667.jpeg 500w, https:\/\/europeansnowsport.com\/wp-content\/uploads\/Emelie-temporary-pic-800x1067.jpeg 800w, https:\/\/europeansnowsport.com\/wp-content\/uploads\/Emelie-temporary-pic-1280x1707.jpeg 1280w, https:\/\/europeansnowsport.com\/wp-content\/uploads\/Emelie-temporary-pic.jpeg 1500w\"><\/figure><div class=\"article__info\"><h3 class=\"article__title item-title-tag\"><a href=\"https:\/\/europeansnowsport.com\/es\/ski_instructor\/emilie-weil\/\" title=\"Emelie Weil\" class=\"article__link main-link\">Emelie Weil<\/a><\/h3><\/div><\/article><article class=\"post-37603 ski_instructor type-ski_instructor status-publish has-post-thumbnail ski_resorts-verbier entry has-link\" data-lps-id=\"37603\" role=\"listitem\"><figure class=\"article__image\"><img decoding=\"async\" src=\"https:\/\/europeansnowsport.com\/wp-content\/uploads\/corduroy-73-home-mobile-251x300.jpg\" class=\"lps-tile-main-image lps-custom-medium\" loading=\"lazy\" alt=\"Eveline Engel\" width=\"251\" height=\"300\" srcset=\"https:\/\/europeansnowsport.com\/wp-content\/uploads\/corduroy-73-home-mobile-251x300.jpg 251w, https:\/\/europeansnowsport.com\/wp-content\/uploads\/corduroy-73-home-mobile-858x1024.jpg 858w, https:\/\/europeansnowsport.com\/wp-content\/uploads\/corduroy-73-home-mobile-768x916.jpg 768w, https:\/\/europeansnowsport.com\/wp-content\/uploads\/corduroy-73-home-mobile-500x597.jpg 500w, https:\/\/europeansnowsport.com\/wp-content\/uploads\/corduroy-73-home-mobile-800x954.jpg 800w, https:\/\/europeansnowsport.com\/wp-content\/uploads\/corduroy-73-home-mobile.jpg 1000w\"><\/figure><div class=\"article__info\"><h3 class=\"article__title item-title-tag\"><a href=\"https:\/\/europeansnowsport.com\/es\/ski_instructor\/eveline-engel\/\" title=\"Eveline Engel\" class=\"article__link main-link\">Eveline Engel<\/a><\/h3><\/div><\/article><article class=\"post-30936 ski_instructor type-ski_instructor status-publish has-post-thumbnail ski_resorts-verbier entry has-link\" data-lps-id=\"30936\" role=\"listitem\"><figure class=\"article__image\"><img decoding=\"async\" src=\"https:\/\/europeansnowsport.com\/wp-content\/uploads\/Fabio-3-258x300.png\" class=\"lps-tile-main-image lps-custom-medium\" loading=\"lazy\" alt=\"Fabio Frongia\" width=\"258\" height=\"300\" srcset=\"https:\/\/europeansnowsport.com\/wp-content\/uploads\/Fabio-3-258x300.png 258w, https:\/\/europeansnowsport.com\/wp-content\/uploads\/Fabio-3.png 322w\"><\/figure><div class=\"article__info\"><h3 class=\"article__title item-title-tag\"><a href=\"https:\/\/europeansnowsport.com\/es\/ski_instructor\/fabio-frongia\/\" title=\"Fabio Frongia\" class=\"article__link main-link\">Fabio Frongia<\/a><\/h3><\/div><\/article><article class=\"post-25314 ski_instructor type-ski_instructor status-publish has-post-thumbnail ski_resorts-verbier entry has-link\" data-lps-id=\"25314\" role=\"listitem\"><figure class=\"article__image\"><img decoding=\"async\" src=\"https:\/\/europeansnowsport.com\/wp-content\/uploads\/Felix-Lundstrom-300x169.jpg\" class=\"lps-tile-main-image lps-custom-medium\" loading=\"lazy\" alt=\"Felix Lundstr\u00f6m\" width=\"300\" height=\"169\" srcset=\"https:\/\/europeansnowsport.com\/wp-content\/uploads\/Felix-Lundstrom-300x169.jpg 300w, https:\/\/europeansnowsport.com\/wp-content\/uploads\/Felix-Lundstrom-1024x577.jpg 1024w, https:\/\/europeansnowsport.com\/wp-content\/uploads\/Felix-Lundstrom-768x433.jpg 768w, https:\/\/europeansnowsport.com\/wp-content\/uploads\/Felix-Lundstrom-1536x865.jpg 1536w, https:\/\/europeansnowsport.com\/wp-content\/uploads\/Felix-Lundstrom.jpg 2048w, https:\/\/europeansnowsport.com\/wp-content\/uploads\/Felix-Lundstrom-1100x620.jpg 1100w\"><\/figure><div class=\"article__info\"><h3 class=\"article__title item-title-tag\"><a href=\"https:\/\/europeansnowsport.com\/es\/ski_instructor\/felix-lundstrom\/\" title=\"Felix Lundstr\u00f6m\" class=\"article__link main-link\">Felix Lundstr\u00f6m<\/a><\/h3><\/div><\/article><article class=\"post-30139 ski_instructor type-ski_instructor status-publish has-post-thumbnail ski_resorts-verbier entry has-link\" data-lps-id=\"30139\" role=\"listitem\"><figure class=\"article__image\"><img decoding=\"async\" src=\"https:\/\/europeansnowsport.com\/wp-content\/uploads\/Felix-Oppenheim-ski-instructor-300x200.jpg\" class=\"lps-tile-main-image lps-custom-medium\" loading=\"lazy\" alt=\"Felix Oppenheim\" width=\"300\" height=\"200\" srcset=\"https:\/\/europeansnowsport.com\/wp-content\/uploads\/Felix-Oppenheim-ski-instructor-300x200.jpg 300w, https:\/\/europeansnowsport.com\/wp-content\/uploads\/Felix-Oppenheim-ski-instructor-1024x684.jpg 1024w, https:\/\/europeansnowsport.com\/wp-content\/uploads\/Felix-Oppenheim-ski-instructor-768x513.jpg 768w, https:\/\/europeansnowsport.com\/wp-content\/uploads\/Felix-Oppenheim-ski-instructor-1536x1026.jpg 1536w, https:\/\/europeansnowsport.com\/wp-content\/uploads\/Felix-Oppenheim-ski-instructor-scaled.jpg 2048w, https:\/\/europeansnowsport.com\/wp-content\/uploads\/Felix-Oppenheim-ski-instructor-500x334.jpg 500w, https:\/\/europeansnowsport.com\/wp-content\/uploads\/Felix-Oppenheim-ski-instructor-800x534.jpg 800w, https:\/\/europeansnowsport.com\/wp-content\/uploads\/Felix-Oppenheim-ski-instructor-1280x855.jpg 1280w, https:\/\/europeansnowsport.com\/wp-content\/uploads\/Felix-Oppenheim-ski-instructor-1920x1282.jpg 1920w, https:\/\/europeansnowsport.com\/wp-content\/uploads\/Felix-Oppenheim-ski-instructor-600x400.jpg 600w\"><\/figure><div class=\"article__info\"><h3 class=\"article__title item-title-tag\"><a href=\"https:\/\/europeansnowsport.com\/es\/ski_instructor\/felix-oppenheim\/\" title=\"Felix Oppenheim\" class=\"article__link main-link\">Felix Oppenheim<\/a><\/h3><\/div><\/article><article class=\"post-30124 ski_instructor type-ski_instructor status-publish has-post-thumbnail ski_resorts-verbier entry has-link\" data-lps-id=\"30124\" role=\"listitem\"><figure class=\"article__image\"><img decoding=\"async\" src=\"https:\/\/europeansnowsport.com\/wp-content\/uploads\/Fleur-300x200.jpg\" class=\"lps-tile-main-image lps-custom-medium\" loading=\"lazy\" alt=\"Fleur Arnold\" width=\"300\" height=\"200\" srcset=\"https:\/\/europeansnowsport.com\/wp-content\/uploads\/Fleur-300x200.jpg 300w, https:\/\/europeansnowsport.com\/wp-content\/uploads\/Fleur-1024x684.jpg 1024w, https:\/\/europeansnowsport.com\/wp-content\/uploads\/Fleur-768x513.jpg 768w, https:\/\/europeansnowsport.com\/wp-content\/uploads\/Fleur-1536x1026.jpg 1536w, https:\/\/europeansnowsport.com\/wp-content\/uploads\/Fleur-scaled.jpg 2048w, https:\/\/europeansnowsport.com\/wp-content\/uploads\/Fleur-500x334.jpg 500w, https:\/\/europeansnowsport.com\/wp-content\/uploads\/Fleur-800x534.jpg 800w, https:\/\/europeansnowsport.com\/wp-content\/uploads\/Fleur-1280x855.jpg 1280w, https:\/\/europeansnowsport.com\/wp-content\/uploads\/Fleur-1920x1282.jpg 1920w, https:\/\/europeansnowsport.com\/wp-content\/uploads\/Fleur-600x400.jpg 600w\"><\/figure><div class=\"article__info\"><h3 class=\"article__title item-title-tag\"><a href=\"https:\/\/europeansnowsport.com\/es\/ski_instructor\/fleur-arnold\/\" title=\"Fleur Arnold\" class=\"article__link main-link\">Fleur Arnold<\/a><\/h3><\/div><\/article><article class=\"post-37599 ski_instructor type-ski_instructor status-publish has-post-thumbnail ski_resorts-verbier entry has-link\" data-lps-id=\"37599\" role=\"listitem\"><figure class=\"article__image\"><img decoding=\"async\" src=\"https:\/\/europeansnowsport.com\/wp-content\/uploads\/corduroy-73-home-mobile-251x300.jpg\" class=\"lps-tile-main-image lps-custom-medium\" loading=\"lazy\" alt=\"Florentine Windhagen\" width=\"251\" height=\"300\" srcset=\"https:\/\/europeansnowsport.com\/wp-content\/uploads\/corduroy-73-home-mobile-251x300.jpg 251w, https:\/\/europeansnowsport.com\/wp-content\/uploads\/corduroy-73-home-mobile-858x1024.jpg 858w, https:\/\/europeansnowsport.com\/wp-content\/uploads\/corduroy-73-home-mobile-768x916.jpg 768w, https:\/\/europeansnowsport.com\/wp-content\/uploads\/corduroy-73-home-mobile-500x597.jpg 500w, https:\/\/europeansnowsport.com\/wp-content\/uploads\/corduroy-73-home-mobile-800x954.jpg 800w, https:\/\/europeansnowsport.com\/wp-content\/uploads\/corduroy-73-home-mobile.jpg 1000w\"><\/figure><div class=\"article__info\"><h3 class=\"article__title item-title-tag\"><a href=\"https:\/\/europeansnowsport.com\/es\/ski_instructor\/florentine-windhagen\/\" title=\"Florentine Windhagen\" class=\"article__link main-link\">Florentine Windhagen<\/a><\/h3><\/div><\/article><article class=\"post-26299 ski_instructor type-ski_instructor status-publish has-post-thumbnail ski_resorts-verbier entry has-link\" data-lps-id=\"26299\" role=\"listitem\"><figure class=\"article__image\"><img decoding=\"async\" src=\"https:\/\/europeansnowsport.com\/wp-content\/uploads\/Frippe-Stenberg-300x200.jpg\" class=\"lps-tile-main-image lps-custom-medium\" loading=\"lazy\" alt=\"Frippe Stenberg\" width=\"300\" height=\"200\" srcset=\"https:\/\/europeansnowsport.com\/wp-content\/uploads\/Frippe-Stenberg-300x200.jpg 300w, https:\/\/europeansnowsport.com\/wp-content\/uploads\/Frippe-Stenberg-1024x684.jpg 1024w, https:\/\/europeansnowsport.com\/wp-content\/uploads\/Frippe-Stenberg-768x513.jpg 768w, https:\/\/europeansnowsport.com\/wp-content\/uploads\/Frippe-Stenberg-1536x1026.jpg 1536w, https:\/\/europeansnowsport.com\/wp-content\/uploads\/Frippe-Stenberg-scaled.jpg 2048w, https:\/\/europeansnowsport.com\/wp-content\/uploads\/Frippe-Stenberg-500x334.jpg 500w, https:\/\/europeansnowsport.com\/wp-content\/uploads\/Frippe-Stenberg-800x534.jpg 800w, https:\/\/europeansnowsport.com\/wp-content\/uploads\/Frippe-Stenberg-1280x855.jpg 1280w, https:\/\/europeansnowsport.com\/wp-content\/uploads\/Frippe-Stenberg-1920x1282.jpg 1920w, https:\/\/europeansnowsport.com\/wp-content\/uploads\/Frippe-Stenberg-600x400.jpg 600w\"><\/figure><div class=\"article__info\"><h3 class=\"article__title item-title-tag\"><a href=\"https:\/\/europeansnowsport.com\/es\/ski_instructor\/frippe-stenberg\/\" title=\"Frippe Stenberg\" class=\"article__link main-link\">Frippe Stenberg<\/a><\/h3><\/div><\/article><article class=\"post-4596 ski_instructor type-ski_instructor status-publish has-post-thumbnail ski_resorts-verbier entry has-link\" data-lps-id=\"4596\" role=\"listitem\"><figure class=\"article__image\"><img decoding=\"async\" src=\"https:\/\/europeansnowsport.com\/wp-content\/uploads\/teamphotoVsquare-35-300x300.jpg\" class=\"lps-tile-main-image lps-custom-medium\" loading=\"lazy\" alt=\"Graeme Gibson\" width=\"300\" height=\"300\" srcset=\"https:\/\/europeansnowsport.com\/wp-content\/uploads\/teamphotoVsquare-35-300x300.jpg 300w, https:\/\/europeansnowsport.com\/wp-content\/uploads\/teamphotoVsquare-35-150x150.jpg 150w, https:\/\/europeansnowsport.com\/wp-content\/uploads\/teamphotoVsquare-35.jpg 700w\"><\/figure><div class=\"article__info\"><h3 class=\"article__title item-title-tag\"><a href=\"https:\/\/europeansnowsport.com\/es\/ski_instructor\/graeme-gibson\/\" title=\"Graeme Gibson\" class=\"article__link main-link\">Graeme Gibson<\/a><\/h3><\/div><\/article><article class=\"post-26111 ski_instructor type-ski_instructor status-publish has-post-thumbnail ski_resorts-verbier entry has-link\" data-lps-id=\"26111\" role=\"listitem\"><figure class=\"article__image\"><img decoding=\"async\" src=\"https:\/\/europeansnowsport.com\/wp-content\/uploads\/Headshots-11-300x200.jpg\" class=\"lps-tile-main-image lps-custom-medium\" loading=\"lazy\" alt=\"Gustav Oden\" width=\"300\" height=\"200\" srcset=\"https:\/\/europeansnowsport.com\/wp-content\/uploads\/Headshots-11-300x200.jpg 300w, https:\/\/europeansnowsport.com\/wp-content\/uploads\/Headshots-11-1024x684.jpg 1024w, https:\/\/europeansnowsport.com\/wp-content\/uploads\/Headshots-11-768x513.jpg 768w, https:\/\/europeansnowsport.com\/wp-content\/uploads\/Headshots-11-1536x1026.jpg 1536w, https:\/\/europeansnowsport.com\/wp-content\/uploads\/Headshots-11.jpg 2048w, https:\/\/europeansnowsport.com\/wp-content\/uploads\/Headshots-11-1100x735.jpg 1100w\"><\/figure><div class=\"article__info\"><h3 class=\"article__title item-title-tag\"><a href=\"https:\/\/europeansnowsport.com\/es\/ski_instructor\/gustav-oden\/\" title=\"Gustav Oden\" class=\"article__link main-link\">Gustav Oden<\/a><\/h3><\/div><\/article><article class=\"post-32895 ski_instructor type-ski_instructor status-publish has-post-thumbnail ski_resorts-verbier entry has-link\" data-lps-id=\"32895\" role=\"listitem\"><figure class=\"article__image\"><img decoding=\"async\" src=\"https:\/\/europeansnowsport.com\/wp-content\/uploads\/Hugo-Griffiths-300x200.jpg\" class=\"lps-tile-main-image lps-custom-medium\" loading=\"lazy\" alt=\"Hugo Griffiths\" width=\"300\" height=\"200\" srcset=\"https:\/\/europeansnowsport.com\/wp-content\/uploads\/Hugo-Griffiths-300x200.jpg 300w, https:\/\/europeansnowsport.com\/wp-content\/uploads\/Hugo-Griffiths-1024x684.jpg 1024w, https:\/\/europeansnowsport.com\/wp-content\/uploads\/Hugo-Griffiths-768x513.jpg 768w, https:\/\/europeansnowsport.com\/wp-content\/uploads\/Hugo-Griffiths-1536x1026.jpg 1536w, https:\/\/europeansnowsport.com\/wp-content\/uploads\/Hugo-Griffiths-scaled.jpg 2048w, https:\/\/europeansnowsport.com\/wp-content\/uploads\/Hugo-Griffiths-500x334.jpg 500w, https:\/\/europeansnowsport.com\/wp-content\/uploads\/Hugo-Griffiths-800x534.jpg 800w, https:\/\/europeansnowsport.com\/wp-content\/uploads\/Hugo-Griffiths-1280x855.jpg 1280w, https:\/\/europeansnowsport.com\/wp-content\/uploads\/Hugo-Griffiths-1920x1282.jpg 1920w, https:\/\/europeansnowsport.com\/wp-content\/uploads\/Hugo-Griffiths-600x400.jpg 600w\"><\/figure><div class=\"article__info\"><h3 class=\"article__title item-title-tag\"><a href=\"https:\/\/europeansnowsport.com\/es\/ski_instructor\/hugo-griffiths\/\" title=\"Hugo Griffiths\" class=\"article__link main-link\">Hugo Griffiths<\/a><\/h3><\/div><\/article><article class=\"post-37437 ski_instructor type-ski_instructor status-publish has-post-thumbnail ski_resorts-verbier entry has-link\" data-lps-id=\"37437\" role=\"listitem\"><figure class=\"article__image\"><img decoding=\"async\" src=\"https:\/\/europeansnowsport.com\/wp-content\/uploads\/Ida-W-225x300.jpeg\" class=\"lps-tile-main-image lps-custom-medium\" loading=\"lazy\" alt=\"Ida Wannerbratt\" width=\"225\" height=\"300\" srcset=\"https:\/\/europeansnowsport.com\/wp-content\/uploads\/Ida-W-225x300.jpeg 225w, https:\/\/europeansnowsport.com\/wp-content\/uploads\/Ida-W-768x1024.jpeg 768w, https:\/\/europeansnowsport.com\/wp-content\/uploads\/Ida-W-1152x1536.jpeg 1152w, https:\/\/europeansnowsport.com\/wp-content\/uploads\/Ida-W-500x667.jpeg 500w, https:\/\/europeansnowsport.com\/wp-content\/uploads\/Ida-W-800x1067.jpeg 800w, https:\/\/europeansnowsport.com\/wp-content\/uploads\/Ida-W.jpeg 1200w\"><\/figure><div class=\"article__info\"><h3 class=\"article__title item-title-tag\"><a href=\"https:\/\/europeansnowsport.com\/es\/ski_instructor\/ida-wannerbratt\/\" title=\"Ida Wannerbratt\" class=\"article__link main-link\">Ida Wannerbratt<\/a><\/h3><\/div><\/article><article class=\"post-26177 ski_instructor type-ski_instructor status-publish has-post-thumbnail ski_resorts-verbier entry has-link\" data-lps-id=\"26177\" role=\"listitem\"><figure class=\"article__image\"><img decoding=\"async\" src=\"https:\/\/europeansnowsport.com\/wp-content\/uploads\/James-Taylor-ski-instructor-300x200.jpg\" class=\"lps-tile-main-image lps-custom-medium\" loading=\"lazy\" alt=\"James Taylor (JT)\" width=\"300\" height=\"200\" srcset=\"https:\/\/europeansnowsport.com\/wp-content\/uploads\/James-Taylor-ski-instructor-300x200.jpg 300w, https:\/\/europeansnowsport.com\/wp-content\/uploads\/James-Taylor-ski-instructor-1024x684.jpg 1024w, https:\/\/europeansnowsport.com\/wp-content\/uploads\/James-Taylor-ski-instructor-768x513.jpg 768w, https:\/\/europeansnowsport.com\/wp-content\/uploads\/James-Taylor-ski-instructor-1536x1026.jpg 1536w, https:\/\/europeansnowsport.com\/wp-content\/uploads\/James-Taylor-ski-instructor-scaled.jpg 2048w, https:\/\/europeansnowsport.com\/wp-content\/uploads\/James-Taylor-ski-instructor-500x334.jpg 500w, https:\/\/europeansnowsport.com\/wp-content\/uploads\/James-Taylor-ski-instructor-800x534.jpg 800w, https:\/\/europeansnowsport.com\/wp-content\/uploads\/James-Taylor-ski-instructor-1280x855.jpg 1280w, https:\/\/europeansnowsport.com\/wp-content\/uploads\/James-Taylor-ski-instructor-1920x1282.jpg 1920w, https:\/\/europeansnowsport.com\/wp-content\/uploads\/James-Taylor-ski-instructor-600x400.jpg 600w\"><\/figure><div class=\"article__info\"><h3 class=\"article__title item-title-tag\"><a href=\"https:\/\/europeansnowsport.com\/es\/ski_instructor\/james-taylor-jt\/\" title=\"James Taylor (JT)\" class=\"article__link main-link\">James Taylor (JT)<\/a><\/h3><\/div><\/article><article class=\"post-37589 ski_instructor type-ski_instructor status-publish has-post-thumbnail ski_resorts-verbier entry has-link\" data-lps-id=\"37589\" role=\"listitem\"><figure class=\"article__image\"><img decoding=\"async\" src=\"https:\/\/europeansnowsport.com\/wp-content\/uploads\/corduroy-73-home-mobile-251x300.jpg\" class=\"lps-tile-main-image lps-custom-medium\" loading=\"lazy\" alt=\"Jeremy Bezard\" width=\"251\" height=\"300\" srcset=\"https:\/\/europeansnowsport.com\/wp-content\/uploads\/corduroy-73-home-mobile-251x300.jpg 251w, https:\/\/europeansnowsport.com\/wp-content\/uploads\/corduroy-73-home-mobile-858x1024.jpg 858w, https:\/\/europeansnowsport.com\/wp-content\/uploads\/corduroy-73-home-mobile-768x916.jpg 768w, https:\/\/europeansnowsport.com\/wp-content\/uploads\/corduroy-73-home-mobile-500x597.jpg 500w, https:\/\/europeansnowsport.com\/wp-content\/uploads\/corduroy-73-home-mobile-800x954.jpg 800w, https:\/\/europeansnowsport.com\/wp-content\/uploads\/corduroy-73-home-mobile.jpg 1000w\"><\/figure><div class=\"article__info\"><h3 class=\"article__title item-title-tag\"><a href=\"https:\/\/europeansnowsport.com\/es\/ski_instructor\/jeremy-bezard\/\" title=\"Jeremy Bezard\" class=\"article__link main-link\">Jeremy Bezard<\/a><\/h3><\/div><\/article><article class=\"post-37429 ski_instructor type-ski_instructor status-publish has-post-thumbnail ski_resorts-verbier entry has-link\" data-lps-id=\"37429\" role=\"listitem\"><figure class=\"article__image\"><img decoding=\"async\" src=\"https:\/\/europeansnowsport.com\/wp-content\/uploads\/Job-b-225x300.jpeg\" class=\"lps-tile-main-image lps-custom-medium\" loading=\"lazy\" alt=\"Job Buijze\" width=\"225\" height=\"300\" srcset=\"https:\/\/europeansnowsport.com\/wp-content\/uploads\/Job-b-225x300.jpeg 225w, https:\/\/europeansnowsport.com\/wp-content\/uploads\/Job-b-768x1024.jpeg 768w, https:\/\/europeansnowsport.com\/wp-content\/uploads\/Job-b-1152x1536.jpeg 1152w, https:\/\/europeansnowsport.com\/wp-content\/uploads\/Job-b-500x667.jpeg 500w, https:\/\/europeansnowsport.com\/wp-content\/uploads\/Job-b-800x1067.jpeg 800w, https:\/\/europeansnowsport.com\/wp-content\/uploads\/Job-b.jpeg 1200w\"><\/figure><div class=\"article__info\"><h3 class=\"article__title item-title-tag\"><a href=\"https:\/\/europeansnowsport.com\/es\/ski_instructor\/job-buijze-2\/\" title=\"Job Buijze\" class=\"article__link main-link\">Job Buijze<\/a><\/h3><\/div><\/article><article class=\"post-16301 ski_instructor type-ski_instructor status-publish has-post-thumbnail ski_resorts-verbier entry has-link\" data-lps-id=\"16301\" role=\"listitem\"><figure class=\"article__image\"><img decoding=\"async\" src=\"https:\/\/europeansnowsport.com\/wp-content\/uploads\/\/full-size-61-200x300.jpg\" class=\"lps-tile-main-image lps-custom-medium\" loading=\"lazy\" alt=\"Jonas Sundstedt\" width=\"200\" height=\"300\" srcset=\"https:\/\/europeansnowsport.com\/wp-content\/uploads\/\/full-size-61-200x300.jpg 200w, https:\/\/europeansnowsport.com\/wp-content\/uploads\/\/full-size-61-683x1024.jpg 683w, https:\/\/europeansnowsport.com\/wp-content\/uploads\/\/full-size-61-768x1152.jpg 768w, https:\/\/europeansnowsport.com\/wp-content\/uploads\/\/full-size-61-1024x1536.jpg 1024w, https:\/\/europeansnowsport.com\/wp-content\/uploads\/\/full-size-61.jpg 1365w, https:\/\/europeansnowsport.com\/wp-content\/uploads\/\/full-size-61-1100x1650.jpg 1100w\"><\/figure><div class=\"article__info\"><h3 class=\"article__title item-title-tag\"><a href=\"https:\/\/europeansnowsport.com\/es\/ski_instructor\/1721\/\" title=\"Jonas Sundstedt\" class=\"article__link main-link\">Jonas Sundstedt<\/a><\/h3><\/div><\/article><article class=\"post-30345 ski_instructor type-ski_instructor status-publish has-post-thumbnail ski_resorts-verbier entry has-link\" data-lps-id=\"30345\" role=\"listitem\"><figure class=\"article__image\"><img decoding=\"async\" src=\"https:\/\/europeansnowsport.com\/wp-content\/uploads\/Jonatan-2-300x200.jpg\" class=\"lps-tile-main-image lps-custom-medium\" loading=\"lazy\" alt=\"Jonatan Hartmann\" width=\"300\" height=\"200\" srcset=\"https:\/\/europeansnowsport.com\/wp-content\/uploads\/Jonatan-2-300x200.jpg 300w, https:\/\/europeansnowsport.com\/wp-content\/uploads\/Jonatan-2-1024x684.jpg 1024w, https:\/\/europeansnowsport.com\/wp-content\/uploads\/Jonatan-2-768x513.jpg 768w, https:\/\/europeansnowsport.com\/wp-content\/uploads\/Jonatan-2-1536x1026.jpg 1536w, https:\/\/europeansnowsport.com\/wp-content\/uploads\/Jonatan-2-scaled.jpg 2048w, https:\/\/europeansnowsport.com\/wp-content\/uploads\/Jonatan-2-500x334.jpg 500w, https:\/\/europeansnowsport.com\/wp-content\/uploads\/Jonatan-2-800x534.jpg 800w, https:\/\/europeansnowsport.com\/wp-content\/uploads\/Jonatan-2-1280x855.jpg 1280w, https:\/\/europeansnowsport.com\/wp-content\/uploads\/Jonatan-2-1920x1282.jpg 1920w, https:\/\/europeansnowsport.com\/wp-content\/uploads\/Jonatan-2-600x400.jpg 600w\"><\/figure><div class=\"article__info\"><h3 class=\"article__title item-title-tag\"><a href=\"https:\/\/europeansnowsport.com\/es\/ski_instructor\/jonatan-hartmann\/\" title=\"Jonatan Hartmann\" class=\"article__link main-link\">Jonatan Hartmann<\/a><\/h3><\/div><\/article><article class=\"post-22005 ski_instructor type-ski_instructor status-publish has-post-thumbnail ski_resorts-verbier entry has-link\" data-lps-id=\"22005\" role=\"listitem\"><figure class=\"article__image\"><img decoding=\"async\" src=\"https:\/\/europeansnowsport.com\/wp-content\/uploads\/Julian-1-scaled-e1709569221872-236x300.jpg\" class=\"lps-tile-main-image lps-custom-medium\" loading=\"lazy\" alt=\"Julian Griffiths\" width=\"236\" height=\"300\" srcset=\"https:\/\/europeansnowsport.com\/wp-content\/uploads\/Julian-1-scaled-e1709569221872-236x300.jpg 236w, https:\/\/europeansnowsport.com\/wp-content\/uploads\/Julian-1-scaled-e1709569221872-805x1024.jpg 805w, https:\/\/europeansnowsport.com\/wp-content\/uploads\/Julian-1-scaled-e1709569221872-768x977.jpg 768w, https:\/\/europeansnowsport.com\/wp-content\/uploads\/Julian-1-scaled-e1709569221872-500x636.jpg 500w, https:\/\/europeansnowsport.com\/wp-content\/uploads\/Julian-1-scaled-e1709569221872-800x1017.jpg 800w, https:\/\/europeansnowsport.com\/wp-content\/uploads\/Julian-1-scaled-e1709569221872.jpg 979w\"><\/figure><div class=\"article__info\"><h3 class=\"article__title item-title-tag\"><a href=\"https:\/\/europeansnowsport.com\/es\/ski_instructor\/julian-griffiths\/\" title=\"Julian Griffiths\" class=\"article__link main-link\">Julian Griffiths<\/a><\/h3><\/div><\/article><article class=\"post-37593 ski_instructor type-ski_instructor status-publish has-post-thumbnail ski_resorts-verbier entry has-link\" data-lps-id=\"37593\" role=\"listitem\"><figure class=\"article__image\"><img decoding=\"async\" src=\"https:\/\/europeansnowsport.com\/wp-content\/uploads\/corduroy-73-home-mobile-251x300.jpg\" class=\"lps-tile-main-image lps-custom-medium\" loading=\"lazy\" alt=\"Juliette Lundstr\u00f6m\" width=\"251\" height=\"300\" srcset=\"https:\/\/europeansnowsport.com\/wp-content\/uploads\/corduroy-73-home-mobile-251x300.jpg 251w, https:\/\/europeansnowsport.com\/wp-content\/uploads\/corduroy-73-home-mobile-858x1024.jpg 858w, https:\/\/europeansnowsport.com\/wp-content\/uploads\/corduroy-73-home-mobile-768x916.jpg 768w, https:\/\/europeansnowsport.com\/wp-content\/uploads\/corduroy-73-home-mobile-500x597.jpg 500w, https:\/\/europeansnowsport.com\/wp-content\/uploads\/corduroy-73-home-mobile-800x954.jpg 800w, https:\/\/europeansnowsport.com\/wp-content\/uploads\/corduroy-73-home-mobile.jpg 1000w\"><\/figure><div class=\"article__info\"><h3 class=\"article__title item-title-tag\"><a href=\"https:\/\/europeansnowsport.com\/es\/ski_instructor\/juliette-lundstom\/\" title=\"Juliette Lundstr\u00f6m\" class=\"article__link main-link\">Juliette Lundstr\u00f6m<\/a><\/h3><\/div><\/article><article class=\"post-10494 ski_instructor type-ski_instructor status-publish has-post-thumbnail ski_resorts-verbier entry has-link\" data-lps-id=\"10494\" role=\"listitem\"><figure class=\"article__image\"><img decoding=\"async\" src=\"https:\/\/europeansnowsport.com\/wp-content\/uploads\/\/full-size-69-200x300.jpg\" class=\"lps-tile-main-image lps-custom-medium\" loading=\"lazy\" alt=\"Kate St Clair Tisdall\" width=\"200\" height=\"300\" srcset=\"https:\/\/europeansnowsport.com\/wp-content\/uploads\/\/full-size-69-200x300.jpg 200w, https:\/\/europeansnowsport.com\/wp-content\/uploads\/\/full-size-69-683x1024.jpg 683w, https:\/\/europeansnowsport.com\/wp-content\/uploads\/\/full-size-69-768x1152.jpg 768w, https:\/\/europeansnowsport.com\/wp-content\/uploads\/\/full-size-69-1024x1536.jpg 1024w, https:\/\/europeansnowsport.com\/wp-content\/uploads\/\/full-size-69.jpg 1365w, https:\/\/europeansnowsport.com\/wp-content\/uploads\/\/full-size-69-1100x1650.jpg 1100w\"><\/figure><div class=\"article__info\"><h3 class=\"article__title item-title-tag\"><a href=\"https:\/\/europeansnowsport.com\/es\/ski_instructor\/kate-tisdall\/\" title=\"Kate St Clair Tisdall\" class=\"article__link main-link\">Kate St Clair Tisdall<\/a><\/h3><\/div><\/article><article class=\"post-30100 ski_instructor type-ski_instructor status-publish has-post-thumbnail ski_resorts-verbier entry has-link\" data-lps-id=\"30100\" role=\"listitem\"><figure class=\"article__image\"><img decoding=\"async\" src=\"https:\/\/europeansnowsport.com\/wp-content\/uploads\/Klara-G.-new-273x300.jpg\" class=\"lps-tile-main-image lps-custom-medium\" loading=\"lazy\" alt=\"Klara Gombrii\" width=\"273\" height=\"300\" srcset=\"https:\/\/europeansnowsport.com\/wp-content\/uploads\/Klara-G.-new-273x300.jpg 273w, https:\/\/europeansnowsport.com\/wp-content\/uploads\/Klara-G.-new-933x1024.jpg 933w, https:\/\/europeansnowsport.com\/wp-content\/uploads\/Klara-G.-new-768x843.jpg 768w, https:\/\/europeansnowsport.com\/wp-content\/uploads\/Klara-G.-new-500x549.jpg 500w, https:\/\/europeansnowsport.com\/wp-content\/uploads\/Klara-G.-new-800x878.jpg 800w, https:\/\/europeansnowsport.com\/wp-content\/uploads\/Klara-G.-new.jpg 1166w\"><\/figure><div class=\"article__info\"><h3 class=\"article__title item-title-tag\"><a href=\"https:\/\/europeansnowsport.com\/es\/ski_instructor\/klara-gombrii\/\" title=\"Klara Gombrii\" class=\"article__link main-link\">Klara Gombrii<\/a><\/h3><\/div><\/article><article class=\"post-33348 ski_instructor type-ski_instructor status-publish has-post-thumbnail ski_resorts-verbier entry has-link\" data-lps-id=\"33348\" role=\"listitem\"><figure class=\"article__image\"><img decoding=\"async\" src=\"https:\/\/europeansnowsport.com\/wp-content\/uploads\/Klara-Mortberg--scaled-e1734601223604-254x300.jpg\" class=\"lps-tile-main-image lps-custom-medium\" loading=\"lazy\" alt=\"Klara M\u00f6rtberg\" width=\"254\" height=\"300\" srcset=\"https:\/\/europeansnowsport.com\/wp-content\/uploads\/Klara-Mortberg--scaled-e1734601223604-254x300.jpg 254w, https:\/\/europeansnowsport.com\/wp-content\/uploads\/Klara-Mortberg--scaled-e1734601223604-868x1024.jpg 868w, https:\/\/europeansnowsport.com\/wp-content\/uploads\/Klara-Mortberg--scaled-e1734601223604-768x906.jpg 768w, https:\/\/europeansnowsport.com\/wp-content\/uploads\/Klara-Mortberg--scaled-e1734601223604-1301x1536.jpg 1301w, https:\/\/europeansnowsport.com\/wp-content\/uploads\/Klara-Mortberg--scaled-e1734601223604-500x590.jpg 500w, https:\/\/europeansnowsport.com\/wp-content\/uploads\/Klara-Mortberg--scaled-e1734601223604-800x944.jpg 800w, https:\/\/europeansnowsport.com\/wp-content\/uploads\/Klara-Mortberg--scaled-e1734601223604-1280x1511.jpg 1280w, https:\/\/europeansnowsport.com\/wp-content\/uploads\/Klara-Mortberg--scaled-e1734601223604.jpg 1365w\"><\/figure><div class=\"article__info\"><h3 class=\"article__title item-title-tag\"><a href=\"https:\/\/europeansnowsport.com\/es\/ski_instructor\/klara-mortberg\/\" title=\"Klara M\u00f6rtberg\" class=\"article__link main-link\">Klara M\u00f6rtberg<\/a><\/h3><\/div><\/article><article class=\"post-33387 ski_instructor type-ski_instructor status-publish has-post-thumbnail ski_resorts-verbier entry has-link\" data-lps-id=\"33387\" role=\"listitem\"><figure class=\"article__image\"><img decoding=\"async\" src=\"https:\/\/europeansnowsport.com\/wp-content\/uploads\/Laia-Mas--scaled-e1734601814610-245x300.jpg\" class=\"lps-tile-main-image lps-custom-medium\" loading=\"lazy\" alt=\"Laia Mas\" width=\"245\" height=\"300\" srcset=\"https:\/\/europeansnowsport.com\/wp-content\/uploads\/Laia-Mas--scaled-e1734601814610-245x300.jpg 245w, https:\/\/europeansnowsport.com\/wp-content\/uploads\/Laia-Mas--scaled-e1734601814610-837x1024.jpg 837w, https:\/\/europeansnowsport.com\/wp-content\/uploads\/Laia-Mas--scaled-e1734601814610-768x939.jpg 768w, https:\/\/europeansnowsport.com\/wp-content\/uploads\/Laia-Mas--scaled-e1734601814610-1256x1536.jpg 1256w, https:\/\/europeansnowsport.com\/wp-content\/uploads\/Laia-Mas--scaled-e1734601814610-500x611.jpg 500w, https:\/\/europeansnowsport.com\/wp-content\/uploads\/Laia-Mas--scaled-e1734601814610-800x978.jpg 800w, https:\/\/europeansnowsport.com\/wp-content\/uploads\/Laia-Mas--scaled-e1734601814610-1280x1565.jpg 1280w, https:\/\/europeansnowsport.com\/wp-content\/uploads\/Laia-Mas--scaled-e1734601814610.jpg 1365w\"><\/figure><div class=\"article__info\"><h3 class=\"article__title item-title-tag\"><a href=\"https:\/\/europeansnowsport.com\/es\/ski_instructor\/laia-mas\/\" title=\"Laia Mas\" class=\"article__link main-link\">Laia Mas<\/a><\/h3><\/div><\/article><article class=\"post-34032 ski_instructor type-ski_instructor status-publish has-post-thumbnail ski_resorts-verbier entry has-link\" data-lps-id=\"34032\" role=\"listitem\"><figure class=\"article__image\"><img decoding=\"async\" src=\"https:\/\/europeansnowsport.com\/wp-content\/uploads\/lianne-300x169.jpg\" class=\"lps-tile-main-image lps-custom-medium\" loading=\"lazy\" alt=\"Lianne Suijten\" width=\"300\" height=\"169\" srcset=\"https:\/\/europeansnowsport.com\/wp-content\/uploads\/lianne-300x169.jpg 300w, https:\/\/europeansnowsport.com\/wp-content\/uploads\/lianne-1024x576.jpg 1024w, https:\/\/europeansnowsport.com\/wp-content\/uploads\/lianne-768x432.jpg 768w, https:\/\/europeansnowsport.com\/wp-content\/uploads\/lianne-1536x864.jpg 1536w, https:\/\/europeansnowsport.com\/wp-content\/uploads\/lianne-500x281.jpg 500w, https:\/\/europeansnowsport.com\/wp-content\/uploads\/lianne-800x450.jpg 800w, https:\/\/europeansnowsport.com\/wp-content\/uploads\/lianne-1280x720.jpg 1280w, https:\/\/europeansnowsport.com\/wp-content\/uploads\/lianne.jpg 1920w\"><\/figure><div class=\"article__info\"><h3 class=\"article__title item-title-tag\"><a href=\"https:\/\/europeansnowsport.com\/es\/ski_instructor\/lianne-suijten\/\" title=\"Lianne Suijten\" class=\"article__link main-link\">Lianne Suijten<\/a><\/h3><\/div><\/article><article class=\"post-37995 ski_instructor type-ski_instructor status-publish has-post-thumbnail ski_resorts-verbier entry has-link\" data-lps-id=\"37995\" role=\"listitem\"><figure class=\"article__image\"><img decoding=\"async\" src=\"https:\/\/europeansnowsport.com\/wp-content\/uploads\/WhatsApp-Image-2026-01-09-at-13.02.40-2-300x200.jpeg\" class=\"lps-tile-main-image lps-custom-medium\" loading=\"lazy\" alt=\"Lieneke van Ophem\" width=\"300\" height=\"200\" srcset=\"https:\/\/europeansnowsport.com\/wp-content\/uploads\/WhatsApp-Image-2026-01-09-at-13.02.40-2-300x200.jpeg 300w, https:\/\/europeansnowsport.com\/wp-content\/uploads\/WhatsApp-Image-2026-01-09-at-13.02.40-2-1024x684.jpeg 1024w, https:\/\/europeansnowsport.com\/wp-content\/uploads\/WhatsApp-Image-2026-01-09-at-13.02.40-2-768x513.jpeg 768w, https:\/\/europeansnowsport.com\/wp-content\/uploads\/WhatsApp-Image-2026-01-09-at-13.02.40-2-1536x1025.jpeg 1536w, https:\/\/europeansnowsport.com\/wp-content\/uploads\/WhatsApp-Image-2026-01-09-at-13.02.40-2-600x400.jpeg 600w, https:\/\/europeansnowsport.com\/wp-content\/uploads\/WhatsApp-Image-2026-01-09-at-13.02.40-2-500x334.jpeg 500w, https:\/\/europeansnowsport.com\/wp-content\/uploads\/WhatsApp-Image-2026-01-09-at-13.02.40-2-800x534.jpeg 800w, https:\/\/europeansnowsport.com\/wp-content\/uploads\/WhatsApp-Image-2026-01-09-at-13.02.40-2-1280x854.jpeg 1280w, https:\/\/europeansnowsport.com\/wp-content\/uploads\/WhatsApp-Image-2026-01-09-at-13.02.40-2.jpeg 1600w\"><\/figure><div class=\"article__info\"><h3 class=\"article__title item-title-tag\"><a href=\"https:\/\/europeansnowsport.com\/es\/ski_instructor\/lienke-van-ophem\/\" title=\"Lieneke van Ophem\" class=\"article__link main-link\">Lieneke van Ophem<\/a><\/h3><\/div><\/article><article class=\"post-37423 ski_instructor type-ski_instructor status-publish has-post-thumbnail ski_resorts-verbier entry has-link\" data-lps-id=\"37423\" role=\"listitem\"><figure class=\"article__image\"><img decoding=\"async\" src=\"https:\/\/europeansnowsport.com\/wp-content\/uploads\/Line-VIg-225x300.jpg\" class=\"lps-tile-main-image lps-custom-medium\" loading=\"lazy\" alt=\"Line Vig\" width=\"225\" height=\"300\" srcset=\"https:\/\/europeansnowsport.com\/wp-content\/uploads\/Line-VIg-225x300.jpg 225w, https:\/\/europeansnowsport.com\/wp-content\/uploads\/Line-VIg-768x1024.jpg 768w, https:\/\/europeansnowsport.com\/wp-content\/uploads\/Line-VIg-1152x1536.jpg 1152w, https:\/\/europeansnowsport.com\/wp-content\/uploads\/Line-VIg-1536x2048.jpg 1536w, https:\/\/europeansnowsport.com\/wp-content\/uploads\/Line-VIg-500x667.jpg 500w, https:\/\/europeansnowsport.com\/wp-content\/uploads\/Line-VIg-800x1067.jpg 800w, https:\/\/europeansnowsport.com\/wp-content\/uploads\/Line-VIg-1280x1707.jpg 1280w, https:\/\/europeansnowsport.com\/wp-content\/uploads\/Line-VIg-scaled.jpg 1920w\"><\/figure><div class=\"article__info\"><h3 class=\"article__title item-title-tag\"><a href=\"https:\/\/europeansnowsport.com\/es\/ski_instructor\/line-vig\/\" title=\"Line Vig\" class=\"article__link main-link\">Line Vig<\/a><\/h3><\/div><\/article><article class=\"post-30146 ski_instructor type-ski_instructor status-publish has-post-thumbnail ski_resorts-verbier entry has-link\" data-lps-id=\"30146\" role=\"listitem\"><figure class=\"article__image\"><img decoding=\"async\" src=\"https:\/\/europeansnowsport.com\/wp-content\/uploads\/Linus-1-300x200.jpg\" class=\"lps-tile-main-image lps-custom-medium\" loading=\"lazy\" alt=\"Linus Axelsson Bracco\" width=\"300\" height=\"200\" srcset=\"https:\/\/europeansnowsport.com\/wp-content\/uploads\/Linus-1-300x200.jpg 300w, https:\/\/europeansnowsport.com\/wp-content\/uploads\/Linus-1-1024x684.jpg 1024w, https:\/\/europeansnowsport.com\/wp-content\/uploads\/Linus-1-768x513.jpg 768w, https:\/\/europeansnowsport.com\/wp-content\/uploads\/Linus-1-1536x1026.jpg 1536w, https:\/\/europeansnowsport.com\/wp-content\/uploads\/Linus-1-scaled.jpg 2048w, https:\/\/europeansnowsport.com\/wp-content\/uploads\/Linus-1-500x334.jpg 500w, https:\/\/europeansnowsport.com\/wp-content\/uploads\/Linus-1-800x534.jpg 800w, https:\/\/europeansnowsport.com\/wp-content\/uploads\/Linus-1-1280x855.jpg 1280w, https:\/\/europeansnowsport.com\/wp-content\/uploads\/Linus-1-1920x1282.jpg 1920w, https:\/\/europeansnowsport.com\/wp-content\/uploads\/Linus-1-600x400.jpg 600w\"><\/figure><div class=\"article__info\"><h3 class=\"article__title item-title-tag\"><a href=\"https:\/\/europeansnowsport.com\/es\/ski_instructor\/linus-axelsson-bracco\/\" title=\"Linus Axelsson Bracco\" class=\"article__link main-link\">Linus Axelsson Bracco<\/a><\/h3><\/div><\/article><article class=\"post-17548 ski_instructor type-ski_instructor status-publish has-post-thumbnail ski_resorts-verbier entry has-link\" data-lps-id=\"17548\" role=\"listitem\"><figure class=\"article__image\"><img decoding=\"async\" src=\"https:\/\/europeansnowsport.com\/wp-content\/uploads\/Luke-Dobney--scaled-e1734601318606-239x300.jpg\" class=\"lps-tile-main-image lps-custom-medium\" loading=\"lazy\" alt=\"Luke Dobney\" width=\"239\" height=\"300\" srcset=\"https:\/\/europeansnowsport.com\/wp-content\/uploads\/Luke-Dobney--scaled-e1734601318606-239x300.jpg 239w, https:\/\/europeansnowsport.com\/wp-content\/uploads\/Luke-Dobney--scaled-e1734601318606-815x1024.jpg 815w, https:\/\/europeansnowsport.com\/wp-content\/uploads\/Luke-Dobney--scaled-e1734601318606-768x965.jpg 768w, https:\/\/europeansnowsport.com\/wp-content\/uploads\/Luke-Dobney--scaled-e1734601318606-1222x1536.jpg 1222w, https:\/\/europeansnowsport.com\/wp-content\/uploads\/Luke-Dobney--scaled-e1734601318606-500x629.jpg 500w, https:\/\/europeansnowsport.com\/wp-content\/uploads\/Luke-Dobney--scaled-e1734601318606-800x1006.jpg 800w, https:\/\/europeansnowsport.com\/wp-content\/uploads\/Luke-Dobney--scaled-e1734601318606-1280x1609.jpg 1280w, https:\/\/europeansnowsport.com\/wp-content\/uploads\/Luke-Dobney--scaled-e1734601318606.jpg 1365w\"><\/figure><div class=\"article__info\"><h3 class=\"article__title item-title-tag\"><a href=\"https:\/\/europeansnowsport.com\/es\/ski_instructor\/luke-dobney\/\" title=\"Luke Dobney\" class=\"article__link main-link\">Luke Dobney<\/a><\/h3><\/div><\/article><article class=\"post-30155 ski_instructor type-ski_instructor status-publish has-post-thumbnail ski_resorts-verbier entry has-link\" data-lps-id=\"30155\" role=\"listitem\"><figure class=\"article__image\"><img decoding=\"async\" src=\"https:\/\/europeansnowsport.com\/wp-content\/uploads\/Marc-Dean--scaled-e1734602150125-234x300.jpg\" class=\"lps-tile-main-image lps-custom-medium\" loading=\"lazy\" alt=\"Marc Dean\" width=\"234\" height=\"300\" srcset=\"https:\/\/europeansnowsport.com\/wp-content\/uploads\/Marc-Dean--scaled-e1734602150125-234x300.jpg 234w, https:\/\/europeansnowsport.com\/wp-content\/uploads\/Marc-Dean--scaled-e1734602150125-798x1024.jpg 798w, https:\/\/europeansnowsport.com\/wp-content\/uploads\/Marc-Dean--scaled-e1734602150125-768x985.jpg 768w, https:\/\/europeansnowsport.com\/wp-content\/uploads\/Marc-Dean--scaled-e1734602150125-1197x1536.jpg 1197w, https:\/\/europeansnowsport.com\/wp-content\/uploads\/Marc-Dean--scaled-e1734602150125-500x641.jpg 500w, https:\/\/europeansnowsport.com\/wp-content\/uploads\/Marc-Dean--scaled-e1734602150125-800x1026.jpg 800w, https:\/\/europeansnowsport.com\/wp-content\/uploads\/Marc-Dean--scaled-e1734602150125-1280x1642.jpg 1280w, https:\/\/europeansnowsport.com\/wp-content\/uploads\/Marc-Dean--scaled-e1734602150125.jpg 1365w\"><\/figure><div class=\"article__info\"><h3 class=\"article__title item-title-tag\"><a href=\"https:\/\/europeansnowsport.com\/es\/ski_instructor\/marc-dean\/\" title=\"Marc Dean\" class=\"article__link main-link\">Marc Dean<\/a><\/h3><\/div><\/article><article class=\"post-37431 ski_instructor type-ski_instructor status-publish has-post-thumbnail ski_resorts-verbier entry has-link\" data-lps-id=\"37431\" role=\"listitem\"><figure class=\"article__image\"><img decoding=\"async\" src=\"https:\/\/europeansnowsport.com\/wp-content\/uploads\/Martina-Frassine-good-225x300.jpg\" class=\"lps-tile-main-image lps-custom-medium\" loading=\"lazy\" alt=\"Martina Frassine\" width=\"225\" height=\"300\" srcset=\"https:\/\/europeansnowsport.com\/wp-content\/uploads\/Martina-Frassine-good-225x300.jpg 225w, https:\/\/europeansnowsport.com\/wp-content\/uploads\/Martina-Frassine-good-768x1024.jpg 768w, https:\/\/europeansnowsport.com\/wp-content\/uploads\/Martina-Frassine-good-1152x1536.jpg 1152w, https:\/\/europeansnowsport.com\/wp-content\/uploads\/Martina-Frassine-good-1536x2048.jpg 1536w, https:\/\/europeansnowsport.com\/wp-content\/uploads\/Martina-Frassine-good-500x667.jpg 500w, https:\/\/europeansnowsport.com\/wp-content\/uploads\/Martina-Frassine-good-800x1067.jpg 800w, https:\/\/europeansnowsport.com\/wp-content\/uploads\/Martina-Frassine-good-1280x1707.jpg 1280w, https:\/\/europeansnowsport.com\/wp-content\/uploads\/Martina-Frassine-good-scaled.jpg 1920w\"><\/figure><div class=\"article__info\"><h3 class=\"article__title item-title-tag\"><a href=\"https:\/\/europeansnowsport.com\/es\/ski_instructor\/martina-frassine\/\" title=\"Martina Frassine\" class=\"article__link main-link\">Martina Frassine<\/a><\/h3><\/div><\/article><article class=\"post-30122 ski_instructor type-ski_instructor status-publish has-post-thumbnail ski_resorts-verbier entry has-link\" data-lps-id=\"30122\" role=\"listitem\"><figure class=\"article__image\"><img decoding=\"async\" src=\"https:\/\/europeansnowsport.com\/wp-content\/uploads\/Matilda-Scott-300x200.jpg\" class=\"lps-tile-main-image lps-custom-medium\" loading=\"lazy\" alt=\"Matilda Scott\" width=\"300\" height=\"200\" srcset=\"https:\/\/europeansnowsport.com\/wp-content\/uploads\/Matilda-Scott-300x200.jpg 300w, https:\/\/europeansnowsport.com\/wp-content\/uploads\/Matilda-Scott-1024x684.jpg 1024w, https:\/\/europeansnowsport.com\/wp-content\/uploads\/Matilda-Scott-768x513.jpg 768w, https:\/\/europeansnowsport.com\/wp-content\/uploads\/Matilda-Scott-1536x1026.jpg 1536w, https:\/\/europeansnowsport.com\/wp-content\/uploads\/Matilda-Scott-scaled.jpg 2048w, https:\/\/europeansnowsport.com\/wp-content\/uploads\/Matilda-Scott-500x334.jpg 500w, https:\/\/europeansnowsport.com\/wp-content\/uploads\/Matilda-Scott-800x534.jpg 800w, https:\/\/europeansnowsport.com\/wp-content\/uploads\/Matilda-Scott-1280x855.jpg 1280w, https:\/\/europeansnowsport.com\/wp-content\/uploads\/Matilda-Scott-1920x1282.jpg 1920w, https:\/\/europeansnowsport.com\/wp-content\/uploads\/Matilda-Scott-600x400.jpg 600w\"><\/figure><div class=\"article__info\"><h3 class=\"article__title item-title-tag\"><a href=\"https:\/\/europeansnowsport.com\/es\/ski_instructor\/matilda-scott\/\" title=\"Matilda Scott\" class=\"article__link main-link\">Matilda Scott<\/a><\/h3><\/div><\/article><article class=\"post-37425 ski_instructor type-ski_instructor status-publish has-post-thumbnail ski_resorts-verbier entry has-link\" data-lps-id=\"37425\" role=\"listitem\"><figure class=\"article__image\"><img decoding=\"async\" src=\"https:\/\/europeansnowsport.com\/wp-content\/uploads\/Matilde-Agapito-225x300.jpeg\" class=\"lps-tile-main-image lps-custom-medium\" loading=\"lazy\" alt=\"Matilde Agapito\" width=\"225\" height=\"300\" srcset=\"https:\/\/europeansnowsport.com\/wp-content\/uploads\/Matilde-Agapito-225x300.jpeg 225w, https:\/\/europeansnowsport.com\/wp-content\/uploads\/Matilde-Agapito-768x1024.jpeg 768w, https:\/\/europeansnowsport.com\/wp-content\/uploads\/Matilde-Agapito-1152x1536.jpeg 1152w, https:\/\/europeansnowsport.com\/wp-content\/uploads\/Matilde-Agapito-500x667.jpeg 500w, https:\/\/europeansnowsport.com\/wp-content\/uploads\/Matilde-Agapito-800x1067.jpeg 800w, https:\/\/europeansnowsport.com\/wp-content\/uploads\/Matilde-Agapito.jpeg 1200w\"><\/figure><div class=\"article__info\"><h3 class=\"article__title item-title-tag\"><a href=\"https:\/\/europeansnowsport.com\/es\/ski_instructor\/matilde-agapito\/\" title=\"Matilde Agapito\" class=\"article__link main-link\">Matilde Agapito<\/a><\/h3><\/div><\/article><article class=\"post-25219 ski_instructor type-ski_instructor status-publish has-post-thumbnail ski_resorts-verbier entry has-link\" data-lps-id=\"25219\" role=\"listitem\"><figure class=\"article__image\"><img decoding=\"async\" src=\"https:\/\/europeansnowsport.com\/wp-content\/uploads\/Mattia-Frigerio--scaled-e1734603094765-252x300.jpg\" class=\"lps-tile-main-image lps-custom-medium\" loading=\"lazy\" alt=\"Mattia Frigerio\" width=\"252\" height=\"300\" srcset=\"https:\/\/europeansnowsport.com\/wp-content\/uploads\/Mattia-Frigerio--scaled-e1734603094765-252x300.jpg 252w, https:\/\/europeansnowsport.com\/wp-content\/uploads\/Mattia-Frigerio--scaled-e1734603094765-861x1024.jpg 861w, https:\/\/europeansnowsport.com\/wp-content\/uploads\/Mattia-Frigerio--scaled-e1734603094765-768x914.jpg 768w, https:\/\/europeansnowsport.com\/wp-content\/uploads\/Mattia-Frigerio--scaled-e1734603094765-1291x1536.jpg 1291w, https:\/\/europeansnowsport.com\/wp-content\/uploads\/Mattia-Frigerio--scaled-e1734603094765-500x595.jpg 500w, https:\/\/europeansnowsport.com\/wp-content\/uploads\/Mattia-Frigerio--scaled-e1734603094765-800x952.jpg 800w, https:\/\/europeansnowsport.com\/wp-content\/uploads\/Mattia-Frigerio--scaled-e1734603094765-1280x1523.jpg 1280w, https:\/\/europeansnowsport.com\/wp-content\/uploads\/Mattia-Frigerio--scaled-e1734603094765.jpg 1365w\"><\/figure><div class=\"article__info\"><h3 class=\"article__title item-title-tag\"><a href=\"https:\/\/europeansnowsport.com\/es\/ski_instructor\/mattia-frigerio\/\" title=\"Mattia Frigerio\" class=\"article__link main-link\">Mattia Frigerio<\/a><\/h3><\/div><\/article><article class=\"post-37443 ski_instructor type-ski_instructor status-publish has-post-thumbnail ski_resorts-verbier entry has-link\" data-lps-id=\"37443\" role=\"listitem\"><figure class=\"article__image\"><img decoding=\"async\" src=\"https:\/\/europeansnowsport.com\/wp-content\/uploads\/Moa-W-225x300.jpeg\" class=\"lps-tile-main-image lps-custom-medium\" loading=\"lazy\" alt=\"Moa Karlsson\" width=\"225\" height=\"300\" srcset=\"https:\/\/europeansnowsport.com\/wp-content\/uploads\/Moa-W-225x300.jpeg 225w, https:\/\/europeansnowsport.com\/wp-content\/uploads\/Moa-W-768x1024.jpeg 768w, https:\/\/europeansnowsport.com\/wp-content\/uploads\/Moa-W-1152x1536.jpeg 1152w, https:\/\/europeansnowsport.com\/wp-content\/uploads\/Moa-W-500x667.jpeg 500w, https:\/\/europeansnowsport.com\/wp-content\/uploads\/Moa-W-800x1067.jpeg 800w, https:\/\/europeansnowsport.com\/wp-content\/uploads\/Moa-W.jpeg 1200w\"><\/figure><div class=\"article__info\"><h3 class=\"article__title item-title-tag\"><a href=\"https:\/\/europeansnowsport.com\/es\/ski_instructor\/moa-karlsson\/\" title=\"Moa Karlsson\" class=\"article__link main-link\">Moa Karlsson<\/a><\/h3><\/div><\/article><article class=\"post-37597 ski_instructor type-ski_instructor status-publish has-post-thumbnail ski_resorts-verbier entry has-link\" data-lps-id=\"37597\" role=\"listitem\"><figure class=\"article__image\"><img decoding=\"async\" src=\"https:\/\/europeansnowsport.com\/wp-content\/uploads\/Muireann-169x300.jpg\" class=\"lps-tile-main-image lps-custom-medium\" loading=\"lazy\" alt=\"Muireann Dennehy\" width=\"169\" height=\"300\" srcset=\"https:\/\/europeansnowsport.com\/wp-content\/uploads\/Muireann-169x300.jpg 169w, https:\/\/europeansnowsport.com\/wp-content\/uploads\/Muireann-576x1024.jpg 576w, https:\/\/europeansnowsport.com\/wp-content\/uploads\/Muireann-768x1365.jpg 768w, https:\/\/europeansnowsport.com\/wp-content\/uploads\/Muireann-864x1536.jpg 864w, https:\/\/europeansnowsport.com\/wp-content\/uploads\/Muireann-500x889.jpg 500w, https:\/\/europeansnowsport.com\/wp-content\/uploads\/Muireann-800x1422.jpg 800w, https:\/\/europeansnowsport.com\/wp-content\/uploads\/Muireann.jpg 1134w\"><\/figure><div class=\"article__info\"><h3 class=\"article__title item-title-tag\"><a href=\"https:\/\/europeansnowsport.com\/es\/ski_instructor\/muireann-dennehy\/\" title=\"Muireann Dennehy\" class=\"article__link main-link\">Muireann Dennehy<\/a><\/h3><\/div><\/article><article class=\"post-25774 ski_instructor type-ski_instructor status-publish has-post-thumbnail ski_resorts-verbier entry has-link\" data-lps-id=\"25774\" role=\"listitem\"><figure class=\"article__image\"><img decoding=\"async\" src=\"https:\/\/europeansnowsport.com\/wp-content\/uploads\/Nelly-Westermann-1000x1000-1-300x300.jpg\" class=\"lps-tile-main-image lps-custom-medium\" loading=\"lazy\" alt=\"Nelly Westermann\" width=\"300\" height=\"300\" srcset=\"https:\/\/europeansnowsport.com\/wp-content\/uploads\/Nelly-Westermann-1000x1000-1-300x300.jpg 300w, https:\/\/europeansnowsport.com\/wp-content\/uploads\/Nelly-Westermann-1000x1000-1-150x150.jpg 150w, https:\/\/europeansnowsport.com\/wp-content\/uploads\/Nelly-Westermann-1000x1000-1-768x768.jpg 768w, https:\/\/europeansnowsport.com\/wp-content\/uploads\/Nelly-Westermann-1000x1000-1-500x500.jpg 500w, https:\/\/europeansnowsport.com\/wp-content\/uploads\/Nelly-Westermann-1000x1000-1-800x800.jpg 800w, https:\/\/europeansnowsport.com\/wp-content\/uploads\/Nelly-Westermann-1000x1000-1-75x75.jpg 75w, https:\/\/europeansnowsport.com\/wp-content\/uploads\/Nelly-Westermann-1000x1000-1-600x600.jpg 600w, https:\/\/europeansnowsport.com\/wp-content\/uploads\/Nelly-Westermann-1000x1000-1.jpg 1000w\"><\/figure><div class=\"article__info\"><h3 class=\"article__title item-title-tag\"><a href=\"https:\/\/europeansnowsport.com\/es\/ski_instructor\/nelly-westermann\/\" title=\"Nelly Westermann\" class=\"article__link main-link\">Nelly Westermann<\/a><\/h3><\/div><\/article><article class=\"post-37601 ski_instructor type-ski_instructor status-publish has-post-thumbnail ski_resorts-verbier entry has-link\" data-lps-id=\"37601\" role=\"listitem\"><figure class=\"article__image\"><img decoding=\"async\" src=\"https:\/\/europeansnowsport.com\/wp-content\/uploads\/corduroy-73-home-mobile-251x300.jpg\" class=\"lps-tile-main-image lps-custom-medium\" loading=\"lazy\" alt=\"Nora Brumer\" width=\"251\" height=\"300\" srcset=\"https:\/\/europeansnowsport.com\/wp-content\/uploads\/corduroy-73-home-mobile-251x300.jpg 251w, https:\/\/europeansnowsport.com\/wp-content\/uploads\/corduroy-73-home-mobile-858x1024.jpg 858w, https:\/\/europeansnowsport.com\/wp-content\/uploads\/corduroy-73-home-mobile-768x916.jpg 768w, https:\/\/europeansnowsport.com\/wp-content\/uploads\/corduroy-73-home-mobile-500x597.jpg 500w, https:\/\/europeansnowsport.com\/wp-content\/uploads\/corduroy-73-home-mobile-800x954.jpg 800w, https:\/\/europeansnowsport.com\/wp-content\/uploads\/corduroy-73-home-mobile.jpg 1000w\"><\/figure><div class=\"article__info\"><h3 class=\"article__title item-title-tag\"><a href=\"https:\/\/europeansnowsport.com\/es\/ski_instructor\/nora-brumer\/\" title=\"Nora Brumer\" class=\"article__link main-link\">Nora Brumer<\/a><\/h3><\/div><\/article><article class=\"post-26075 ski_instructor type-ski_instructor status-publish has-post-thumbnail ski_resorts-verbier entry has-link\" data-lps-id=\"26075\" role=\"listitem\"><figure class=\"article__image\"><img decoding=\"async\" src=\"https:\/\/europeansnowsport.com\/wp-content\/uploads\/Olle-Lundstrom-300x200.jpg\" class=\"lps-tile-main-image lps-custom-medium\" loading=\"lazy\" alt=\"Olle Lundstr\u00f6m\" width=\"300\" height=\"200\" srcset=\"https:\/\/europeansnowsport.com\/wp-content\/uploads\/Olle-Lundstrom-300x200.jpg 300w, https:\/\/europeansnowsport.com\/wp-content\/uploads\/Olle-Lundstrom-1024x684.jpg 1024w, https:\/\/europeansnowsport.com\/wp-content\/uploads\/Olle-Lundstrom-768x513.jpg 768w, https:\/\/europeansnowsport.com\/wp-content\/uploads\/Olle-Lundstrom-1536x1026.jpg 1536w, https:\/\/europeansnowsport.com\/wp-content\/uploads\/Olle-Lundstrom-scaled.jpg 2048w, https:\/\/europeansnowsport.com\/wp-content\/uploads\/Olle-Lundstrom-500x334.jpg 500w, https:\/\/europeansnowsport.com\/wp-content\/uploads\/Olle-Lundstrom-800x534.jpg 800w, https:\/\/europeansnowsport.com\/wp-content\/uploads\/Olle-Lundstrom-1280x855.jpg 1280w, https:\/\/europeansnowsport.com\/wp-content\/uploads\/Olle-Lundstrom-1920x1282.jpg 1920w, https:\/\/europeansnowsport.com\/wp-content\/uploads\/Olle-Lundstrom-600x400.jpg 600w\"><\/figure><div class=\"article__info\"><h3 class=\"article__title item-title-tag\"><a href=\"https:\/\/europeansnowsport.com\/es\/ski_instructor\/olle-lundstrom\/\" title=\"Olle Lundstr\u00f6m\" class=\"article__link main-link\">Olle Lundstr\u00f6m<\/a><\/h3><\/div><\/article><article class=\"post-26165 ski_instructor type-ski_instructor status-publish has-post-thumbnail ski_resorts-verbier entry has-link\" data-lps-id=\"26165\" role=\"listitem\"><figure class=\"article__image\"><img decoding=\"async\" src=\"https:\/\/europeansnowsport.com\/wp-content\/uploads\/7BAE0BAB-2750-478F-826C-5BB5094AEFB9-209x300.jpeg\" class=\"lps-tile-main-image lps-custom-medium\" loading=\"lazy\" alt=\"Oskar Bergstr\u00f6m\" width=\"209\" height=\"300\" srcset=\"https:\/\/europeansnowsport.com\/wp-content\/uploads\/7BAE0BAB-2750-478F-826C-5BB5094AEFB9-209x300.jpeg 209w, https:\/\/europeansnowsport.com\/wp-content\/uploads\/7BAE0BAB-2750-478F-826C-5BB5094AEFB9-715x1024.jpeg 715w, https:\/\/europeansnowsport.com\/wp-content\/uploads\/7BAE0BAB-2750-478F-826C-5BB5094AEFB9-768x1100.jpeg 768w, https:\/\/europeansnowsport.com\/wp-content\/uploads\/7BAE0BAB-2750-478F-826C-5BB5094AEFB9-1072x1536.jpeg 1072w, https:\/\/europeansnowsport.com\/wp-content\/uploads\/7BAE0BAB-2750-478F-826C-5BB5094AEFB9-1430x2048.jpeg 1430w, https:\/\/europeansnowsport.com\/wp-content\/uploads\/7BAE0BAB-2750-478F-826C-5BB5094AEFB9-1100x1576.jpeg 1100w, https:\/\/europeansnowsport.com\/wp-content\/uploads\/7BAE0BAB-2750-478F-826C-5BB5094AEFB9.jpeg 1565w\"><\/figure><div class=\"article__info\"><h3 class=\"article__title item-title-tag\"><a href=\"https:\/\/europeansnowsport.com\/es\/ski_instructor\/oskar-bergstrom\/\" title=\"Oskar Bergstr\u00f6m\" class=\"article__link main-link\">Oskar Bergstr\u00f6m<\/a><\/h3><\/div><\/article><article class=\"post-37585 ski_instructor type-ski_instructor status-publish has-post-thumbnail ski_resorts-verbier entry has-link\" data-lps-id=\"37585\" role=\"listitem\"><figure class=\"article__image\"><img decoding=\"async\" src=\"https:\/\/europeansnowsport.com\/wp-content\/uploads\/corduroy-73-home-mobile-251x300.jpg\" class=\"lps-tile-main-image lps-custom-medium\" loading=\"lazy\" alt=\"Sandrine Proudlove\" width=\"251\" height=\"300\" srcset=\"https:\/\/europeansnowsport.com\/wp-content\/uploads\/corduroy-73-home-mobile-251x300.jpg 251w, https:\/\/europeansnowsport.com\/wp-content\/uploads\/corduroy-73-home-mobile-858x1024.jpg 858w, https:\/\/europeansnowsport.com\/wp-content\/uploads\/corduroy-73-home-mobile-768x916.jpg 768w, https:\/\/europeansnowsport.com\/wp-content\/uploads\/corduroy-73-home-mobile-500x597.jpg 500w, https:\/\/europeansnowsport.com\/wp-content\/uploads\/corduroy-73-home-mobile-800x954.jpg 800w, https:\/\/europeansnowsport.com\/wp-content\/uploads\/corduroy-73-home-mobile.jpg 1000w\"><\/figure><div class=\"article__info\"><h3 class=\"article__title item-title-tag\"><a href=\"https:\/\/europeansnowsport.com\/es\/ski_instructor\/sandrine-proudlove\/\" title=\"Sandrine Proudlove\" class=\"article__link main-link\">Sandrine Proudlove<\/a><\/h3><\/div><\/article><article class=\"post-22014 ski_instructor type-ski_instructor status-publish has-post-thumbnail ski_resorts-verbier entry has-link\" data-lps-id=\"22014\" role=\"listitem\"><figure class=\"article__image\"><img decoding=\"async\" src=\"https:\/\/europeansnowsport.com\/wp-content\/uploads\/Sandy-McLaren-300x300.jpg\" class=\"lps-tile-main-image lps-custom-medium\" loading=\"lazy\" alt=\"Sandy MacLaren\" width=\"300\" height=\"300\" srcset=\"https:\/\/europeansnowsport.com\/wp-content\/uploads\/Sandy-McLaren-300x300.jpg 300w, https:\/\/europeansnowsport.com\/wp-content\/uploads\/Sandy-McLaren-150x150.jpg 150w, https:\/\/europeansnowsport.com\/wp-content\/uploads\/Sandy-McLaren-768x768.jpg 768w, https:\/\/europeansnowsport.com\/wp-content\/uploads\/Sandy-McLaren.jpg 874w\"><\/figure><div class=\"article__info\"><h3 class=\"article__title item-title-tag\"><a href=\"https:\/\/europeansnowsport.com\/es\/ski_instructor\/sandy-maclaren\/\" title=\"Sandy MacLaren\" class=\"article__link main-link\">Sandy MacLaren<\/a><\/h3><\/div><\/article><article class=\"post-37997 ski_instructor type-ski_instructor status-publish has-post-thumbnail ski_resorts-verbier entry has-link\" data-lps-id=\"37997\" role=\"listitem\"><figure class=\"article__image\"><img decoding=\"async\" src=\"https:\/\/europeansnowsport.com\/wp-content\/uploads\/ES-Website-default-profile-251x300.jpg\" class=\"lps-tile-main-image lps-custom-medium\" loading=\"lazy\" alt=\"Sixten Lundstr\u00f6m\" width=\"251\" height=\"300\" srcset=\"https:\/\/europeansnowsport.com\/wp-content\/uploads\/ES-Website-default-profile-251x300.jpg 251w, https:\/\/europeansnowsport.com\/wp-content\/uploads\/ES-Website-default-profile-858x1024.jpg 858w, https:\/\/europeansnowsport.com\/wp-content\/uploads\/ES-Website-default-profile-768x916.jpg 768w, https:\/\/europeansnowsport.com\/wp-content\/uploads\/ES-Website-default-profile-500x597.jpg 500w, https:\/\/europeansnowsport.com\/wp-content\/uploads\/ES-Website-default-profile-800x954.jpg 800w, https:\/\/europeansnowsport.com\/wp-content\/uploads\/ES-Website-default-profile.jpg 1000w\"><\/figure><div class=\"article__info\"><h3 class=\"article__title item-title-tag\"><a href=\"https:\/\/europeansnowsport.com\/es\/ski_instructor\/sixten-lundstrom\/\" title=\"Sixten Lundstr\u00f6m\" class=\"article__link main-link\">Sixten Lundstr\u00f6m<\/a><\/h3><\/div><\/article><article class=\"post-16022 ski_instructor type-ski_instructor status-publish has-post-thumbnail ski_resorts-verbier entry has-link\" data-lps-id=\"16022\" role=\"listitem\"><figure class=\"article__image\"><img decoding=\"async\" src=\"https:\/\/europeansnowsport.com\/wp-content\/uploads\/Steph-1-2-300x200.jpg\" class=\"lps-tile-main-image lps-custom-medium\" loading=\"lazy\" alt=\"Stephanie Mugnier\" width=\"300\" height=\"200\" srcset=\"https:\/\/europeansnowsport.com\/wp-content\/uploads\/Steph-1-2-300x200.jpg 300w, https:\/\/europeansnowsport.com\/wp-content\/uploads\/Steph-1-2-1024x684.jpg 1024w, https:\/\/europeansnowsport.com\/wp-content\/uploads\/Steph-1-2-768x513.jpg 768w, https:\/\/europeansnowsport.com\/wp-content\/uploads\/Steph-1-2-1536x1026.jpg 1536w, https:\/\/europeansnowsport.com\/wp-content\/uploads\/Steph-1-2-scaled.jpg 2048w, https:\/\/europeansnowsport.com\/wp-content\/uploads\/Steph-1-2-500x334.jpg 500w, https:\/\/europeansnowsport.com\/wp-content\/uploads\/Steph-1-2-800x534.jpg 800w, https:\/\/europeansnowsport.com\/wp-content\/uploads\/Steph-1-2-1280x855.jpg 1280w, https:\/\/europeansnowsport.com\/wp-content\/uploads\/Steph-1-2-1920x1283.jpg 1920w, https:\/\/europeansnowsport.com\/wp-content\/uploads\/Steph-1-2-600x400.jpg 600w\"><\/figure><div class=\"article__info\"><h3 class=\"article__title item-title-tag\"><a href=\"https:\/\/europeansnowsport.com\/es\/ski_instructor\/stephanie-mugnier\/\" title=\"Stephanie Mugnier\" class=\"article__link main-link\">Stephanie Mugnier<\/a><\/h3><\/div><\/article><article class=\"post-26076 ski_instructor type-ski_instructor status-publish has-post-thumbnail ski_resorts-verbier entry has-link\" data-lps-id=\"26076\" role=\"listitem\"><figure class=\"article__image\"><img decoding=\"async\" src=\"https:\/\/europeansnowsport.com\/wp-content\/uploads\/Headshots-17-300x200.jpg\" class=\"lps-tile-main-image lps-custom-medium\" loading=\"lazy\" alt=\"Steve Hindman\" width=\"300\" height=\"200\" srcset=\"https:\/\/europeansnowsport.com\/wp-content\/uploads\/Headshots-17-300x200.jpg 300w, https:\/\/europeansnowsport.com\/wp-content\/uploads\/Headshots-17-1024x684.jpg 1024w, https:\/\/europeansnowsport.com\/wp-content\/uploads\/Headshots-17-768x513.jpg 768w, https:\/\/europeansnowsport.com\/wp-content\/uploads\/Headshots-17-1536x1026.jpg 1536w, https:\/\/europeansnowsport.com\/wp-content\/uploads\/Headshots-17.jpg 2048w, https:\/\/europeansnowsport.com\/wp-content\/uploads\/Headshots-17-1100x735.jpg 1100w\"><\/figure><div class=\"article__info\"><h3 class=\"article__title item-title-tag\"><a href=\"https:\/\/europeansnowsport.com\/es\/ski_instructor\/steve-hindman-2\/\" title=\"Steve Hindman\" class=\"article__link main-link\">Steve Hindman<\/a><\/h3><\/div><\/article><article class=\"post-25805 ski_instructor type-ski_instructor status-publish has-post-thumbnail ski_resorts-verbier entry has-link\" data-lps-id=\"25805\" role=\"listitem\"><figure class=\"article__image\"><img decoding=\"async\" src=\"https:\/\/europeansnowsport.com\/wp-content\/uploads\/Stuart-Robertson-cropped-300x300.png\" class=\"lps-tile-main-image lps-custom-medium\" loading=\"lazy\" alt=\"Stuart Robertson\" width=\"300\" height=\"300\" srcset=\"https:\/\/europeansnowsport.com\/wp-content\/uploads\/Stuart-Robertson-cropped-300x300.png 300w, https:\/\/europeansnowsport.com\/wp-content\/uploads\/Stuart-Robertson-cropped-150x150.png 150w, https:\/\/europeansnowsport.com\/wp-content\/uploads\/Stuart-Robertson-cropped.png 670w\"><\/figure><div class=\"article__info\"><h3 class=\"article__title item-title-tag\"><a href=\"https:\/\/europeansnowsport.com\/es\/ski_instructor\/stuart-robertson-2\/\" title=\"Stuart Robertson\" class=\"article__link main-link\">Stuart Robertson<\/a><\/h3><\/div><\/article><article class=\"post-37435 ski_instructor type-ski_instructor status-publish has-post-thumbnail ski_resorts-verbier entry has-link\" data-lps-id=\"37435\" role=\"listitem\"><figure class=\"article__image\"><img decoding=\"async\" src=\"https:\/\/europeansnowsport.com\/wp-content\/uploads\/teo-b-225x300.jpeg\" class=\"lps-tile-main-image lps-custom-medium\" loading=\"lazy\" alt=\"Teo Beinhoff\" width=\"225\" height=\"300\" srcset=\"https:\/\/europeansnowsport.com\/wp-content\/uploads\/teo-b-225x300.jpeg 225w, https:\/\/europeansnowsport.com\/wp-content\/uploads\/teo-b-768x1024.jpeg 768w, https:\/\/europeansnowsport.com\/wp-content\/uploads\/teo-b-1152x1536.jpeg 1152w, https:\/\/europeansnowsport.com\/wp-content\/uploads\/teo-b-500x667.jpeg 500w, https:\/\/europeansnowsport.com\/wp-content\/uploads\/teo-b-800x1067.jpeg 800w, https:\/\/europeansnowsport.com\/wp-content\/uploads\/teo-b.jpeg 1200w\"><\/figure><div class=\"article__info\"><h3 class=\"article__title item-title-tag\"><a href=\"https:\/\/europeansnowsport.com\/es\/ski_instructor\/teo-beinhoff\/\" title=\"Teo Beinhoff\" class=\"article__link main-link\">Teo Beinhoff<\/a><\/h3><\/div><\/article><article class=\"post-37441 ski_instructor type-ski_instructor status-publish has-post-thumbnail ski_resorts-verbier entry has-link\" data-lps-id=\"37441\" role=\"listitem\"><figure class=\"article__image\"><img decoding=\"async\" src=\"https:\/\/europeansnowsport.com\/wp-content\/uploads\/theo-j-225x300.jpeg\" class=\"lps-tile-main-image lps-custom-medium\" loading=\"lazy\" alt=\"Theo Jaegerfalk\" width=\"225\" height=\"300\" srcset=\"https:\/\/europeansnowsport.com\/wp-content\/uploads\/theo-j-225x300.jpeg 225w, https:\/\/europeansnowsport.com\/wp-content\/uploads\/theo-j-768x1024.jpeg 768w, https:\/\/europeansnowsport.com\/wp-content\/uploads\/theo-j-1152x1536.jpeg 1152w, https:\/\/europeansnowsport.com\/wp-content\/uploads\/theo-j-500x667.jpeg 500w, https:\/\/europeansnowsport.com\/wp-content\/uploads\/theo-j-800x1067.jpeg 800w, https:\/\/europeansnowsport.com\/wp-content\/uploads\/theo-j.jpeg 1200w\"><\/figure><div class=\"article__info\"><h3 class=\"article__title item-title-tag\"><a href=\"https:\/\/europeansnowsport.com\/es\/ski_instructor\/theo-jaegerfalk\/\" title=\"Theo Jaegerfalk\" class=\"article__link main-link\">Theo Jaegerfalk<\/a><\/h3><\/div><\/article><article class=\"post-37595 ski_instructor type-ski_instructor status-publish has-post-thumbnail ski_resorts-verbier entry has-link\" data-lps-id=\"37595\" role=\"listitem\"><figure class=\"article__image\"><img decoding=\"async\" src=\"https:\/\/europeansnowsport.com\/wp-content\/uploads\/Victoria-H-210x300.jpg\" class=\"lps-tile-main-image lps-custom-medium\" loading=\"lazy\" alt=\"Victoria Hjertberg\" width=\"210\" height=\"300\" srcset=\"https:\/\/europeansnowsport.com\/wp-content\/uploads\/Victoria-H-210x300.jpg 210w, https:\/\/europeansnowsport.com\/wp-content\/uploads\/Victoria-H-718x1024.jpg 718w, https:\/\/europeansnowsport.com\/wp-content\/uploads\/Victoria-H-768x1095.jpg 768w, https:\/\/europeansnowsport.com\/wp-content\/uploads\/Victoria-H-1078x1536.jpg 1078w, https:\/\/europeansnowsport.com\/wp-content\/uploads\/Victoria-H-1437x2048.jpg 1437w, https:\/\/europeansnowsport.com\/wp-content\/uploads\/Victoria-H-500x713.jpg 500w, https:\/\/europeansnowsport.com\/wp-content\/uploads\/Victoria-H-800x1140.jpg 800w, https:\/\/europeansnowsport.com\/wp-content\/uploads\/Victoria-H-1280x1824.jpg 1280w, https:\/\/europeansnowsport.com\/wp-content\/uploads\/Victoria-H-1920x2737.jpg 1920w, https:\/\/europeansnowsport.com\/wp-content\/uploads\/Victoria-H-scaled.jpg 1796w\"><\/figure><div class=\"article__info\"><h3 class=\"article__title item-title-tag\"><a href=\"https:\/\/europeansnowsport.com\/es\/ski_instructor\/victoria-hjertberg\/\" title=\"Victoria Hjertberg\" class=\"article__link main-link\">Victoria Hjertberg<\/a><\/h3><\/div><\/article><article class=\"post-37433 ski_instructor type-ski_instructor status-publish has-post-thumbnail ski_resorts-verbier entry has-link\" data-lps-id=\"37433\" role=\"listitem\"><figure class=\"article__image\"><img decoding=\"async\" src=\"https:\/\/europeansnowsport.com\/wp-content\/uploads\/Xavier-E-225x300.jpeg\" class=\"lps-tile-main-image lps-custom-medium\" loading=\"lazy\" alt=\"Xavier Engel\" width=\"225\" height=\"300\" srcset=\"https:\/\/europeansnowsport.com\/wp-content\/uploads\/Xavier-E-225x300.jpeg 225w, https:\/\/europeansnowsport.com\/wp-content\/uploads\/Xavier-E-768x1024.jpeg 768w, https:\/\/europeansnowsport.com\/wp-content\/uploads\/Xavier-E-1152x1536.jpeg 1152w, https:\/\/europeansnowsport.com\/wp-content\/uploads\/Xavier-E-500x667.jpeg 500w, https:\/\/europeansnowsport.com\/wp-content\/uploads\/Xavier-E-800x1067.jpeg 800w, https:\/\/europeansnowsport.com\/wp-content\/uploads\/Xavier-E.jpeg 1200w\"><\/figure><div class=\"article__info\"><h3 class=\"article__title item-title-tag\"><a href=\"https:\/\/europeansnowsport.com\/es\/ski_instructor\/xavier-engel\/\" title=\"Xavier Engel\" class=\"article__link main-link\">Xavier Engel<\/a><\/h3><\/div><\/article><\/section><\/div>\n\n\n<div class=\"wp-block-buttons big-buttons is-layout-flex wp-block-buttons-is-layout-flex\">\n<div class=\"wp-block-button\"><a class=\"wp-block-button__link wp-element-button\" href=\"https:\/\/europeansnowsport.com\/es\/contact\/\">Peticiones y reservas<\/a><\/div>\n<\/div>\n<\/div><\/div>\n\n\n\n<div class=\"wp-block-group location-details\"><div class=\"wp-block-group__inner-container is-layout-constrained wp-block-group-is-layout-constrained\">\n<h2 class=\"wp-block-heading\">D\u00f3nde encontrar nuestra escuela de esqu\u00ed en Verbier<\/h2>\n\n\n\n<p>La oficina de nuestra escuela de esqu\u00ed en Verbier (Bagnes) se encuentra dentro de la tienda Mountain Air, en el prestigioso complejo Place Blanche, junto a la estaci\u00f3n principal del telecabina de Medran. Abrimos de 08:00 a 19:00, as\u00ed que estamos disponibles cuando lo requiera, tanto para pasar a vernos como para&nbsp;<a href=\"https:\/\/europeansnowsport.com\/es\/contact\/\">llamarnos.<\/a><\/p>\n\n\n\n<div class=\"wp-block-columns is-layout-flex wp-container-core-columns-is-layout-9d6595d7 wp-block-columns-is-layout-flex\">\n<div class=\"wp-block-column is-layout-flow wp-block-column-is-layout-flow\" style=\"flex-basis:33.33%\">\n<div class=\"wp-block-yoast-seo-local-address\"><div id=\"wpseo_location-16813\" class=\"wpseo-location\"><div class=\"wpseo-address-wrapper\"><div class=\"street-address\">European Snowsport<br>Rue de M\u00e9dran, <\/div><span class=\"postal-code\">1936<\/span><span class=\"locality\"> Bagnes<\/span><\/div><span class=\"wpseo-phone\">Tel\u00e9fono: <a href=\"tel:+41277716222\" class=\"tel\"><span>+41 27 771 6222<\/span><\/a><\/span><br\/><span class=\"wpseo-email\">Correo electr\u00f3nico: <a href=\"mailto:in&#102;o&#064;eu&#114;&#111;pean&#115;n&#111;&#119;s&#112;&#111;rt&#046;co&#109;\">i&#110;&#102;o&#64;europea&#110;snowsp&#111;rt.&#99;&#111;m<\/a><\/span><br\/><\/div><\/div>\n\n\n<div class=\"wp-block-image shop-logo\">\n<figure class=\"alignleft size-full\"><img loading=\"lazy\" decoding=\"async\" width=\"150\" height=\"59\" src=\"https:\/\/europeansnowsport.com\/wp-content\/uploads\/Mountain-Air-logo-150x59.png\" alt=\"\" class=\"wp-image-20101\"\/><\/figure>\n<\/div>\n\n\n<figure class=\"wp-block-image size-full es-fancy-image shop-photo\"><img loading=\"lazy\" decoding=\"async\" width=\"900\" height=\"600\" src=\"https:\/\/europeansnowsport.com\/wp-content\/uploads\/Mountain-Air.jpg\" alt=\"The location of our Verbier Ski School\" class=\"wp-image-17572\" srcset=\"https:\/\/europeansnowsport.com\/wp-content\/uploads\/Mountain-Air.jpg 900w, https:\/\/europeansnowsport.com\/wp-content\/uploads\/Mountain-Air-300x200.jpg 300w, https:\/\/europeansnowsport.com\/wp-content\/uploads\/Mountain-Air-768x512.jpg 768w\" sizes=\"auto, (max-width: 900px) 100vw, 900px\" \/><\/figure>\n<\/div>\n\n\n\n<div class=\"wp-block-column is-layout-flow wp-block-column-is-layout-flow\" style=\"flex-basis:66.66%\">\n<div class=\"wp-block-yoast-seo-local-map\"><div id=\"map_canvas\" class=\"wpseo-map-canvas\" style=\"max-width: 100%; width: 800px; height: 600px;\"><ul><li><a href=\"https:\/\/europeansnowsport.com\/ski-school-verbier\/\">European Snowsport Ski School in Verbier<\/a><\/li><\/ul><\/div><\/div>\n<\/div>\n<\/div>\n<\/div><\/div>\n\n\n\n<div class=\"wp-block-group contact-intro\"><div class=\"wp-block-group__inner-container is-layout-constrained wp-block-group-is-layout-constrained\">\n<h2 class=\"wp-block-heading\" id=\"h-contacto\">Contacto<\/h2>\n\n\n\n<p>Llevamos m\u00e1s de 20 a\u00f1os proporcionando clases de esqu\u00ed y snowboard divertidas y profesionales para gente de todos los niveles. Nuestro equipo, especialmente nuestros monitores, no paran de recibir comentarios muy positivos. Si no est\u00e1 seguro sobre lo que necesita o incluso si quiere una clase, puede llamarnos. Estaremos encantados de hablar sobre lo que mejro se puede ajustar a sus necesidades.<\/p>\n<\/div><\/div>\n\n\n\n<div class=\"wp-block-group contact-full\"><div class=\"wp-block-group__inner-container is-layout-constrained wp-block-group-is-layout-constrained\">\n<div class=\"wp-block-columns is-layout-flex wp-container-core-columns-is-layout-9d6595d7 wp-block-columns-is-layout-flex\">\n<div class=\"wp-block-column es-panel is-layout-flow wp-block-column-is-layout-flow\">\n<h2 class=\"wp-block-heading full-width\" id=\"h-contacto\">Contacto<\/h2>\n\n\n\n<div class=\"wp-block-contact-form-7-contact-form-selector\">\n<div class=\"wpcf7 no-js\" id=\"wpcf7-f23524-o1\" lang=\"es-ES\" dir=\"ltr\" data-wpcf7-id=\"23524\">\n<div class=\"screen-reader-response\"><p role=\"status\" aria-live=\"polite\" aria-atomic=\"true\"><\/p> <ul><\/ul><\/div>\n<form action=\"\/es\/wp-json\/wp\/v2\/pages\/22734#wpcf7-f23524-o1\" method=\"post\" class=\"wpcf7-form init\" aria-label=\"Formulario de contacto\" novalidate=\"novalidate\" data-status=\"init\">\n<fieldset class=\"hidden-fields-container\"><input type=\"hidden\" name=\"_wpcf7\" value=\"23524\" \/><input type=\"hidden\" name=\"_wpcf7_version\" value=\"6.1.4\" \/><input type=\"hidden\" name=\"_wpcf7_locale\" value=\"es_ES\" \/><input type=\"hidden\" name=\"_wpcf7_unit_tag\" value=\"wpcf7-f23524-o1\" \/><input type=\"hidden\" name=\"_wpcf7_container_post\" value=\"0\" \/><input type=\"hidden\" name=\"_wpcf7_posted_data_hash\" value=\"\" \/><input type=\"hidden\" name=\"_wpcf7_recaptcha_response\" value=\"\" \/>\n<\/fieldset>\n<div class=\"input-wrap narrow\">\n\t<p><label> Su nombre<br \/>\n<span class=\"wpcf7-form-control-wrap\" data-name=\"your-name\"><input size=\"40\" maxlength=\"400\" class=\"wpcf7-form-control wpcf7-text wpcf7-validates-as-required\" aria-required=\"true\" aria-invalid=\"false\" value=\"\" type=\"text\" name=\"your-name\" \/><\/span> <\/label>\n\t<\/p>\n<\/div>\n<div class=\"input-wrap narrow with-space\">\n\t<p><label> Su correo electr\u00f3nico<br \/>\n<span class=\"wpcf7-form-control-wrap\" data-name=\"your-email\"><input size=\"40\" maxlength=\"400\" class=\"wpcf7-form-control wpcf7-email wpcf7-validates-as-required wpcf7-text wpcf7-validates-as-email\" aria-required=\"true\" aria-invalid=\"false\" value=\"\" type=\"email\" name=\"your-email\" \/><\/span> <\/label>\n\t<\/p>\n<\/div>\n<div class=\"input-wrap narrow\">\n\t<p><label>\u00bfQu\u00e9 estaci\u00f3n?<br \/>\n<span class=\"wpcf7-form-control-wrap\" data-name=\"resort\"><select class=\"wpcf7-form-control wpcf7-select\" aria-invalid=\"false\" name=\"resort\"><option value=\"No estoy seguro o m\u00e1s de una\">No estoy seguro o m\u00e1s de una<\/option><option value=\"Verbier\">Verbier<\/option><option value=\"Zermatt\">Zermatt<\/option><option value=\"St Moritz\">St Moritz<\/option><option value=\"Chamonix\">Chamonix<\/option><option value=\"Nendaz\">Nendaz<\/option><option value=\"Val d\u2019Is\u00e8re\">Val d\u2019Is\u00e8re<\/option><option value=\"M\u00e9ribel, Courchevel, La Tania\">M\u00e9ribel, Courchevel, La Tania<\/option><\/select><\/span> <\/label>\n\t<\/p>\n<\/div>\n<div class=\"input-wrap full\">\n\t<p><label> Su mensaje<br \/>\n<span class=\"wpcf7-form-control-wrap\" data-name=\"your-message\"><textarea cols=\"40\" rows=\"10\" maxlength=\"2000\" class=\"wpcf7-form-control wpcf7-textarea\" aria-invalid=\"false\" name=\"your-message\"><\/textarea><\/span> <\/label>\n\t<\/p>\n<\/div>\n<p><input type=\"hidden\" name=\"gclid\" value=\"\" \/>\n<\/p>\n<p><input class=\"wpcf7-form-control wpcf7-submit has-spinner\" type=\"submit\" value=\"Enviar\" \/>\n<\/p><div class=\"wpcf7-response-output\" aria-hidden=\"true\"><\/div>\n<\/form>\n<\/div>\n<\/div>\n<\/div>\n\n\n\n<div class=\"wp-block-column es-panel es-panel-plain is-layout-flow wp-block-column-is-layout-flow\">\n<h2 class=\"wp-block-heading full-width\" id=\"h-llamada-o-correo-electronico\">Llamada o correo electr\u00f3nico<\/h2>\n\n\n\n<p>Estamos a su disposici\u00f3n para responder a sus preguntas y realizar reservas por correo electr\u00f3nico, tel\u00e9fono o chat de 08:00 a 19:00 todos los d\u00edas, y hasta las 21:00 los domingos.<\/p>\n\n\n\n<div class=\"wp-block-group contact-links\"><div class=\"wp-block-group__inner-container is-layout-constrained wp-block-group-is-layout-constrained\">\n<a href=\"tel:+41277716222\"><span class=\"material-symbols-outlined\">call<\/span><span class=\"phone-text\">+41 27 771 6222<\/span><\/a>\n\n\n\n<a href=\"mailto:info@europeansnowsport.com\"><span class=\"material-symbols-outlined\">mail<\/span><span class=\"call-text\">info@europeansnowsport.com<\/span><\/a>\n<\/div><\/div>\n\n\n\n<h2 class=\"wp-block-heading full-width\">Precios y condiciones<\/h2>\n\n\n\n<p>Nuestras&nbsp;<a href=\"https:\/\/europeansnowsport.com\/es\/terminos-y-condiciones\/\">condiciones<\/a>&nbsp;se aplican a todas las reservas.<\/p>\n\n\n\n<div class=\"wp-block-buttons price-lists is-content-justification-center is-layout-flex wp-container-core-buttons-is-layout-16018d1d wp-block-buttons-is-layout-flex\">\n<div class=\"wp-block-button\"><a class=\"wp-block-button__link wp-element-button\" href=\"\/wp-content\/uploads\/ES-Price-List-Verbier.pdf\">Precios de Verbier<\/a><\/div>\n\n\n\n<div class=\"wp-block-button\"><a class=\"wp-block-button__link wp-element-button\" href=\"\/wp-content\/uploads\/ES-Price-List-Zermatt.pdf\">Precios de Zermatt<\/a><\/div>\n\n\n\n<div class=\"wp-block-button\"><a class=\"wp-block-button__link wp-element-button\" href=\"\/wp-content\/uploads\/ES-Price-List-St-Moritz.pdf\">Precios de St Moritz<\/a><\/div>\n\n\n\n<div class=\"wp-block-button\"><a class=\"wp-block-button__link wp-element-button\" href=\"\/wp-content\/uploads\/ES-Price-List-Chamonix.pdf\">Precios de Chamonix<\/a><\/div>\n\n\n\n<div class=\"wp-block-button\"><a class=\"wp-block-button__link wp-element-button\" href=\"\/wp-content\/uploads\/ES-Price-List-Nendaz.pdf\">Precios de Nendaz<\/a><\/div>\n\n\n\n<div class=\"wp-block-button\"><a class=\"wp-block-button__link wp-element-button\" href=\"\/wp-content\/uploads\/ES-Price-List-Val-DIsere-Tignes.pdf\">Precios de Val d\u2019Is\u00e8re<\/a><\/div>\n\n\n\n<div class=\"wp-block-button\"><a class=\"wp-block-button__link wp-element-button\" href=\"https:\/\/europeansnowsport.com\/wp-content\/uploads\/ES-Price-List-3-Vallees.pdf\">Precios de 3 Vall\u00e9es<\/a><\/div>\n<\/div>\n<\/div>\n<\/div>\n<\/div><\/div>\n\n\n\n<div class=\"wp-block-group\"><div class=\"wp-block-group__inner-container is-layout-constrained wp-block-group-is-layout-constrained\">\n<div class=\"wp-block-columns is-layout-flex wp-container-core-columns-is-layout-9d6595d7 wp-block-columns-is-layout-flex\">\n<div class=\"wp-block-column is-layout-flow wp-block-column-is-layout-flow\">\n<h2 class=\"wp-block-heading full-width\" id=\"h-otras-opciones\">Otras opciones<\/h2>\n\n\n\n<p>Nos enorgullecemos de nuestro servicio de atenci\u00f3n excepcional, desde su primera consulta hasta la personalizaci\u00f3n de las clases de esqu\u00ed a sus necesidades. As\u00ed que le recomendamos que nos env\u00ede un correo electr\u00f3nico o nos llame por tel\u00e9fono. Si lo prefiere, tambi\u00e9n puede reservar en l\u00ednea:<\/p>\n\n\n\n<div class=\"wp-block-buttons is-content-justification-center is-layout-flex wp-container-core-buttons-is-layout-16018d1d wp-block-buttons-is-layout-flex\">\n<div class=\"wp-block-button\"><a class=\"wp-block-button__link wp-element-button\" href=\"https:\/\/esverbier.skischool.shop\/\">Reservar en Verbier<\/a><\/div>\n\n\n\n<div class=\"wp-block-button\"><a class=\"wp-block-button__link wp-element-button\" href=\"https:\/\/eszermatt.skischool.shop\/\">Reservar en Zermatt<\/a><\/div>\n\n\n\n<div class=\"wp-block-button\"><a class=\"wp-block-button__link wp-element-button\" href=\"https:\/\/esstmoritz.skischool.shop\/en\">Reservar en Sankt Moritz<\/a><\/div>\n<\/div>\n<\/div>\n\n\n\n<div class=\"wp-block-column is-layout-flow wp-block-column-is-layout-flow\">\n<figure class=\"wp-block-image size-full es-fancy-image top-spacing\"><img loading=\"lazy\" decoding=\"async\" width=\"1000\" height=\"643\" src=\"https:\/\/europeansnowsport.com\/wp-content\/uploads\/Erik-1000x643-1.jpg\" alt=\"\" class=\"wp-image-27345\" srcset=\"https:\/\/europeansnowsport.com\/wp-content\/uploads\/Erik-1000x643-1.jpg 1000w, https:\/\/europeansnowsport.com\/wp-content\/uploads\/Erik-1000x643-1-300x193.jpg 300w, https:\/\/europeansnowsport.com\/wp-content\/uploads\/Erik-1000x643-1-768x494.jpg 768w, https:\/\/europeansnowsport.com\/wp-content\/uploads\/Erik-1000x643-1-500x322.jpg 500w, https:\/\/europeansnowsport.com\/wp-content\/uploads\/Erik-1000x643-1-800x514.jpg 800w\" sizes=\"auto, (max-width: 1000px) 100vw, 1000px\" \/><\/figure>\n<\/div>\n<\/div>\n<\/div><\/div>\n","protected":false},"excerpt":{"rendered":"<p>Clases de esqu\u00ed particulares y clases para ni\u00f1os de la escuela de esqu\u00ed internacional l\u00edder European Snowsport es la principal y mejor escuela internacional de esqu\u00ed de Verbier. Hacemos todo lo posible para proporcionar las mejores clases de esqu\u00ed y snowboard con fant\u00e1sticos monitores especialidades en deportes de nieve, atentos y cualificados. Proporcionamos clases privadas [&hellip;]<\/p>\n","protected":false},"author":1,"featured_media":23996,"parent":0,"menu_order":0,"comment_status":"closed","ping_status":"closed","template":"","meta":{"_genesis_hide_title":false,"_genesis_hide_breadcrumbs":false,"_genesis_hide_singular_image":false,"_genesis_hide_footer_widgets":false,"_genesis_custom_body_class":"","_genesis_custom_post_class":"","_genesis_layout":"","footnotes":""},"class_list":{"0":"post-22734","1":"page","2":"type-page","3":"status-publish","4":"has-post-thumbnail","6":"entry"},"yoast_head":"<!-- This site is optimized with the Yoast SEO Premium plugin v26.6 (Yoast SEO v26.6) - https:\/\/yoast.com\/wordpress\/plugins\/seo\/ -->\n<title>Escuela de esqu\u00ed en Verbier - European Snowsport<\/title>\n<meta name=\"description\" content=\"European Snowsport es la principal y mejor escuela internacional de esqu\u00ed en Verbier. Proporcionamos clases privadas en su propio idioma.\" \/>\n<meta name=\"robots\" content=\"index, follow, max-snippet:-1, max-image-preview:large, max-video-preview:-1\" \/>\n<link rel=\"canonical\" href=\"https:\/\/europeansnowsport.com\/es\/escuela-de-esqui-en-verbier\/\" \/>\n<meta property=\"og:locale\" content=\"es_ES\" \/>\n<meta property=\"og:type\" content=\"article\" \/>\n<meta property=\"og:title\" content=\"Escuela de esqu\u00ed en Verbier\" \/>\n<meta property=\"og:description\" content=\"European Snowsport es la principal y mejor escuela internacional de esqu\u00ed en Verbier. Proporcionamos clases privadas en su propio idioma.\" \/>\n<meta property=\"og:url\" content=\"https:\/\/europeansnowsport.com\/es\/escuela-de-esqui-en-verbier\/\" \/>\n<meta property=\"og:site_name\" content=\"European Snowsport\" \/>\n<meta property=\"article:publisher\" content=\"https:\/\/www.facebook.com\/verbierskischool\/\" \/>\n<meta property=\"article:modified_time\" content=\"2026-01-05T12:14:46+00:00\" \/>\n<meta property=\"og:image\" content=\"https:\/\/europeansnowsport.com\/wp-content\/uploads\/European-Snowsport-Facebook-default-image.jpg\" \/>\n\t<meta property=\"og:image:width\" content=\"1200\" \/>\n\t<meta property=\"og:image:height\" content=\"628\" \/>\n\t<meta property=\"og:image:type\" content=\"image\/jpeg\" \/>\n<meta name=\"twitter:card\" content=\"summary_large_image\" \/>\n<meta name=\"twitter:image\" content=\"https:\/\/europeansnowsport.com\/wp-content\/uploads\/European-Snowsport-Twitter-default-image.jpg\" \/>\n<meta name=\"twitter:site\" content=\"@ESSkiSchool\" \/>\n<meta name=\"twitter:label1\" content=\"Tiempo de lectura\" \/>\n\t<meta name=\"twitter:data1\" content=\"7 minutos\" \/>\n<script type=\"application\/ld+json\" class=\"yoast-schema-graph\">{\"@context\":\"https:\/\/schema.org\",\"@graph\":[{\"@type\":\"WebPage\",\"@id\":\"https:\/\/europeansnowsport.com\/es\/escuela-de-esqui-en-verbier\/\",\"url\":\"https:\/\/europeansnowsport.com\/es\/escuela-de-esqui-en-verbier\/\",\"name\":\"Escuela de esqu\u00ed en Verbier - European Snowsport\",\"isPartOf\":{\"@id\":\"https:\/\/europeansnowsport.com\/es\/#website\"},\"primaryImageOfPage\":{\"@id\":\"https:\/\/europeansnowsport.com\/es\/escuela-de-esqui-en-verbier\/#primaryimage\"},\"image\":{\"@id\":\"https:\/\/europeansnowsport.com\/es\/escuela-de-esqui-en-verbier\/#primaryimage\"},\"thumbnailUrl\":\"https:\/\/europeansnowsport.com\/wp-content\/uploads\/European-Snowsport-Twitter-default-image.jpg\",\"datePublished\":\"2019-12-13T12:20:04+00:00\",\"dateModified\":\"2026-01-05T12:14:46+00:00\",\"description\":\"European Snowsport es la principal y mejor escuela internacional de esqu\u00ed en Verbier. Proporcionamos clases privadas en su propio idioma.\",\"breadcrumb\":{\"@id\":\"https:\/\/europeansnowsport.com\/es\/escuela-de-esqui-en-verbier\/#breadcrumb\"},\"inLanguage\":\"es\",\"potentialAction\":[{\"@type\":\"ReadAction\",\"target\":[\"https:\/\/europeansnowsport.com\/es\/escuela-de-esqui-en-verbier\/\"]}]},{\"@type\":\"ImageObject\",\"inLanguage\":\"es\",\"@id\":\"https:\/\/europeansnowsport.com\/es\/escuela-de-esqui-en-verbier\/#primaryimage\",\"url\":\"https:\/\/europeansnowsport.com\/wp-content\/uploads\/European-Snowsport-Twitter-default-image.jpg\",\"contentUrl\":\"https:\/\/europeansnowsport.com\/wp-content\/uploads\/European-Snowsport-Twitter-default-image.jpg\",\"width\":1024,\"height\":512,\"caption\":\"European Snowsport ski instructors\"},{\"@type\":\"BreadcrumbList\",\"@id\":\"https:\/\/europeansnowsport.com\/es\/escuela-de-esqui-en-verbier\/#breadcrumb\",\"itemListElement\":[{\"@type\":\"ListItem\",\"position\":1,\"name\":\"Home\",\"item\":\"https:\/\/europeansnowsport.com\/es\/\"},{\"@type\":\"ListItem\",\"position\":2,\"name\":\"Escuela de esqu\u00ed en Verbier\"}]},{\"@type\":\"WebSite\",\"@id\":\"https:\/\/europeansnowsport.com\/es\/#website\",\"url\":\"https:\/\/europeansnowsport.com\/es\/\",\"name\":\"European Snowsport\",\"description\":\"Outstanding, independent ski schools in Verbier, Zermatt, Nendaz, St Moritz and Chamonix\",\"publisher\":{\"@id\":\"https:\/\/europeansnowsport.com\/es\/#organization\"},\"potentialAction\":[{\"@type\":\"SearchAction\",\"target\":{\"@type\":\"EntryPoint\",\"urlTemplate\":\"https:\/\/europeansnowsport.com\/es\/?s={search_term_string}\"},\"query-input\":{\"@type\":\"PropertyValueSpecification\",\"valueRequired\":true,\"valueName\":\"search_term_string\"}}],\"inLanguage\":\"es\"},{\"@type\":[\"Organization\",\"Place\",\"LocalBusiness\"],\"@id\":\"https:\/\/europeansnowsport.com\/es\/#organization\",\"name\":\"European Snowsport\",\"url\":\"https:\/\/europeansnowsport.com\/es\/\",\"logo\":{\"@id\":\"https:\/\/europeansnowsport.com\/es\/escuela-de-esqui-en-verbier\/#local-main-organization-logo\"},\"image\":{\"@id\":\"https:\/\/europeansnowsport.com\/es\/escuela-de-esqui-en-verbier\/#local-main-organization-logo\"},\"sameAs\":[\"https:\/\/www.facebook.com\/verbierskischool\/\",\"https:\/\/x.com\/ESSkiSchool\",\"https:\/\/www.instagram.com\/europeansnowsport\/\",\"https:\/\/www.linkedin.com\/company\/european-snowsport-ski-and-snowboard-school\",\"https:\/\/www.pinterest.ch\/SkiSchool\/\",\"https:\/\/www.youtube.com\/channel\/UCRNrr3rTgbMt8SeKpS673lQ\"],\"address\":{\"@id\":\"https:\/\/europeansnowsport.com\/es\/escuela-de-esqui-en-verbier\/#local-main-place-address\"},\"geo\":{\"@type\":\"GeoCoordinates\",\"latitude\":\"46.092474\",\"longitude\":\"7.233592\"},\"telephone\":[\"+41 27 771 6222\"],\"openingHoursSpecification\":[{\"@type\":\"OpeningHoursSpecification\",\"dayOfWeek\":[\"Monday\",\"Tuesday\",\"Wednesday\",\"Thursday\",\"Friday\",\"Saturday\"],\"opens\":\"08:00\",\"closes\":\"19:00\"},{\"@type\":\"OpeningHoursSpecification\",\"dayOfWeek\":[\"Sunday\"],\"opens\":\"08:00\",\"closes\":\"21:00\"}],\"email\":\"info@europeansnowsport.com\",\"faxNumber\":\"+41277716221\",\"priceRange\":\"CHF-CHF\"},{\"@type\":\"PostalAddress\",\"@id\":\"https:\/\/europeansnowsport.com\/es\/escuela-de-esqui-en-verbier\/#local-main-place-address\",\"streetAddress\":\"European Snowsport, Rue de M\u00e9dran\",\"addressLocality\":\"Bagnes\",\"postalCode\":\"1936\",\"addressCountry\":\"CH\"},{\"@type\":\"ImageObject\",\"inLanguage\":\"es\",\"@id\":\"https:\/\/europeansnowsport.com\/es\/escuela-de-esqui-en-verbier\/#local-main-organization-logo\",\"url\":\"https:\/\/europeansnowsport.com\/wp-content\/uploads\/ESlogo400-1.jpg\",\"contentUrl\":\"https:\/\/europeansnowsport.com\/wp-content\/uploads\/ESlogo400-1.jpg\",\"width\":400,\"height\":400,\"caption\":\"European Snowsport\"}]}<\/script>\n<meta name=\"geo.placename\" content=\"Bagnes\" \/>\n<meta name=\"geo.position\" content=\"46.092474;7.233592\" \/>\n<meta name=\"geo.region\" content=\"Suiza\" \/>\n<!-- \/ Yoast SEO Premium plugin. -->","yoast_head_json":{"title":"Escuela de esqu\u00ed en Verbier - European Snowsport","description":"European Snowsport es la principal y mejor escuela internacional de esqu\u00ed en Verbier. Proporcionamos clases privadas en su propio idioma.","robots":{"index":"index","follow":"follow","max-snippet":"max-snippet:-1","max-image-preview":"max-image-preview:large","max-video-preview":"max-video-preview:-1"},"canonical":"https:\/\/europeansnowsport.com\/es\/escuela-de-esqui-en-verbier\/","og_locale":"es_ES","og_type":"article","og_title":"Escuela de esqu\u00ed en Verbier","og_description":"European Snowsport es la principal y mejor escuela internacional de esqu\u00ed en Verbier. Proporcionamos clases privadas en su propio idioma.","og_url":"https:\/\/europeansnowsport.com\/es\/escuela-de-esqui-en-verbier\/","og_site_name":"European Snowsport","article_publisher":"https:\/\/www.facebook.com\/verbierskischool\/","article_modified_time":"2026-01-05T12:14:46+00:00","og_image":[{"width":1200,"height":628,"url":"https:\/\/europeansnowsport.com\/wp-content\/uploads\/European-Snowsport-Facebook-default-image.jpg","type":"image\/jpeg"}],"twitter_card":"summary_large_image","twitter_image":"https:\/\/europeansnowsport.com\/wp-content\/uploads\/European-Snowsport-Twitter-default-image.jpg","twitter_site":"@ESSkiSchool","twitter_misc":{"Tiempo de lectura":"7 minutos"},"schema":{"@context":"https:\/\/schema.org","@graph":[{"@type":"WebPage","@id":"https:\/\/europeansnowsport.com\/es\/escuela-de-esqui-en-verbier\/","url":"https:\/\/europeansnowsport.com\/es\/escuela-de-esqui-en-verbier\/","name":"Escuela de esqu\u00ed en Verbier - European Snowsport","isPartOf":{"@id":"https:\/\/europeansnowsport.com\/es\/#website"},"primaryImageOfPage":{"@id":"https:\/\/europeansnowsport.com\/es\/escuela-de-esqui-en-verbier\/#primaryimage"},"image":{"@id":"https:\/\/europeansnowsport.com\/es\/escuela-de-esqui-en-verbier\/#primaryimage"},"thumbnailUrl":"https:\/\/europeansnowsport.com\/wp-content\/uploads\/European-Snowsport-Twitter-default-image.jpg","datePublished":"2019-12-13T12:20:04+00:00","dateModified":"2026-01-05T12:14:46+00:00","description":"European Snowsport es la principal y mejor escuela internacional de esqu\u00ed en Verbier. Proporcionamos clases privadas en su propio idioma.","breadcrumb":{"@id":"https:\/\/europeansnowsport.com\/es\/escuela-de-esqui-en-verbier\/#breadcrumb"},"inLanguage":"es","potentialAction":[{"@type":"ReadAction","target":["https:\/\/europeansnowsport.com\/es\/escuela-de-esqui-en-verbier\/"]}]},{"@type":"ImageObject","inLanguage":"es","@id":"https:\/\/europeansnowsport.com\/es\/escuela-de-esqui-en-verbier\/#primaryimage","url":"https:\/\/europeansnowsport.com\/wp-content\/uploads\/European-Snowsport-Twitter-default-image.jpg","contentUrl":"https:\/\/europeansnowsport.com\/wp-content\/uploads\/European-Snowsport-Twitter-default-image.jpg","width":1024,"height":512,"caption":"European Snowsport ski instructors"},{"@type":"BreadcrumbList","@id":"https:\/\/europeansnowsport.com\/es\/escuela-de-esqui-en-verbier\/#breadcrumb","itemListElement":[{"@type":"ListItem","position":1,"name":"Home","item":"https:\/\/europeansnowsport.com\/es\/"},{"@type":"ListItem","position":2,"name":"Escuela de esqu\u00ed en Verbier"}]},{"@type":"WebSite","@id":"https:\/\/europeansnowsport.com\/es\/#website","url":"https:\/\/europeansnowsport.com\/es\/","name":"European Snowsport","description":"Outstanding, independent ski schools in Verbier, Zermatt, Nendaz, St Moritz and Chamonix","publisher":{"@id":"https:\/\/europeansnowsport.com\/es\/#organization"},"potentialAction":[{"@type":"SearchAction","target":{"@type":"EntryPoint","urlTemplate":"https:\/\/europeansnowsport.com\/es\/?s={search_term_string}"},"query-input":{"@type":"PropertyValueSpecification","valueRequired":true,"valueName":"search_term_string"}}],"inLanguage":"es"},{"@type":["Organization","Place","LocalBusiness"],"@id":"https:\/\/europeansnowsport.com\/es\/#organization","name":"European Snowsport","url":"https:\/\/europeansnowsport.com\/es\/","logo":{"@id":"https:\/\/europeansnowsport.com\/es\/escuela-de-esqui-en-verbier\/#local-main-organization-logo"},"image":{"@id":"https:\/\/europeansnowsport.com\/es\/escuela-de-esqui-en-verbier\/#local-main-organization-logo"},"sameAs":["https:\/\/www.facebook.com\/verbierskischool\/","https:\/\/x.com\/ESSkiSchool","https:\/\/www.instagram.com\/europeansnowsport\/","https:\/\/www.linkedin.com\/company\/european-snowsport-ski-and-snowboard-school","https:\/\/www.pinterest.ch\/SkiSchool\/","https:\/\/www.youtube.com\/channel\/UCRNrr3rTgbMt8SeKpS673lQ"],"address":{"@id":"https:\/\/europeansnowsport.com\/es\/escuela-de-esqui-en-verbier\/#local-main-place-address"},"geo":{"@type":"GeoCoordinates","latitude":"46.092474","longitude":"7.233592"},"telephone":["+41 27 771 6222"],"openingHoursSpecification":[{"@type":"OpeningHoursSpecification","dayOfWeek":["Monday","Tuesday","Wednesday","Thursday","Friday","Saturday"],"opens":"08:00","closes":"19:00"},{"@type":"OpeningHoursSpecification","dayOfWeek":["Sunday"],"opens":"08:00","closes":"21:00"}],"email":"info@europeansnowsport.com","faxNumber":"+41277716221","priceRange":"CHF-CHF"},{"@type":"PostalAddress","@id":"https:\/\/europeansnowsport.com\/es\/escuela-de-esqui-en-verbier\/#local-main-place-address","streetAddress":"European Snowsport, Rue de M\u00e9dran","addressLocality":"Bagnes","postalCode":"1936","addressCountry":"CH"},{"@type":"ImageObject","inLanguage":"es","@id":"https:\/\/europeansnowsport.com\/es\/escuela-de-esqui-en-verbier\/#local-main-organization-logo","url":"https:\/\/europeansnowsport.com\/wp-content\/uploads\/ESlogo400-1.jpg","contentUrl":"https:\/\/europeansnowsport.com\/wp-content\/uploads\/ESlogo400-1.jpg","width":400,"height":400,"caption":"European Snowsport"}]},"geo.placename":"Bagnes","geo.position":{"lat":"46.092474","long":"7.233592"},"geo.region":"Suiza"},"featured_image_src":"https:\/\/europeansnowsport.com\/wp-content\/uploads\/European-Snowsport-Twitter-default-image.jpg","featured_image_src_square":"https:\/\/europeansnowsport.com\/wp-content\/uploads\/European-Snowsport-Twitter-default-image.jpg","_links":{"self":[{"href":"https:\/\/europeansnowsport.com\/es\/wp-json\/wp\/v2\/pages\/22734","targetHints":{"allow":["GET"]}}],"collection":[{"href":"https:\/\/europeansnowsport.com\/es\/wp-json\/wp\/v2\/pages"}],"about":[{"href":"https:\/\/europeansnowsport.com\/es\/wp-json\/wp\/v2\/types\/page"}],"author":[{"embeddable":true,"href":"https:\/\/europeansnowsport.com\/es\/wp-json\/wp\/v2\/users\/1"}],"replies":[{"embeddable":true,"href":"https:\/\/europeansnowsport.com\/es\/wp-json\/wp\/v2\/comments?post=22734"}],"version-history":[{"count":0,"href":"https:\/\/europeansnowsport.com\/es\/wp-json\/wp\/v2\/pages\/22734\/revisions"}],"wp:featuredmedia":[{"embeddable":true,"href":"https:\/\/europeansnowsport.com\/es\/wp-json\/wp\/v2\/media\/23996"}],"wp:attachment":[{"href":"https:\/\/europeansnowsport.com\/es\/wp-json\/wp\/v2\/media?parent=22734"}],"curies":[{"name":"wp","href":"https:\/\/api.w.org\/{rel}","templated":true}]}}