{"id":21494,"date":"2019-10-11T15:50:36","date_gmt":"2019-10-11T13:50:36","guid":{"rendered":"https:\/\/europeansnowsport.com\/es-adaptiv\/"},"modified":"2023-09-26T15:19:29","modified_gmt":"2023-09-26T13:19:29","slug":"es-adaptiv","status":"publish","type":"page","link":"https:\/\/europeansnowsport.com\/de\/es-adaptiv\/","title":{"rendered":"ES Adaptiv"},"content":{"rendered":"\n<div class=\"wp-block-cover alignfull is-light page-title-area wp-duotone-unset-1\" style=\"min-height:695px;aspect-ratio:unset;\"><span aria-hidden=\"true\" class=\"wp-block-cover__background has-background-dim-20 has-background-dim\"><\/span><img loading=\"lazy\" decoding=\"async\" width=\"2000\" height=\"600\" class=\"wp-block-cover__image-background wp-image-20395\" alt=\"\" src=\"https:\/\/europeansnowsport.com\/wp-content\/uploads\/Adaptive-team-and-equipment-2000w-letterbox.jpg\" data-object-fit=\"cover\" srcset=\"https:\/\/europeansnowsport.com\/wp-content\/uploads\/Adaptive-team-and-equipment-2000w-letterbox.jpg 2000w, https:\/\/europeansnowsport.com\/wp-content\/uploads\/Adaptive-team-and-equipment-2000w-letterbox-300x90.jpg 300w, https:\/\/europeansnowsport.com\/wp-content\/uploads\/Adaptive-team-and-equipment-2000w-letterbox-1024x307.jpg 1024w, https:\/\/europeansnowsport.com\/wp-content\/uploads\/Adaptive-team-and-equipment-2000w-letterbox-768x230.jpg 768w, https:\/\/europeansnowsport.com\/wp-content\/uploads\/Adaptive-team-and-equipment-2000w-letterbox-1536x461.jpg 1536w, https:\/\/europeansnowsport.com\/wp-content\/uploads\/Adaptive-team-and-equipment-2000w-letterbox-1100x330.jpg 1100w\" sizes=\"auto, (max-width: 2000px) 100vw, 2000px\" \/><div class=\"wp-block-cover__inner-container is-layout-flow wp-block-cover-is-layout-flow\">\n<h1 class=\"wp-block-heading has-text-align-left has-large-font-size\" id=\"h-es-adaptiv\">ES Adaptiv<\/h1>\n\n\n\n<div class=\"wp-block-buttons is-layout-flex wp-block-buttons-is-layout-flex\">\n<div class=\"wp-block-button\"><a class=\"wp-block-button__link wp-element-button\" href=\"https:\/\/europeansnowsport.com\/de\/kontakt\/\">Preise und Buchung<\/a><\/div>\n\n\n\n<div class=\"wp-block-button ghost-button-light\"><a class=\"wp-block-button__link wp-element-button\" href=\"https:\/\/europeansnowsport.com\/de\/kontakt\/\">Kontaktieren Sie uns<\/a><\/div>\n<\/div>\n<\/div><\/div>\n\n\n\n<div class=\"wp-block-group es-panel intro-panel\"><div class=\"wp-block-group__inner-container is-layout-constrained wp-block-group-is-layout-constrained\">\n<div class=\"wp-block-group two-thirds first\"><div class=\"wp-block-group__inner-container is-layout-constrained wp-block-group-is-layout-constrained\">\n<h2 class=\"wp-block-heading\" id=\"h-beeintrachtigungen-uberwinden-um-die-freiheit-der-berge-zu-geniessen\">Beeintr\u00e4chtigungen \u00fcberwinden, um die Freiheit der Berge zu geniessen<\/h2>\n\n\n\n<p>Das&nbsp;<strong>ES<\/strong>&nbsp;Adaptiv-Programm m\u00f6chte Menschen mit Behinderungen helfen, den Nervenkitzel und die Freiheit des Berges gemeinsam mit ihrer Familie und ihren Freunden zu erleben, egal ob sie Einschr\u00e4nkungen der Sinneswahrnehmungen, kognitive oder k\u00f6rperliche Einschr\u00e4nkungen haben.&nbsp;<strong>European Snowsport<\/strong>&nbsp;bietet allen Kunden einen einzigartigen Service; ob weniger begabt, behindert oder betagt. Unsere erfahrenen und qualifizierten Skilehrer bieten speziell auf den Menschen abgestimmten, adaptiven&nbsp;Skiunterricht, Orientierung und Spezialausr\u00fcstung f\u00fcr alle Arten von Skifahrern. Wir unterrichten Anf\u00e4nger und Profisportler gleichermassen gern und sorgen mit Leidenschaft daf\u00fcr, Ihnen das ultimative Erlebnis im Schnee zu bereiten. Mit der richtigen Ausr\u00fcstung und der richtigen Anleitung kann jeder den Nervenkitzel der Berge geniessen.<\/p>\n\n\n\n<p>Das&nbsp;<strong>ES<\/strong>&nbsp;Adaptiv-Programm ist Teil von European Snowsport und wird in Zusammenarbeit mit&nbsp;<a href=\"http:\/\/www.disabilitysnowsport.org.uk\/\" target=\"_blank\" rel=\"noreferrer noopener\">Disability Snowsport UK<\/a>&nbsp;betrieben. Dank der grossz\u00fcgigen Unterst\u00fctzung der Bev\u00f6lkerung in&nbsp;Verbier&nbsp;haben wir das Gl\u00fcck, eine der am besten ausgestatteten adaptiven Wintersportschulen in Europa zu sein.<\/p>\n<\/div><\/div>\n\n\n\n<figure class=\"wp-block-image size-large one-third\"><img loading=\"lazy\" decoding=\"async\" width=\"1024\" height=\"678\" src=\"https:\/\/europeansnowsport.com\/wp-content\/uploads\/adaptive-small-1080-84-8-1024x678.jpg\" alt=\"ES Adaptive Disabled Ski School\" class=\"wp-image-1622\" srcset=\"https:\/\/europeansnowsport.com\/wp-content\/uploads\/adaptive-small-1080-84-8-1024x678.jpg 1024w, https:\/\/europeansnowsport.com\/wp-content\/uploads\/adaptive-small-1080-84-8-300x199.jpg 300w, https:\/\/europeansnowsport.com\/wp-content\/uploads\/adaptive-small-1080-84-8-768x508.jpg 768w, https:\/\/europeansnowsport.com\/wp-content\/uploads\/adaptive-small-1080-84-8.jpg 1080w\" sizes=\"auto, (max-width: 1024px) 100vw, 1024px\" \/><\/figure>\n<\/div><\/div>\n\n\n\n<div class=\"wp-block-group\"><div class=\"wp-block-group__inner-container is-layout-constrained wp-block-group-is-layout-constrained\">\n<h2 class=\"wp-block-heading\" id=\"h-es-adaptiv-0\">ES Adaptiv<\/h2>\n\n\n\n<div class=\"wp-block-columns is-layout-flex wp-container-core-columns-is-layout-9d6595d7 wp-block-columns-is-layout-flex\">\n<div class=\"wp-block-column is-layout-flow wp-block-column-is-layout-flow\" style=\"flex-basis:33.33%\">\n<figure class=\"wp-block-image size-large es-fancy-image\"><img loading=\"lazy\" decoding=\"async\" width=\"678\" height=\"1024\" src=\"https:\/\/europeansnowsport.com\/wp-content\/uploads\/adaptive-small-1080-84-4-678x1024.jpg\" alt=\"ES Adaptive Disabled Ski School\" class=\"wp-image-1618\" srcset=\"https:\/\/europeansnowsport.com\/wp-content\/uploads\/adaptive-small-1080-84-4-678x1024.jpg 678w, https:\/\/europeansnowsport.com\/wp-content\/uploads\/adaptive-small-1080-84-4-199x300.jpg 199w, https:\/\/europeansnowsport.com\/wp-content\/uploads\/adaptive-small-1080-84-4.jpg 715w\" sizes=\"auto, (max-width: 678px) 100vw, 678px\" \/><\/figure>\n<\/div>\n\n\n\n<div class=\"wp-block-column is-layout-flow wp-block-column-is-layout-flow\" style=\"flex-basis:66.66%\">\n<p><strong>ES Adaptiv<\/strong>&nbsp;kann sich auf alle adaptiven Disziplinen mit Lehrern f\u00fcr Klasse 2 einstellen: Mono-Ski, Bi-Ski, f\u00fcr Sehbehinderte, Skilaufen mit 3 und 4 Skiern, und Lernbehinderungen. Bei uns sind v\u00f6llige Anf\u00e4nger ebenso willkommen wie Skifahrer mit mehr Erfahrung.<\/p>\n\n\n\n<h3 class=\"wp-block-heading\">Adaptive Skiausr\u00fcstung<\/h3>\n\n\n\n<ul class=\"wp-block-list\">\n<li>3x Bi-unique (Bi-Ski f\u00fcr Kinder, Jugendliche und Erwachsene)<\/li>\n\n\n\n<li>2x Mountain-Man (Bi-Ski f\u00fcr Jugendliche und Erwachsene)<\/li>\n\n\n\n<li>Alle unterschiedlichen Haltegurte und Ladehilfen f\u00fcr Sessellifte, Schlepplifte und Pomalifte sowie eine Vielzahl von Kr\u00fcckenskier, die fixiert oder selbst gehalten werden k\u00f6nnen.<\/li>\n\n\n\n<li>1x Mogul Master (1x Gestell mit verstellbarem Sitz f\u00fcr Kinder, Jugendliche und Erwachsene)<\/li>\n\n\n\n<li>Warnkleidung f\u00fcr Sehbehinderte<\/li>\n\n\n\n<li>Zahlreiche verschiedene Hilfsmittel f\u00fcr Skispitzen<\/li>\n\n\n\n<li>Haltegurte<\/li>\n\n\n\n<li>Kr\u00fcckenskier<\/li>\n<\/ul>\n<\/div>\n<\/div>\n<\/div><\/div>\n\n\n\n<div class=\"wp-block-group alignfull double-feature-container\"><div class=\"wp-block-group__inner-container is-layout-constrained wp-block-group-is-layout-constrained\">\n<div class=\"wp-block-columns double-feature first-row is-layout-flex wp-container-core-columns-is-layout-9d6595d7 wp-block-columns-is-layout-flex\">\n<div class=\"wp-block-column es-panel is-layout-flow wp-block-column-is-layout-flow\" style=\"flex-basis:50%\">\n<div class=\"wp-block-columns is-layout-flex wp-container-core-columns-is-layout-9d6595d7 wp-block-columns-is-layout-flex\">\n<div class=\"wp-block-column is-layout-flow wp-block-column-is-layout-flow\" style=\"flex-basis:28%\">\n<figure class=\"wp-block-image size-full\"><img loading=\"lazy\" decoding=\"async\" width=\"810\" height=\"810\" src=\"https:\/\/europeansnowsport.com\/wp-content\/uploads\/P1010610-square.jpg\" alt=\"\" class=\"wp-image-27836\" srcset=\"https:\/\/europeansnowsport.com\/wp-content\/uploads\/P1010610-square.jpg 810w, https:\/\/europeansnowsport.com\/wp-content\/uploads\/P1010610-square-300x300.jpg 300w, https:\/\/europeansnowsport.com\/wp-content\/uploads\/P1010610-square-150x150.jpg 150w, https:\/\/europeansnowsport.com\/wp-content\/uploads\/P1010610-square-768x768.jpg 768w, https:\/\/europeansnowsport.com\/wp-content\/uploads\/P1010610-square-500x500.jpg 500w, https:\/\/europeansnowsport.com\/wp-content\/uploads\/P1010610-square-800x800.jpg 800w, https:\/\/europeansnowsport.com\/wp-content\/uploads\/P1010610-square-75x75.jpg 75w, https:\/\/europeansnowsport.com\/wp-content\/uploads\/P1010610-square-600x600.jpg 600w\" sizes=\"auto, (max-width: 810px) 100vw, 810px\" \/><\/figure>\n<\/div>\n\n\n\n<div class=\"wp-block-column is-layout-flow wp-block-column-is-layout-flow\" style=\"flex-basis:72%\">\n<h3 class=\"wp-block-heading\">Haben Sie Spass?<\/h3>\n\n\n\n<p>Wenn Sie eine fantastische Zeit bei uns hatten, w\u00fcrden wir uns freuen, davon zu h\u00f6ren \u2013 und von Ihren schneetastischen Erlebnissen! Bitte erz\u00e4hlen Sie uns davon und nehmen Sie sich einen Moment Zeit, um uns unten von Ihren Erfahrungen bei uns zu berichten.<\/p>\n\n\n\n<p><a href=\"http:\/\/fs19.formsite.com\/europeansnowsport\/form204661985\/index.html\"><strong>ES<\/strong>&nbsp;Adaptiv Erlebnisbewertungsformular<\/a><\/p>\n<\/div>\n<\/div>\n<\/div>\n\n\n\n<div class=\"wp-block-column es-panel is-layout-flow wp-block-column-is-layout-flow\" style=\"flex-basis:50%\">\n<div class=\"wp-block-columns is-layout-flex wp-container-core-columns-is-layout-9d6595d7 wp-block-columns-is-layout-flex\">\n<div class=\"wp-block-column is-layout-flow wp-block-column-is-layout-flow\" style=\"flex-basis:28%\">\n<figure class=\"wp-block-image size-full\"><img loading=\"lazy\" decoding=\"async\" width=\"775\" height=\"773\" src=\"https:\/\/europeansnowsport.com\/wp-content\/uploads\/adaptive-small-1080-84-2-775x1024-square.jpg\" alt=\"\" class=\"wp-image-27845\" srcset=\"https:\/\/europeansnowsport.com\/wp-content\/uploads\/adaptive-small-1080-84-2-775x1024-square.jpg 775w, https:\/\/europeansnowsport.com\/wp-content\/uploads\/adaptive-small-1080-84-2-775x1024-square-300x300.jpg 300w, https:\/\/europeansnowsport.com\/wp-content\/uploads\/adaptive-small-1080-84-2-775x1024-square-150x150.jpg 150w, https:\/\/europeansnowsport.com\/wp-content\/uploads\/adaptive-small-1080-84-2-775x1024-square-768x766.jpg 768w, https:\/\/europeansnowsport.com\/wp-content\/uploads\/adaptive-small-1080-84-2-775x1024-square-500x499.jpg 500w, https:\/\/europeansnowsport.com\/wp-content\/uploads\/adaptive-small-1080-84-2-775x1024-square-75x75.jpg 75w\" sizes=\"auto, (max-width: 775px) 100vw, 775px\" \/><\/figure>\n<\/div>\n\n\n\n<div class=\"wp-block-column is-layout-flow wp-block-column-is-layout-flow\" style=\"flex-basis:72%\">\n<h3 class=\"wp-block-heading\">M\u00f6chten Sie sich einbringen?<\/h3>\n\n\n\n<p>Wir sch\u00e4tzen uns sehr gl\u00fccklich \u00fcber die engagierte Unterst\u00fctzung von&nbsp;<strong>Ehrenamtlichen<\/strong>, die direkt im Schnee Unterst\u00fctzung und Hilfe f\u00fcr unsere Stunden leisten. In den&nbsp;<strong>adaptiven Wintersport<\/strong>&nbsp;fliessen viel Zeit und M\u00fche, und ohne diese grossz\u00fcgige Unterst\u00fctzung k\u00f6nnten wir unsere Kurse nicht anbieten! Wenn Sie sich in unsere adaptiven Programme einbringen und mithelfen m\u00f6chten, melden Sie sich bitte bei uns, denn wir sind immer auf der&nbsp;<strong>Suche nach Ehrenamtlichen<\/strong>. Sie k\u00f6nnen das ES-B\u00fcro unter&nbsp;<a href=\"mailto:info@europeansnowsport.com?subject=Website%20enquiry%20adaptive\">info@europeansnowsport.com<\/a>&nbsp;kontaktieren oder unser unten stehendes Formular ausf\u00fcllen:<\/p>\n\n\n\n<p><a href=\"http:\/\/fs19.formsite.com\/europeansnowsport\/form23\/index.html\"><a href=\"http:\/\/fs19.formsite.com\/europeansnowsport\/form23\/index.html\"><strong>ES<\/strong>\u00a0Adaptiv Anmeldeformular f\u00fcr Ehrenamtliche<\/a><\/a><\/p>\n<\/div>\n<\/div>\n<\/div>\n<\/div>\n<\/div><\/div>\n\n\n\n<div class=\"wp-block-group\"><div class=\"wp-block-group__inner-container is-layout-constrained wp-block-group-is-layout-constrained\">\n<div class=\"wp-block-group\"><div class=\"wp-block-group__inner-container is-layout-constrained wp-block-group-is-layout-constrained\">\n<h2 class=\"wp-block-heading\" id=\"h-buchung\">Buchung<\/h2>\n\n\n\n<div style=\"height:1px\" aria-hidden=\"true\" class=\"wp-block-spacer\"><\/div>\n\n\n\n<figure class=\"wp-block-image size-large es-fancy-image one-third\"><img loading=\"lazy\" decoding=\"async\" width=\"678\" height=\"1024\" src=\"https:\/\/europeansnowsport.com\/wp-content\/uploads\/adaptive-small-1080-84-7-678x1024.jpg\" alt=\"ES Adaptive Disabled Ski School\" class=\"wp-image-1621\" srcset=\"https:\/\/europeansnowsport.com\/wp-content\/uploads\/adaptive-small-1080-84-7-678x1024.jpg 678w, https:\/\/europeansnowsport.com\/wp-content\/uploads\/adaptive-small-1080-84-7-199x300.jpg 199w, https:\/\/europeansnowsport.com\/wp-content\/uploads\/adaptive-small-1080-84-7.jpg 715w\" sizes=\"auto, (max-width: 678px) 100vw, 678px\" \/><\/figure>\n\n\n\n<p>Buchen k\u00f6nnen Sie ganz leicht \u2013&nbsp;<a href=\"https:\/\/europeansnowsport.com\/de\/kontakt\/\">kontaktieren Sie uns<\/a>&nbsp;einfach und f\u00fcllen Sie die beiden unten stehenden Formulare aus. Unser Programm wird von unserem Adaptiv-Manager geleitet und damit Sie sich schnell in den Schnee aufmachen und wir freie Pl\u00e4tze garantieren k\u00f6nnen, ist es sehr wichtig, dass Sie im Voraus buchen. Wir k\u00f6nnen auch PDF-Versionen unserer Formulare bereitstellen, sollten Sie diese brauchen \u2013 fragen Sie uns einfach.<\/p>\n\n\n\n<ul class=\"wp-block-list\">\n<li><a href=\"http:\/\/fs19.formsite.com\/europeansnowsport\/form015959706\/index.html\"><strong>ES<\/strong>&nbsp;Adaptiv Kundenteilnahmeformular<\/a><\/li>\n\n\n\n<li><a href=\"http:\/\/fs19.formsite.com\/europeansnowsport\/form916239117\/index.html\"><strong>ES&nbsp;<\/strong>Adaptiv Arztformular<\/a><\/li>\n<\/ul>\n\n\n\n<p>Bitte kontaktieren Sie unseren Adaptiv-Manager, um mehr zu erfahren, \u00fcber Ihre Anforderungen zu sprechen und Antworten auf alle Ihre Fragen zu Ihrem Urlaub zu erhalten, oder besuchen Sie unser B\u00fcro im Mountain Air-Shop, wenn Sie im Wintersportort sind.<\/p>\n\n\n\n<p>Wir freuen uns darauf, schon bald mit Ihnen Ski zu fahren!<\/p>\n<\/div><\/div>\n<\/div><\/div>\n\n\n\n<div class=\"wp-block-group contact-intro\"><div class=\"wp-block-group__inner-container is-layout-constrained wp-block-group-is-layout-constrained\">\n<h2 class=\"wp-block-heading\" id=\"h-kontaktieren-sei-bitte-uns\">Kontaktieren Sei bitte uns<\/h2>\n\n\n\n<p>Bereits seit \u00fcber 20 Jahren bieten wir freundliche, professionelle Skistunden und Snowboard-Stunden f\u00fcr Menschen aller Erfahrungsstufen an. Unser Team \u2013 und vor allem unsere Lehrer \u2013 erhalten st\u00e4ndig begeistertes Feedback. Wenn Sie sich unsicher sind, was Sie ben\u00f6tigen, oder ob Sie \u00fcberhaupt Stunden buchen wollen, rufen Sie uns bitte an, dann besprechen wir gern, was f\u00fcr Sie am besten w\u00e4re.<\/p>\n<\/div><\/div>\n\n\n\n<div class=\"wp-block-group contact-full\"><div class=\"wp-block-group__inner-container is-layout-constrained wp-block-group-is-layout-constrained\">\n<div class=\"wp-block-columns is-layout-flex wp-container-core-columns-is-layout-9d6595d7 wp-block-columns-is-layout-flex\">\n<div class=\"wp-block-column es-panel is-layout-flow wp-block-column-is-layout-flow\">\n<h2 class=\"wp-block-heading full-width\">Kontaktieren Sie uns<\/h2>\n\n\n\n<div class=\"wp-block-contact-form-7-contact-form-selector\">\n<div class=\"wpcf7 no-js\" id=\"wpcf7-f26055-o1\" lang=\"de-DE\" dir=\"ltr\" data-wpcf7-id=\"26055\">\n<div class=\"screen-reader-response\"><p role=\"status\" aria-live=\"polite\" aria-atomic=\"true\"><\/p> <ul><\/ul><\/div>\n<form action=\"\/de\/wp-json\/wp\/v2\/pages\/21494#wpcf7-f26055-o1\" method=\"post\" class=\"wpcf7-form init\" aria-label=\"Kontaktformular\" novalidate=\"novalidate\" data-status=\"init\">\n<fieldset class=\"hidden-fields-container\"><input type=\"hidden\" name=\"_wpcf7\" value=\"26055\" \/><input type=\"hidden\" name=\"_wpcf7_version\" value=\"6.1.4\" \/><input type=\"hidden\" name=\"_wpcf7_locale\" value=\"de_DE\" \/><input type=\"hidden\" name=\"_wpcf7_unit_tag\" value=\"wpcf7-f26055-o1\" \/><input type=\"hidden\" name=\"_wpcf7_container_post\" value=\"0\" \/><input type=\"hidden\" name=\"_wpcf7_posted_data_hash\" value=\"\" \/><input type=\"hidden\" name=\"_wpcf7_recaptcha_response\" value=\"\" \/>\n<\/fieldset>\n<div class=\"input-wrap narrow\">\n\t<p><label> Your name<br \/>\n<span class=\"wpcf7-form-control-wrap\" data-name=\"your-name\"><input size=\"40\" maxlength=\"400\" class=\"wpcf7-form-control wpcf7-text wpcf7-validates-as-required\" aria-required=\"true\" aria-invalid=\"false\" value=\"\" type=\"text\" name=\"your-name\" \/><\/span> <\/label>\n\t<\/p>\n<\/div>\n<div class=\"input-wrap narrow with-space\">\n\t<p><label> Your email<br \/>\n<span class=\"wpcf7-form-control-wrap\" data-name=\"your-email\"><input size=\"40\" maxlength=\"400\" class=\"wpcf7-form-control wpcf7-email wpcf7-validates-as-required wpcf7-text wpcf7-validates-as-email\" aria-required=\"true\" aria-invalid=\"false\" value=\"\" type=\"email\" name=\"your-email\" \/><\/span> <\/label>\n\t<\/p>\n<\/div>\n<div class=\"input-wrap narrow\">\n\t<p><label>Which resort?<br \/>\n<span class=\"wpcf7-form-control-wrap\" data-name=\"resort\"><select class=\"wpcf7-form-control wpcf7-select\" aria-invalid=\"false\" name=\"resort\"><option value=\"Not sure or more than one\">Not sure or more than one<\/option><option value=\"Verbier\">Verbier<\/option><option value=\"Zermatt\">Zermatt<\/option><option value=\"St Moritz\">St Moritz<\/option><option value=\"Chamonix\">Chamonix<\/option><option value=\"Nendaz\">Nendaz<\/option><option value=\"Val d\u2019Is\u00e8re\">Val d\u2019Is\u00e8re<\/option><option value=\"M\u00e9ribel, Courchevel, La Tania\">M\u00e9ribel, Courchevel, La Tania<\/option><\/select><\/span> <\/label>\n\t<\/p>\n<\/div>\n<div class=\"input-wrap full\">\n\t<p><label> Your message<br \/>\n<span class=\"wpcf7-form-control-wrap\" data-name=\"your-message\"><textarea cols=\"40\" rows=\"10\" maxlength=\"2000\" class=\"wpcf7-form-control wpcf7-textarea\" aria-invalid=\"false\" name=\"your-message\"><\/textarea><\/span> <\/label>\n\t<\/p>\n<\/div>\n<input class=\"wpcf7-form-control wpcf7-hidden gclid\" id=\"gclid\" value=\"\" type=\"hidden\" name=\"gclid_cf7\" \/>\n<p><input class=\"wpcf7-form-control wpcf7-submit has-spinner\" type=\"submit\" value=\"Submit\" \/>\n<\/p><div class=\"wpcf7-response-output\" aria-hidden=\"true\"><\/div>\n<\/form>\n<\/div>\n<\/div>\n<\/div>\n\n\n\n<div class=\"wp-block-column es-panel es-panel-plain is-layout-flow wp-block-column-is-layout-flow\">\n<h2 class=\"wp-block-heading full-width\" id=\"h-call-or-email\">Rufen Sie an oder senden Sie eine E-Mail<\/h2>\n\n\n\n<p>Wir sind jeden Tag von 8 \u2013 19 Uhr und Sonntag bis 21 Uhr f\u00fcr Sie da, um Ihre Fragen zu beantworten und Ihre Buchungen anzunehmen.<\/p>\n\n\n\n<div class=\"wp-block-group contact-links\"><div class=\"wp-block-group__inner-container is-layout-constrained wp-block-group-is-layout-constrained\">\n<a href=\"tel:+41277716222\"><span class=\"material-symbols-outlined\">call<\/span><span class=\"phone-text\">+41 27 771 6222<\/span><\/a>\n\n\n\n<a href=\"mailto:info@europeansnowsport.com\"><span class=\"material-symbols-outlined\">mail<\/span><span class=\"call-text\">info@europeansnowsport.com<\/span><\/a>\n<\/div><\/div>\n\n\n\n<h2 class=\"wp-block-heading full-width\">Preise und Bedingungen<\/h2>\n\n\n\n<p>Unsere <a href=\"https:\/\/europeansnowsport.com\/de\/geschaftsbedingungen\/\">Allgemeinen Gesch\u00e4ftsbedingungen<\/a> gelten f\u00fcr alle Buchungen.<\/p>\n\n\n\n<div class=\"wp-block-buttons price-lists is-content-justification-center is-layout-flex wp-container-core-buttons-is-layout-16018d1d wp-block-buttons-is-layout-flex\">\n<div class=\"wp-block-button\"><a class=\"wp-block-button__link wp-element-button\" href=\"\/wp-content\/uploads\/ES-Price-List-Verbier.pdf\">Preise Verbier<\/a><\/div>\n\n\n\n<div class=\"wp-block-button\"><a class=\"wp-block-button__link wp-element-button\" href=\"\/wp-content\/uploads\/ES-Price-List-Zermatt.pdf\">Preise Zermatt<\/a><\/div>\n\n\n\n<div class=\"wp-block-button\"><a class=\"wp-block-button__link wp-element-button\" href=\"\/wp-content\/uploads\/ES-Price-List-St-Moritz.pdf\">Preise St Moritz<\/a><\/div>\n\n\n\n<div class=\"wp-block-button\"><a class=\"wp-block-button__link wp-element-button\" href=\"\/wp-content\/uploads\/ES-Price-List-Chamonix.pdf\">Preise Chamonix<\/a><\/div>\n\n\n\n<div class=\"wp-block-button\"><a class=\"wp-block-button__link wp-element-button\" href=\"\/wp-content\/uploads\/ES-Price-List-Nendaz.pdf\">Preise Nendaz<\/a><\/div>\n\n\n\n<div class=\"wp-block-button\"><a class=\"wp-block-button__link wp-element-button\" href=\"\/wp-content\/uploads\/ES-Price-List-Val-DIsere-Tignes.pdf\">Preise Val d\u2019Is\u00e8re<\/a><\/div>\n\n\n\n<div class=\"wp-block-button\"><a class=\"wp-block-button__link wp-element-button\" href=\"https:\/\/europeansnowsport.com\/wp-content\/uploads\/ES-Price-List-3-Vallees.pdf\">Preise 3 Vall\u00e9es<\/a><\/div>\n<\/div>\n<\/div>\n<\/div>\n<\/div><\/div>\n\n\n\n<div class=\"wp-block-group\"><div class=\"wp-block-group__inner-container is-layout-constrained wp-block-group-is-layout-constrained\">\n<div class=\"wp-block-columns is-layout-flex wp-container-core-columns-is-layout-9d6595d7 wp-block-columns-is-layout-flex\">\n<div class=\"wp-block-column is-layout-flow wp-block-column-is-layout-flow\">\n<h2 class=\"wp-block-heading full-width\" id=\"h-andere-optionen\">Andere Optionen<\/h2>\n\n\n\n<p>Wir sind stolz auf unseren herausragenden pers\u00f6nlichen Service, von Ihrer ersten Anfrage bis zur Gestaltung von Skistunden, die genau auf Ihre Anspr\u00fcche zugeschnitten sind. Darum empfehlen wir Ihnen, uns per E-Mail oder Telefon zu kontaktieren. Sie k\u00f6nnen aber nat\u00fcrlich auch online buchen:<\/p>\n\n\n\n<div class=\"wp-block-buttons is-content-justification-center is-layout-flex wp-container-core-buttons-is-layout-16018d1d wp-block-buttons-is-layout-flex\">\n<div class=\"wp-block-button\"><a class=\"wp-block-button__link wp-element-button\" href=\"https:\/\/esverbier.skischool.shop\/\">Verbier Buchen<\/a><\/div>\n\n\n\n<div class=\"wp-block-button\"><a class=\"wp-block-button__link wp-element-button\" href=\"https:\/\/eszermatt.skischool.shop\/\">Zermatt Buchen<\/a><\/div>\n\n\n\n<div class=\"wp-block-button\"><a class=\"wp-block-button__link wp-element-button\" href=\"https:\/\/esstmoritz.skischool.shop\/\">St Moritz Buchen<\/a><\/div>\n<\/div>\n<\/div>\n\n\n\n<div class=\"wp-block-column is-layout-flow wp-block-column-is-layout-flow\">\n<figure class=\"wp-block-image size-full es-fancy-image top-spacing\"><img loading=\"lazy\" decoding=\"async\" width=\"1000\" height=\"643\" src=\"https:\/\/europeansnowsport.com\/wp-content\/uploads\/Erik-1000x643-1.jpg\" alt=\"\" class=\"wp-image-27345\" srcset=\"https:\/\/europeansnowsport.com\/wp-content\/uploads\/Erik-1000x643-1.jpg 1000w, https:\/\/europeansnowsport.com\/wp-content\/uploads\/Erik-1000x643-1-300x193.jpg 300w, https:\/\/europeansnowsport.com\/wp-content\/uploads\/Erik-1000x643-1-768x494.jpg 768w, https:\/\/europeansnowsport.com\/wp-content\/uploads\/Erik-1000x643-1-500x322.jpg 500w, https:\/\/europeansnowsport.com\/wp-content\/uploads\/Erik-1000x643-1-800x514.jpg 800w\" sizes=\"auto, (max-width: 1000px) 100vw, 1000px\" \/><\/figure>\n<\/div>\n<\/div>\n<\/div><\/div>\n","protected":false},"excerpt":{"rendered":"<p>Beeintr\u00e4chtigungen \u00fcberwinden, um die Freiheit der Berge zu geniessen Das&nbsp;ES&nbsp;Adaptiv-Programm m\u00f6chte Menschen mit Behinderungen helfen, den Nervenkitzel und die Freiheit des Berges gemeinsam mit ihrer Familie und ihren Freunden zu erleben, egal ob sie Einschr\u00e4nkungen der Sinneswahrnehmungen, kognitive oder k\u00f6rperliche Einschr\u00e4nkungen haben.&nbsp;European Snowsport&nbsp;bietet allen Kunden einen einzigartigen Service; ob weniger begabt, behindert oder betagt. Unsere [&hellip;]<\/p>\n","protected":false},"author":32,"featured_media":0,"parent":0,"menu_order":0,"comment_status":"closed","ping_status":"closed","template":"","meta":{"_genesis_hide_title":false,"_genesis_hide_breadcrumbs":false,"_genesis_hide_singular_image":false,"_genesis_hide_footer_widgets":false,"_genesis_custom_body_class":"","_genesis_custom_post_class":"","_genesis_layout":"","footnotes":""},"class_list":{"0":"post-21494","1":"page","2":"type-page","3":"status-publish","5":"entry"},"yoast_head":"<!-- This site is optimized with the Yoast SEO Premium plugin v26.6 (Yoast SEO v26.6) - https:\/\/yoast.com\/wordpress\/plugins\/seo\/ -->\n<title>ES Adaptiv<\/title>\n<meta name=\"description\" content=\"Eine professionelle Zweigstelle unserer Skischule mit Sitz in Verbier f\u00fcr Menschen mit geistigen und k\u00f6rperlichen Einschr\u00e4nkungen. ES Adaptiv ist seit 2007 aktiv.\" \/>\n<meta name=\"robots\" content=\"index, follow, max-snippet:-1, max-image-preview:large, max-video-preview:-1\" \/>\n<link rel=\"canonical\" href=\"https:\/\/europeansnowsport.com\/de\/es-adaptiv\/\" \/>\n<meta property=\"og:locale\" content=\"de_DE\" \/>\n<meta property=\"og:type\" content=\"article\" \/>\n<meta property=\"og:title\" content=\"ES Adaptiv\" \/>\n<meta property=\"og:description\" content=\"Eine professionelle Zweigstelle unserer Skischule mit Sitz in Verbier f\u00fcr Menschen mit geistigen und k\u00f6rperlichen Einschr\u00e4nkungen. ES Adaptiv ist seit 2007 aktiv.\" \/>\n<meta property=\"og:url\" content=\"https:\/\/europeansnowsport.com\/de\/es-adaptiv\/\" \/>\n<meta property=\"og:site_name\" content=\"European Snowsport\" \/>\n<meta property=\"article:publisher\" content=\"https:\/\/www.facebook.com\/verbierskischool\/\" \/>\n<meta property=\"article:modified_time\" content=\"2023-09-26T13:19:29+00:00\" \/>\n<meta property=\"og:image\" content=\"https:\/\/europeansnowsport.com\/wp-content\/uploads\/Adaptive-team-and-equipment-2000w-letterbox.jpg\" \/>\n<meta name=\"twitter:card\" content=\"summary_large_image\" \/>\n<meta name=\"twitter:site\" content=\"@ESSkiSchool\" \/>\n<meta name=\"twitter:label1\" content=\"Gesch\u00e4tzte Lesezeit\" \/>\n\t<meta name=\"twitter:data1\" content=\"4 Minuten\" \/>\n<script type=\"application\/ld+json\" class=\"yoast-schema-graph\">{\"@context\":\"https:\/\/schema.org\",\"@graph\":[{\"@type\":\"WebPage\",\"@id\":\"https:\/\/europeansnowsport.com\/de\/es-adaptiv\/\",\"url\":\"https:\/\/europeansnowsport.com\/de\/es-adaptiv\/\",\"name\":\"ES Adaptiv\",\"isPartOf\":{\"@id\":\"https:\/\/europeansnowsport.com\/de\/#website\"},\"primaryImageOfPage\":{\"@id\":\"https:\/\/europeansnowsport.com\/de\/es-adaptiv\/#primaryimage\"},\"image\":{\"@id\":\"https:\/\/europeansnowsport.com\/de\/es-adaptiv\/#primaryimage\"},\"thumbnailUrl\":\"https:\/\/europeansnowsport.com\/wp-content\/uploads\/Adaptive-team-and-equipment-2000w-letterbox.jpg\",\"datePublished\":\"2019-10-11T13:50:36+00:00\",\"dateModified\":\"2023-09-26T13:19:29+00:00\",\"description\":\"Eine professionelle Zweigstelle unserer Skischule mit Sitz in Verbier f\u00fcr Menschen mit geistigen und k\u00f6rperlichen Einschr\u00e4nkungen. ES Adaptiv ist seit 2007 aktiv.\",\"breadcrumb\":{\"@id\":\"https:\/\/europeansnowsport.com\/de\/es-adaptiv\/#breadcrumb\"},\"inLanguage\":\"de-DE\",\"potentialAction\":[{\"@type\":\"ReadAction\",\"target\":[\"https:\/\/europeansnowsport.com\/de\/es-adaptiv\/\"]}]},{\"@type\":\"ImageObject\",\"inLanguage\":\"de-DE\",\"@id\":\"https:\/\/europeansnowsport.com\/de\/es-adaptiv\/#primaryimage\",\"url\":\"https:\/\/europeansnowsport.com\/wp-content\/uploads\/Adaptive-team-and-equipment-2000w-letterbox.jpg\",\"contentUrl\":\"https:\/\/europeansnowsport.com\/wp-content\/uploads\/Adaptive-team-and-equipment-2000w-letterbox.jpg\"},{\"@type\":\"BreadcrumbList\",\"@id\":\"https:\/\/europeansnowsport.com\/de\/es-adaptiv\/#breadcrumb\",\"itemListElement\":[{\"@type\":\"ListItem\",\"position\":1,\"name\":\"Home\",\"item\":\"https:\/\/europeansnowsport.com\/de\/\"},{\"@type\":\"ListItem\",\"position\":2,\"name\":\"ES Adaptiv\"}]},{\"@type\":\"WebSite\",\"@id\":\"https:\/\/europeansnowsport.com\/de\/#website\",\"url\":\"https:\/\/europeansnowsport.com\/de\/\",\"name\":\"European Snowsport\",\"description\":\"Outstanding, independent ski schools in Verbier, Zermatt, Nendaz, St Moritz and Chamonix\",\"publisher\":{\"@id\":\"https:\/\/europeansnowsport.com\/de\/#organization\"},\"potentialAction\":[{\"@type\":\"SearchAction\",\"target\":{\"@type\":\"EntryPoint\",\"urlTemplate\":\"https:\/\/europeansnowsport.com\/de\/?s={search_term_string}\"},\"query-input\":{\"@type\":\"PropertyValueSpecification\",\"valueRequired\":true,\"valueName\":\"search_term_string\"}}],\"inLanguage\":\"de-DE\"},{\"@type\":[\"Organization\",\"Place\",\"LocalBusiness\"],\"@id\":\"https:\/\/europeansnowsport.com\/de\/#organization\",\"name\":\"European Snowsport\",\"url\":\"https:\/\/europeansnowsport.com\/de\/\",\"logo\":{\"@id\":\"https:\/\/europeansnowsport.com\/de\/es-adaptiv\/#local-main-organization-logo\"},\"image\":{\"@id\":\"https:\/\/europeansnowsport.com\/de\/es-adaptiv\/#local-main-organization-logo\"},\"sameAs\":[\"https:\/\/www.facebook.com\/verbierskischool\/\",\"https:\/\/x.com\/ESSkiSchool\",\"https:\/\/www.instagram.com\/europeansnowsport\/\",\"https:\/\/www.linkedin.com\/company\/european-snowsport-ski-and-snowboard-school\",\"https:\/\/www.pinterest.ch\/SkiSchool\/\",\"https:\/\/www.youtube.com\/channel\/UCRNrr3rTgbMt8SeKpS673lQ\"],\"address\":{\"@id\":\"https:\/\/europeansnowsport.com\/de\/es-adaptiv\/#local-main-place-address\"},\"geo\":{\"@type\":\"GeoCoordinates\",\"latitude\":\"46.092474\",\"longitude\":\"7.233592\"},\"telephone\":[\"+41 27 771 6222\"],\"openingHoursSpecification\":[{\"@type\":\"OpeningHoursSpecification\",\"dayOfWeek\":[\"Monday\",\"Tuesday\",\"Wednesday\",\"Thursday\",\"Friday\",\"Saturday\"],\"opens\":\"08:00\",\"closes\":\"19:00\"},{\"@type\":\"OpeningHoursSpecification\",\"dayOfWeek\":[\"Sunday\"],\"opens\":\"08:00\",\"closes\":\"21:00\"}],\"email\":\"info@europeansnowsport.com\",\"faxNumber\":\"+41277716221\",\"priceRange\":\"CHF-CHF\"},{\"@type\":\"PostalAddress\",\"@id\":\"https:\/\/europeansnowsport.com\/de\/es-adaptiv\/#local-main-place-address\",\"streetAddress\":\"European Snowsport, Rue de M\u00e9dran\",\"addressLocality\":\"Bagnes\",\"postalCode\":\"1936\",\"addressCountry\":\"CH\"},{\"@type\":\"ImageObject\",\"inLanguage\":\"de-DE\",\"@id\":\"https:\/\/europeansnowsport.com\/de\/es-adaptiv\/#local-main-organization-logo\",\"url\":\"https:\/\/europeansnowsport.com\/wp-content\/uploads\/ESlogo400-1.jpg\",\"contentUrl\":\"https:\/\/europeansnowsport.com\/wp-content\/uploads\/ESlogo400-1.jpg\",\"width\":400,\"height\":400,\"caption\":\"European Snowsport\"}]}<\/script>\n<meta name=\"geo.placename\" content=\"Bagnes\" \/>\n<meta name=\"geo.position\" content=\"46.092474;7.233592\" \/>\n<meta name=\"geo.region\" content=\"Schweiz\" \/>\n<!-- \/ Yoast SEO Premium plugin. -->","yoast_head_json":{"title":"ES Adaptiv","description":"Eine professionelle Zweigstelle unserer Skischule mit Sitz in Verbier f\u00fcr Menschen mit geistigen und k\u00f6rperlichen Einschr\u00e4nkungen. ES Adaptiv ist seit 2007 aktiv.","robots":{"index":"index","follow":"follow","max-snippet":"max-snippet:-1","max-image-preview":"max-image-preview:large","max-video-preview":"max-video-preview:-1"},"canonical":"https:\/\/europeansnowsport.com\/de\/es-adaptiv\/","og_locale":"de_DE","og_type":"article","og_title":"ES Adaptiv","og_description":"Eine professionelle Zweigstelle unserer Skischule mit Sitz in Verbier f\u00fcr Menschen mit geistigen und k\u00f6rperlichen Einschr\u00e4nkungen. ES Adaptiv ist seit 2007 aktiv.","og_url":"https:\/\/europeansnowsport.com\/de\/es-adaptiv\/","og_site_name":"European Snowsport","article_publisher":"https:\/\/www.facebook.com\/verbierskischool\/","article_modified_time":"2023-09-26T13:19:29+00:00","og_image":[{"url":"https:\/\/europeansnowsport.com\/wp-content\/uploads\/Adaptive-team-and-equipment-2000w-letterbox.jpg","type":"","width":"","height":""}],"twitter_card":"summary_large_image","twitter_site":"@ESSkiSchool","twitter_misc":{"Gesch\u00e4tzte Lesezeit":"4 Minuten"},"schema":{"@context":"https:\/\/schema.org","@graph":[{"@type":"WebPage","@id":"https:\/\/europeansnowsport.com\/de\/es-adaptiv\/","url":"https:\/\/europeansnowsport.com\/de\/es-adaptiv\/","name":"ES Adaptiv","isPartOf":{"@id":"https:\/\/europeansnowsport.com\/de\/#website"},"primaryImageOfPage":{"@id":"https:\/\/europeansnowsport.com\/de\/es-adaptiv\/#primaryimage"},"image":{"@id":"https:\/\/europeansnowsport.com\/de\/es-adaptiv\/#primaryimage"},"thumbnailUrl":"https:\/\/europeansnowsport.com\/wp-content\/uploads\/Adaptive-team-and-equipment-2000w-letterbox.jpg","datePublished":"2019-10-11T13:50:36+00:00","dateModified":"2023-09-26T13:19:29+00:00","description":"Eine professionelle Zweigstelle unserer Skischule mit Sitz in Verbier f\u00fcr Menschen mit geistigen und k\u00f6rperlichen Einschr\u00e4nkungen. ES Adaptiv ist seit 2007 aktiv.","breadcrumb":{"@id":"https:\/\/europeansnowsport.com\/de\/es-adaptiv\/#breadcrumb"},"inLanguage":"de-DE","potentialAction":[{"@type":"ReadAction","target":["https:\/\/europeansnowsport.com\/de\/es-adaptiv\/"]}]},{"@type":"ImageObject","inLanguage":"de-DE","@id":"https:\/\/europeansnowsport.com\/de\/es-adaptiv\/#primaryimage","url":"https:\/\/europeansnowsport.com\/wp-content\/uploads\/Adaptive-team-and-equipment-2000w-letterbox.jpg","contentUrl":"https:\/\/europeansnowsport.com\/wp-content\/uploads\/Adaptive-team-and-equipment-2000w-letterbox.jpg"},{"@type":"BreadcrumbList","@id":"https:\/\/europeansnowsport.com\/de\/es-adaptiv\/#breadcrumb","itemListElement":[{"@type":"ListItem","position":1,"name":"Home","item":"https:\/\/europeansnowsport.com\/de\/"},{"@type":"ListItem","position":2,"name":"ES Adaptiv"}]},{"@type":"WebSite","@id":"https:\/\/europeansnowsport.com\/de\/#website","url":"https:\/\/europeansnowsport.com\/de\/","name":"European Snowsport","description":"Outstanding, independent ski schools in Verbier, Zermatt, Nendaz, St Moritz and Chamonix","publisher":{"@id":"https:\/\/europeansnowsport.com\/de\/#organization"},"potentialAction":[{"@type":"SearchAction","target":{"@type":"EntryPoint","urlTemplate":"https:\/\/europeansnowsport.com\/de\/?s={search_term_string}"},"query-input":{"@type":"PropertyValueSpecification","valueRequired":true,"valueName":"search_term_string"}}],"inLanguage":"de-DE"},{"@type":["Organization","Place","LocalBusiness"],"@id":"https:\/\/europeansnowsport.com\/de\/#organization","name":"European Snowsport","url":"https:\/\/europeansnowsport.com\/de\/","logo":{"@id":"https:\/\/europeansnowsport.com\/de\/es-adaptiv\/#local-main-organization-logo"},"image":{"@id":"https:\/\/europeansnowsport.com\/de\/es-adaptiv\/#local-main-organization-logo"},"sameAs":["https:\/\/www.facebook.com\/verbierskischool\/","https:\/\/x.com\/ESSkiSchool","https:\/\/www.instagram.com\/europeansnowsport\/","https:\/\/www.linkedin.com\/company\/european-snowsport-ski-and-snowboard-school","https:\/\/www.pinterest.ch\/SkiSchool\/","https:\/\/www.youtube.com\/channel\/UCRNrr3rTgbMt8SeKpS673lQ"],"address":{"@id":"https:\/\/europeansnowsport.com\/de\/es-adaptiv\/#local-main-place-address"},"geo":{"@type":"GeoCoordinates","latitude":"46.092474","longitude":"7.233592"},"telephone":["+41 27 771 6222"],"openingHoursSpecification":[{"@type":"OpeningHoursSpecification","dayOfWeek":["Monday","Tuesday","Wednesday","Thursday","Friday","Saturday"],"opens":"08:00","closes":"19:00"},{"@type":"OpeningHoursSpecification","dayOfWeek":["Sunday"],"opens":"08:00","closes":"21:00"}],"email":"info@europeansnowsport.com","faxNumber":"+41277716221","priceRange":"CHF-CHF"},{"@type":"PostalAddress","@id":"https:\/\/europeansnowsport.com\/de\/es-adaptiv\/#local-main-place-address","streetAddress":"European Snowsport, Rue de M\u00e9dran","addressLocality":"Bagnes","postalCode":"1936","addressCountry":"CH"},{"@type":"ImageObject","inLanguage":"de-DE","@id":"https:\/\/europeansnowsport.com\/de\/es-adaptiv\/#local-main-organization-logo","url":"https:\/\/europeansnowsport.com\/wp-content\/uploads\/ESlogo400-1.jpg","contentUrl":"https:\/\/europeansnowsport.com\/wp-content\/uploads\/ESlogo400-1.jpg","width":400,"height":400,"caption":"European Snowsport"}]},"geo.placename":"Bagnes","geo.position":{"lat":"46.092474","long":"7.233592"},"geo.region":"Schweiz"},"featured_image_src":null,"featured_image_src_square":null,"_links":{"self":[{"href":"https:\/\/europeansnowsport.com\/de\/wp-json\/wp\/v2\/pages\/21494","targetHints":{"allow":["GET"]}}],"collection":[{"href":"https:\/\/europeansnowsport.com\/de\/wp-json\/wp\/v2\/pages"}],"about":[{"href":"https:\/\/europeansnowsport.com\/de\/wp-json\/wp\/v2\/types\/page"}],"author":[{"embeddable":true,"href":"https:\/\/europeansnowsport.com\/de\/wp-json\/wp\/v2\/users\/32"}],"replies":[{"embeddable":true,"href":"https:\/\/europeansnowsport.com\/de\/wp-json\/wp\/v2\/comments?post=21494"}],"version-history":[{"count":0,"href":"https:\/\/europeansnowsport.com\/de\/wp-json\/wp\/v2\/pages\/21494\/revisions"}],"wp:attachment":[{"href":"https:\/\/europeansnowsport.com\/de\/wp-json\/wp\/v2\/media?parent=21494"}],"curies":[{"name":"wp","href":"https:\/\/api.w.org\/{rel}","templated":true}]}}